{"id":162354,"date":"2023-11-22T15:03:11","date_gmt":"2023-11-22T15:03:11","guid":{"rendered":"https:\/\/sunyouth.org\/?page_id=162354"},"modified":"2024-11-21T11:10:13","modified_gmt":"2024-11-21T16:10:13","slug":"esprit-des-fetes","status":"publish","type":"page","link":"https:\/\/sunyouth.org\/fr\/esprit-des-fetes\/","title":{"rendered":"B\u00e2tir l&rsquo;Esprit des F\u00eates"},"content":{"rendered":"<div class=\"wpb-content-wrapper\"><p>[vc_row full_width=\u00a0\u00bbstretch_row\u00a0\u00bb full_height=\u00a0\u00bbyes\u00a0\u00bb content_placement=\u00a0\u00bbmiddle\u00a0\u00bb el_class=\u00a0\u00bbdonation-section give-away-section home-sec-slide winter-2021-header\u00a0\u00bb css=\u00a0\u00bb.vc_custom_1701194279408{margin-bottom: 0px !important;background-image: url(https:\/\/sunyouth.org\/wp-content\/uploads\/2023\/11\/Anna-web-page.jpeg?id=162184) !important;background-position: center !important;background-repeat: no-repeat !important;background-size: cover !important;}\u00a0\u00bb background_image_mobile=\u00a0\u00bb162433&Prime; mobile_padding_top=\u00a0\u00bb175&Prime;][vc_column width=\u00a0\u00bb1\/2&Prime; css_animation=\u00a0\u00bbnone\u00a0\u00bb el_class=\u00a0\u00bbhome-section3-column\u00a0\u00bb][\/vc_column][vc_column width=\u00a0\u00bb1\/2&Prime;][vc_custom_heading text=\u00a0\u00bbB\u00e2tir l&rsquo;Esprit<br \/>\ndes F\u00eates\u00a0\u00bb font_container=\u00a0\u00bbtag:h2|font_size:70|text_align:left|color:%23ffffff|line_height:10px\u00a0\u00bb use_theme_fonts=\u00a0\u00bbyes\u00a0\u00bb css_animation=\u00a0\u00bbnone\u00a0\u00bb el_class=\u00a0\u00bbhome-section3-h2&Prime;][vc_column_text css=\u00a0\u00bb.vc_custom_1700683740641{margin-bottom: 30px !important;}\u00a0\u00bb el_class=\u00a0\u00bbtino-p header-t-u-txt\u00a0\u00bb]<strong><span style=\"color: #ffffff;\">L\u2019ann\u00e9e derni\u00e8re, plus de 19\u2009000 personnes ont re\u00e7u des paniers de No\u00ebl de Jeunesse au Soleil. Ce nombre augmentera probablement cette ann\u00e9e, car la situation s\u2019aggrave partout. Ces personnes ont vraiment besoin de vous. Toute votre communaut\u00e9 a besoin de vous.<br \/>\n<\/span><\/strong>[\/vc_column_text][vc_btn title=\u00a0\u00bbDonnez\u00a0\u00bb link=\u00a0\u00bburl:https%3A%2F%2Fwww.jedonneenligne.org%2Fjeunesseausoleil-sunyouth%2F23H11-RS%2F%3Flng%3D0&Prime; el_class=\u00a0\u00bbbecome-partner-btn header-t-u-btn\u00a0\u00bb][\/vc_column][\/vc_row][vc_row full_width=\u00a0\u00bbstretch_row\u00a0\u00bb css=\u00a0\u00bb.vc_custom_1637860800653{margin-bottom: 0px !important;padding-top: 60px !important;padding-bottom: 60px !important;background-color: #f5f5f5 !important;background-position: center !important;background-repeat: no-repeat !important;background-size: cover !important;}\u00a0\u00bb][vc_column width=\u00a0\u00bb1\/4&Prime;][\/vc_column][vc_column width=\u00a0\u00bb1\/2&Prime;][vc_column_text css_animation=\u00a0\u00bbfadeIn\u00a0\u00bb]<span style=\"color: #000000; font-size: 18px; line-height: 25px;\">En tant que b\u00e9n\u00e9vole pour la banque alimentaire de Jeunesse au Soleil, Anna Stabile est confront\u00e9e chaque jour au probl\u00e8me de la pauvret\u00e9 \u00e0 Montr\u00e9al, et ce qu\u2019elle voit, ce sont des personnes, pas des statistiques.<\/span><\/p>\n<p><span style=\"color: #000000; font-size: 18px; line-height: 25px;\">\u00ab Les personnes qui viennent \u00e0 Jeunesse au Soleil viennent de tous les horizons \u00bb, d\u00e9clare Stabile. \u00ab Il y a de jeunes familles avec des enfants. Il y a des personnes \u00e2g\u00e9es et pas mal d\u2019\u00e9tudiants. \u00bb<br \/>\n<\/span><\/p>\n<p><span style=\"color: #000000; font-size: 18px; line-height: 25px;\">Infirmi\u00e8re \u00e0 la retraite, Mme Stabile a commenc\u00e9 \u00e0 faire du b\u00e9n\u00e9volat pour Jeunesse au Soleil juste avant la pand\u00e9mie de COVID-19. En tant qu\u2019infirmi\u00e8re, elle a pass\u00e9 sa longue carri\u00e8re \u00e0 aider les gens, mais elle trouve que faire du b\u00e9n\u00e9volat \u00e0 Jeunesse au Soleil est encore plus gratifiant.<\/span>[\/vc_column_text][vc_column_text css=\u00a0\u00bb.vc_custom_1700684516946{padding-top: 40px !important;padding-right: 40px !important;padding-bottom: 40px !important;padding-left: 40px !important;background-color: #f5f5f5 !important;}\u00a0\u00bb css_animation=\u00a0\u00bbfadeIn\u00a0\u00bb]<span style=\"color: #000000; font-size: 18px; line-height: 25px;\"><strong>\u00ab J\u2019\u00e9tais infirmi\u00e8re et j\u2019aimais ce que je faisais, mais cela restait un travail. Le b\u00e9n\u00e9volat est diff\u00e9rent. Personne ne vous pousse \u00e0 le faire \u00bb, ajoute-t-elle. \u00ab Vous \u00eates l\u00e0 parce que vous le voulez. Il est tr\u00e8s important que les gens r\u00e9alisent leur chance et qu\u2019ils partagent cette chance avec ceux qui ont moins qu\u2019eux. \u00bb <\/strong><\/span>[\/vc_column_text][vc_column_text css_animation=\u00a0\u00bbfadeIn\u00a0\u00bb]<span style=\"color: #000000; font-size: 18px; line-height: 25px;\">La plupart des personnes qu\u2019elle rencontre \u00e0 la banque alimentaire de Jeunesse au Soleil sont des nouveaux arrivants \u00e0 Montr\u00e9al, souvent des r\u00e9fugi\u00e9s qui ont peu d\u2019argent et peu de ressources, et qui n\u2019ont pas les permis n\u00e9cessaires pour travailler au Qu\u00e9bec.<\/span><\/p>\n<p><span style=\"color: #000000; font-size: 18px; line-height: 25px;\">\u00ab C\u2019est peut-\u00eatre l\u2019une de leurs seules sources de nourriture et, compte tenu des loyers qu\u2019ils paient aujourd\u2019hui, j\u2019ai du mal \u00e0 croire qu\u2019ils puissent joindre les deux bouts.<\/span>[\/vc_column_text][vc_empty_space][\/vc_column][vc_column width=\u00a0\u00bb1\/4&Prime;][\/vc_column][\/vc_row][vc_row full_width=\u00a0\u00bbstretch_row\u00a0\u00bb thegem_featured_image_for_bg_active=\u00a0\u00bbtrue\u00a0\u00bb css=\u00a0\u00bb.vc_custom_1700742309412{margin-bottom: 0px !important;padding-top: 160px !important;padding-bottom: 160px !important;background-image: url(https:\/\/sunyouth.org\/wp-content\/uploads\/2023\/11\/Anna-web-page.jpeg?id=162184) !important;background-position: center !important;background-repeat: no-repeat !important;background-size: cover !important;}\u00a0\u00bb el_class=\u00a0\u00bbsy-do-beta-scroll json-page-slide-3&Prime; background_image_mobile=\u00a0\u00bb162217&Prime;][vc_column width=\u00a0\u00bb1\/4&Prime;][\/vc_column][vc_column width=\u00a0\u00bb3\/4&Prime;][vc_column_text css_animation=\u00a0\u00bbfadeIn\u00a0\u00bb]<span style=\"color: #fff; font-size: 30px; line-height: 43px;\"><em>\u00ab C\u2019est peut-\u00eatre l\u2019une de leurs seules sources de nourriture et, compte tenu des loyers qu\u2019ils paient aujourd\u2019hui, j\u2019ai du mal \u00e0 croire qu\u2019ils puissent joindre les deux bouts. \u00bb<\/em><\/span><\/p>\n<p><span style=\"color: #fff; font-size: 30px; line-height: 43px;\"><em><strong>&#8211; Anna Stabile<\/strong><\/em><\/span>[\/vc_column_text][\/vc_column][\/vc_row][vc_row css=\u00a0\u00bb.vc_custom_1700501017097{margin-bottom: 0px !important;padding-top: 60px !important;padding-bottom: 60px !important;}\u00a0\u00bb][vc_column width=\u00a0\u00bb1\/4&Prime;][\/vc_column][vc_column width=\u00a0\u00bb1\/2&Prime;][vc_column_text css_animation=\u00a0\u00bbfadeIn\u00a0\u00bb]<span style=\"color: #000000; font-size: 18px; line-height: 25px;\"><strong>Mme Stabile explique que les gens semblent plus nombreux que jamais \u00e0 venir \u00e0 la banque alimentaire, et qu\u2019elle y remarque des visages familiers. Au fil du temps, elle apprend \u00e0 conna\u00eetre leur histoire.<br \/>\n<\/strong> <\/span><\/p>\n<p><span style=\"color: #000000; font-size: 18px; line-height: 25px;\">\u00ab Un jour, une m\u00e8re et ses deux enfants revenaient chercher de la nourriture, et l\u2019un des enfants m\u2019a remis un petit dessin avec mon nom dessus : \u201cMerci, Anna, pour ton aide avec la nourriture et les v\u00eatements. Vous avez \u00e9t\u00e9 tr\u00e8s gentille avec nous.\u201d J\u2019ai \u00e9t\u00e9 tr\u00e8s touch\u00e9e. \u00bb<\/span><\/p>\n<p><span style=\"color: #000000; font-size: 18px; line-height: 25px;\">L&rsquo;imagination d&rsquo;Anna ne lui joue pas de tours; la banque alimentaire est plus occup\u00e9e qu\u2019avant! Selon le dernier rapport annuel de Jeunesse au Soleil, de plus en plus de Montr\u00e9alais sont gravement touch\u00e9s par l\u2019inflation et la p\u00e9nurie de logements. En cons\u00e9quence, le nombre total de b\u00e9n\u00e9ficiaires des services de l\u2019organisation a augment\u00e9 de pr\u00e8s d\u2019un tiers l\u2019ann\u00e9e derni\u00e8re, pour atteindre un peu moins de 90\u2009000 personnes, contre 68\u2009000 l\u2019ann\u00e9e pr\u00e9c\u00e9dente.<br \/>\n<\/span><\/p>\n<p><span style=\"color: #000000; font-size: 18px; line-height: 25px;\">\u00ab\u00a0Les temps sont durs, non seulement pour les familles touch\u00e9es par l\u2019\u00e9tat de l\u2019\u00e9conomie, mais aussi pour toutes les organisations qui essaient d\u2019aider la communaut\u00e9 et qui sont \u00e0 bout de souffle\u00a0\u00bb, a d\u00e9clar\u00e9 Ernie Rosa, directeur int\u00e9rimaire des services d\u2019urgence de Jeunesse au Soleil. C\u2019est tr\u00e8s difficile pour nos employ\u00e9s et nos b\u00e9n\u00e9voles de devoir dire\u00a0: \u201cNon, je suis d\u00e9sol\u00e9, nous n\u2019avons plus de manteaux d\u2019hiver, nous n\u2019avons pas assez de v\u00eatements\u201d.\u00a0\u00bb<\/span><\/p>\n<p><span style=\"color: #000000; font-size: 18px; line-height: 25px;\">L\u2019activit\u00e9 est encore plus intense pendant le Temps des F\u00eates, lorsque Jeunesse au Soleil se pr\u00e9pare \u00e0 distribuer des paniers de No\u00ebl. La banque alimentaire reste ouverte sept jours sur sept pendant les semaines pr\u00e9c\u00e9dant les f\u00eates et des b\u00e9n\u00e9voles de longue date comme M<sup>me<\/sup>\u00a0Stabile aident les groupes d\u2019entreprises et d\u2019autres personnes qui viennent pr\u00eater main-forte dans ce contexte de forte demande.<\/span>[\/vc_column_text]<div class=\"gem-youtube gem-wrapbox gem-wrapbox-style-no-style rounded-corners gem-wrapbox-position-below\" style=\"width: 100%;\"><div class=\"gem-wrapbox-inner gem-ratio-style\" style=\"padding-top: 56.25%\"><iframe class=\"gem-wrapbox-element img-responsive\" width=\"100%\" height=\"300\" allowfullscreen=\"allowfullscreen\" frameborder=\"0\" scrolling=\"no\" marginheight=\"0\" marginwidth=\"0\" src=\"\/\/www.youtube.com\/embed\/fwDDcvEGApo?rel=0&amp;wmode=opaque\"><\/iframe><\/div><\/div>[\/vc_column][vc_column width=\u00a0\u00bb1\/4&Prime;][\/vc_column][\/vc_row][vc_row full_width=\u00a0\u00bbstretch_row\u00a0\u00bb thegem_featured_image_for_bg_active=\u00a0\u00bbtrue\u00a0\u00bb css=\u00a0\u00bb.vc_custom_1700742328516{margin-bottom: 0px !important;padding-top: 160px !important;padding-bottom: 160px !important;background-image: url(https:\/\/sunyouth.org\/wp-content\/uploads\/2023\/11\/Anna-web-page.jpeg?id=162184) !important;background-position: center !important;background-repeat: no-repeat !important;background-size: cover !important;}\u00a0\u00bb el_class=\u00a0\u00bbsy-do-beta-scroll json-page-slide-3&Prime; background_image_mobile=\u00a0\u00bb162217&Prime;][vc_column width=\u00a0\u00bb1\/4&Prime;][\/vc_column][vc_column width=\u00a0\u00bb3\/4&Prime;][vc_column_text css_animation=\u00a0\u00bbfadeIn\u00a0\u00bb]<span style=\"color: #fff; font-size: 30px; line-height: 43px;\"><em>\u00ab C\u2019est une p\u00e9riode de l\u2019ann\u00e9e extr\u00eamement charg\u00e9e, mais la banque alimentaire est pleine de vie, de musique et de gens heureux. Parfois, ce peut \u00eatre intense, mais on voit la joie que l\u2019on apporte aux personnes qui ont besoin d\u2019aide. \u00bb<\/em><\/span><\/p>\n<p><span style=\"color: #fff; font-size: 30px; line-height: 43px;\"><em><strong>&#8211; Anna Stabile<\/strong><\/em><\/span>[\/vc_column_text][\/vc_column][\/vc_row][vc_row css=\u00a0\u00bb.vc_custom_1637860828934{margin-bottom: 0px !important;padding-top: 60px !important;padding-bottom: 60px !important;}\u00a0\u00bb][vc_column width=\u00a0\u00bb1\/4&Prime;][\/vc_column][vc_column width=\u00a0\u00bb1\/2&Prime;][vc_column_text css_animation=\u00a0\u00bbfadeIn\u00a0\u00bb]<span style=\"color: #000000; font-size: 18px; line-height: 25px;\"><strong>Selon Ernie Rosa, sans ses b\u00e9n\u00e9voles, Jeunesse au Soleil ne serait pas en mesure de mettre en \u0153uvre ses principaux programmes ou activit\u00e9s sp\u00e9ciales au profit de la communaut\u00e9. Au cours de l\u2019ann\u00e9e \u00e9coul\u00e9e, plus de 2\u2009000 b\u00e9n\u00e9voles ont consacr\u00e9 un total de 36\u2009254 heures \u00e0 l\u2019organisation. La valeur de ce temps b\u00e9n\u00e9vole s\u2019\u00e9l\u00e8ve \u00e0 plus d\u2019un demi-million de dollars.<\/strong><\/span><\/p>\n<p><span style=\"color: #000000; font-size: 18px; line-height: 25px;\">\u00ab Nous ne serions pas en mesure de servir tous ces gens si nous n\u2019avions pas un grand nombre de b\u00e9n\u00e9voles d\u00e9vou\u00e9s comme Anna, qui viennent chaque semaine \u00bb, ajoute Rosa. \u00ab Pendant la p\u00e9riode de No\u00ebl, un grand nombre d\u2019entreprises viennent nous aider, et elles jouent un r\u00f4le essentiel, masis gr\u00e2ce \u00e0 l\u2019aide d\u2019anciens professionnels comme Anna, qui nous donnent ces heures chaque semaine, nous passons au niveau sup\u00e9rieur. \u00bb<br \/>\n<\/span><\/p>\n<p><span style=\"color: #000000; font-size: 18px; line-height: 25px;\">Ce qui motive Mme Stabile \u00e0 faire du b\u00e9n\u00e9volat, c\u2019est simplement le d\u00e9sir de partager un peu de sa chance avec les autres. Elle pense que de nombreux Montr\u00e9alais ne r\u00e9alisent pas \u00e0 quel point ils sont bien lotis.<\/span><\/p>\n<p><span style=\"color: #000000; font-size: 18px; line-height: 25px;\">\u00ab L\u2019ann\u00e9e derni\u00e8re, plus de 19\u2009000 personnes ont re\u00e7u des paniers de No\u00ebl de Jeunesse au Soleil \u00bb, a-t-elle indiqu\u00e9. \u00ab Ce nombre augmentera probablement cette ann\u00e9e, car la situation s\u2019aggrave partout. Ces personnes ont vraiment besoin de vous. Toute votre communaut\u00e9 a besoin de vous. \u00bb<\/span>[\/vc_column_text][\/vc_column][vc_column width=\u00a0\u00bb1\/4&Prime;][\/vc_column][\/vc_row][vc_row][vc_column][vc_row_inner][vc_column_inner width=\u00a0\u00bb1\/3&Prime;][\/vc_column_inner][vc_column_inner width=\u00a0\u00bb1\/3&Prime;][vc_column_text css=\u00a0\u00bb\u00a0\u00bb]<span style=\"color: #000000;\"><strong>Lire l&rsquo;histoire de Tony\u00a0<\/strong><\/span>[\/vc_column_text][\/vc_column_inner][vc_column_inner width=\u00a0\u00bb1\/3&Prime;][\/vc_column_inner][\/vc_row_inner][vc_single_image image=\u00a0\u00bb167065&Prime; img_size=\u00a0\u00bb970&#215;250&Prime; alignment=\u00a0\u00bbcenter\u00a0\u00bb onclick=\u00a0\u00bbcustom_link\u00a0\u00bb css=\u00a0\u00bb\u00a0\u00bb link=\u00a0\u00bbhttps:\/\/sunyouth.org\/fr\/tony-mohammed\/\u00a0\u00bb][\/vc_column][\/vc_row][vc_row css=\u00a0\u00bb.vc_custom_1638210545164{padding-top: 40px !important;padding-bottom: 0px !important;}\u00a0\u00bb][vc_column][vc_row_inner][vc_column_inner width=\u00a0\u00bb1\/4&Prime;][\/vc_column_inner][vc_column_inner width=\u00a0\u00bb1\/2&Prime;][vc_empty_space height=\u00a0\u00bb15px\u00a0\u00bb][vc_column_text]<span style=\"color: #000000;\"><strong>Lire l&rsquo;histoire de Dimitri<br \/>\n<\/strong><\/span>[\/vc_column_text][\/vc_column_inner][vc_column_inner width=\u00a0\u00bb1\/4&Prime;][\/vc_column_inner][\/vc_row_inner][vc_single_image image=\u00a0\u00bb162222&Prime; img_size=\u00a0\u00bbfull\u00a0\u00bb alignment=\u00a0\u00bbcenter\u00a0\u00bb onclick=\u00a0\u00bbcustom_link\u00a0\u00bb img_link_target=\u00a0\u00bb_blank\u00a0\u00bb link=\u00a0\u00bbhttps:\/\/sunyouth.org\/fr\/campagne-automnale-2023-dimitri\/\u00a0\u00bb][vc_row_inner][vc_column_inner width=\u00a0\u00bb1\/4&Prime;][\/vc_column_inner][vc_column_inner width=\u00a0\u00bb1\/2&Prime;][vc_empty_space height=\u00a0\u00bb15px\u00a0\u00bb][vc_column_text]<span style=\"color: #000000;\"><strong>Lire l&rsquo;histoire de Lucy<\/strong><\/span>[\/vc_column_text][\/vc_column_inner][vc_column_inner width=\u00a0\u00bb1\/4&Prime;][\/vc_column_inner][\/vc_row_inner][vc_single_image image=\u00a0\u00bb162114&Prime; img_size=\u00a0\u00bbfull\u00a0\u00bb alignment=\u00a0\u00bbcenter\u00a0\u00bb onclick=\u00a0\u00bbcustom_link\u00a0\u00bb img_link_target=\u00a0\u00bb_blank\u00a0\u00bb link=\u00a0\u00bbhttps:\/\/sunyouth.org\/fr\/campagne-estivale-2023\/\u00a0\u00bb][vc_row_inner][vc_column_inner width=\u00a0\u00bb1\/4&Prime;][\/vc_column_inner][vc_column_inner width=\u00a0\u00bb1\/2&Prime;][vc_empty_space height=\u00a0\u00bb15px\u00a0\u00bb][vc_column_text]<strong>Lire l&rsquo;histoire de Fernando<\/strong>[\/vc_column_text][\/vc_column_inner][vc_column_inner width=\u00a0\u00bb1\/4&Prime;][\/vc_column_inner][\/vc_row_inner][vc_single_image image=\u00a0\u00bb159864&Prime; img_size=\u00a0\u00bbfull\u00a0\u00bb alignment=\u00a0\u00bbcenter\u00a0\u00bb onclick=\u00a0\u00bbcustom_link\u00a0\u00bb link=\u00a0\u00bbhttps:\/\/sunyouth.org\/fr\/winter-campaign-2022-fernando\/\u00a0\u00bb][vc_row_inner][vc_column_inner width=\u00a0\u00bb1\/4&Prime;][\/vc_column_inner][vc_column_inner width=\u00a0\u00bb1\/2&Prime;][vc_empty_space height=\u00a0\u00bb15px\u00a0\u00bb][vc_column_text]<span style=\"color: #000000;\"><strong>Lire l&rsquo;histoire d&rsquo;Alex<\/strong><\/span>[\/vc_column_text][\/vc_column_inner][vc_column_inner width=\u00a0\u00bb1\/4&Prime;][\/vc_column_inner][\/vc_row_inner][vc_single_image image=\u00a0\u00bb159854&Prime; img_size=\u00a0\u00bbfull\u00a0\u00bb alignment=\u00a0\u00bbcenter\u00a0\u00bb onclick=\u00a0\u00bbcustom_link\u00a0\u00bb link=\u00a0\u00bbhttps:\/\/sunyouth.org\/fr\/winter-campaign-2022-alex\/\u00a0\u00bb][vc_row_inner][vc_column_inner width=\u00a0\u00bb1\/4&Prime;][\/vc_column_inner][vc_column_inner width=\u00a0\u00bb1\/2&Prime;][vc_empty_space height=\u00a0\u00bb15px\u00a0\u00bb][vc_column_text]<span style=\"color: #000000;\"><strong>Lire l&rsquo;histoire de Jason<\/strong><\/span>[\/vc_column_text][\/vc_column_inner][vc_column_inner width=\u00a0\u00bb1\/4&Prime;][\/vc_column_inner][\/vc_row_inner][vc_single_image image=\u00a0\u00bb162101&Prime; img_size=\u00a0\u00bbfull\u00a0\u00bb alignment=\u00a0\u00bbcenter\u00a0\u00bb onclick=\u00a0\u00bbcustom_link\u00a0\u00bb link=\u00a0\u00bbhttps:\/\/sunyouth.org\/fr\/jason-sandie\/\u00a0\u00bb][vc_row_inner][vc_column_inner width=\u00a0\u00bb1\/4&Prime;][\/vc_column_inner][vc_column_inner width=\u00a0\u00bb1\/2&Prime;][vc_empty_space height=\u00a0\u00bb15px\u00a0\u00bb][vc_column_text]<span style=\"color: #000000;\"><strong>Lire l&rsquo;histoire de Fran\u00e7ois<\/strong><\/span>[\/vc_column_text][\/vc_column_inner][vc_column_inner width=\u00a0\u00bb1\/4&Prime;][\/vc_column_inner][\/vc_row_inner][vc_single_image image=\u00a0\u00bb162097&Prime; img_size=\u00a0\u00bbfull\u00a0\u00bb alignment=\u00a0\u00bbcenter\u00a0\u00bb onclick=\u00a0\u00bbcustom_link\u00a0\u00bb link=\u00a0\u00bbhttps:\/\/sunyouth.org\/fr\/campagne-des-fetes-2021-francois\/\u00a0\u00bb][vc_row_inner][vc_column_inner width=\u00a0\u00bb1\/4&Prime;][\/vc_column_inner][vc_column_inner width=\u00a0\u00bb1\/2&Prime;][vc_empty_space height=\u00a0\u00bb15px\u00a0\u00bb][vc_column_text]<span style=\"color: #000000;\"><strong>Lire l&rsquo;histoire de Charles<\/strong><\/span>[\/vc_column_text][\/vc_column_inner][vc_column_inner width=\u00a0\u00bb1\/4&Prime;][\/vc_column_inner][\/vc_row_inner][vc_single_image image=\u00a0\u00bb162105&Prime; img_size=\u00a0\u00bbfull\u00a0\u00bb alignment=\u00a0\u00bbcenter\u00a0\u00bb onclick=\u00a0\u00bbcustom_link\u00a0\u00bb link=\u00a0\u00bbhttps:\/\/sunyouth.org\/fr\/campagne-des-fetes-2021-charles\/\u00a0\u00bb][vc_row_inner][vc_column_inner width=\u00a0\u00bb1\/4&Prime;][\/vc_column_inner][vc_column_inner width=\u00a0\u00bb1\/2&Prime;][vc_empty_space height=\u00a0\u00bb15px\u00a0\u00bb][vc_column_text]<span style=\"color: #000000;\"><strong>Lire l&rsquo;histoire de Lisa-M\u00e9lanie<\/strong><\/span>[\/vc_column_text][\/vc_column_inner][vc_column_inner width=\u00a0\u00bb1\/4&Prime;][\/vc_column_inner][\/vc_row_inner][vc_single_image image=\u00a0\u00bb162109&Prime; img_size=\u00a0\u00bbfull\u00a0\u00bb alignment=\u00a0\u00bbcenter\u00a0\u00bb onclick=\u00a0\u00bbcustom_link\u00a0\u00bb link=\u00a0\u00bbhttps:\/\/sunyouth.org\/fr\/lisa-mel\/\u00a0\u00bb][\/vc_column][\/vc_row][vc_row css=\u00a0\u00bb.vc_custom_1637860910739{margin-bottom: 0px !important;padding-top: 80px !important;padding-bottom: 170px !important;}\u00a0\u00bb el_class=\u00a0\u00bbsy-donation-page-section-3 winter-2021-section-3&Prime;][vc_column][vc_custom_heading text=\u00a0\u00bbPOURQUOI DONNER \u00c0<br \/>\nJEUNESSE AU SOLEIL\u00a0\u00bb font_container=\u00a0\u00bbtag:h3|font_size:40|text_align:center|color:%23000000|line_height:50px\u00a0\u00bb google_fonts=\u00a0\u00bbfont_family:Montserrat%20UltraLight%3Aregular|font_style:400%20regular%3A400%3Anormal\u00a0\u00bb css_animation=\u00a0\u00bbfadeIn\u00a0\u00bb][vc_empty_space][vc_row_inner css=\u00a0\u00bb.vc_custom_1636488573027{margin-bottom: 45px !important;}\u00a0\u00bb][vc_column_inner el_class=\u00a0\u00bbsy-donation-page-section-3-box1&Prime; width=\u00a0\u00bb1\/2&Prime;][vc_single_image image=\u00a0\u00bb156741&Prime; img_size=\u00a0\u00bbfull\u00a0\u00bb alignment=\u00a0\u00bbcenter\u00a0\u00bb css_animation=\u00a0\u00bbfadeIn\u00a0\u00bb][vc_custom_heading text=\u00a0\u00bbProgrammes sportifs\u00a0\u00bb font_container=\u00a0\u00bbtag:h6|font_size:25|text_align:center|color:%23000000&Prime; google_fonts=\u00a0\u00bbfont_family:Montserrat%20UltraLight%3Aregular|font_style:400%20regular%3A400%3Anormal\u00a0\u00bb css_animation=\u00a0\u00bbfadeIn\u00a0\u00bb][\/vc_column_inner][vc_column_inner el_class=\u00a0\u00bbsy-donation-page-section-3-box2&Prime; width=\u00a0\u00bb1\/2&Prime;][vc_single_image image=\u00a0\u00bb156739&Prime; img_size=\u00a0\u00bbfull\u00a0\u00bb alignment=\u00a0\u00bbcenter\u00a0\u00bb css_animation=\u00a0\u00bbfadeIn\u00a0\u00bb][vc_custom_heading text=\u00a0\u00bbTutorat\u00a0\u00bb font_container=\u00a0\u00bbtag:h6|font_size:25|text_align:center|color:%23000000&Prime; google_fonts=\u00a0\u00bbfont_family:Montserrat%20UltraLight%3Aregular|font_style:400%20regular%3A400%3Anormal\u00a0\u00bb css_animation=\u00a0\u00bbfadeIn\u00a0\u00bb][\/vc_column_inner][\/vc_row_inner][vc_row_inner css=\u00a0\u00bb.vc_custom_1636488579828{margin-bottom: 45px !important;}\u00a0\u00bb][vc_column_inner el_class=\u00a0\u00bbsy-donation-page-section-3-box3&Prime; width=\u00a0\u00bb1\/2&Prime;][vc_single_image image=\u00a0\u00bb156743&Prime; img_size=\u00a0\u00bbfull\u00a0\u00bb alignment=\u00a0\u00bbcenter\u00a0\u00bb css_animation=\u00a0\u00bbfadeIn\u00a0\u00bb][vc_custom_heading text=\u00a0\u00bbCamps de jour\u00a0\u00bb font_container=\u00a0\u00bbtag:h6|font_size:25|text_align:center|color:%23000000&Prime; google_fonts=\u00a0\u00bbfont_family:Montserrat%20UltraLight%3Aregular|font_style:400%20regular%3A400%3Anormal\u00a0\u00bb css_animation=\u00a0\u00bbfadeIn\u00a0\u00bb][\/vc_column_inner][vc_column_inner el_class=\u00a0\u00bbsy-donation-page-section-3-box4&Prime; width=\u00a0\u00bb1\/2&Prime;][vc_single_image image=\u00a0\u00bb156735&Prime; img_size=\u00a0\u00bbfull\u00a0\u00bb alignment=\u00a0\u00bbcenter\u00a0\u00bb css=\u00a0\u00bb.vc_custom_1627119107168{margin-top: 17px !important;}\u00a0\u00bb css_animation=\u00a0\u00bbfadeIn\u00a0\u00bb][vc_custom_heading text=\u00a0\u00bbMentorat social\u00a0\u00bb font_container=\u00a0\u00bbtag:h6|font_size:25|text_align:center|color:%23000000&Prime; google_fonts=\u00a0\u00bbfont_family:Montserrat%20UltraLight%3Aregular|font_style:400%20regular%3A400%3Anormal\u00a0\u00bb css_animation=\u00a0\u00bbfadeIn\u00a0\u00bb][\/vc_column_inner][\/vc_row_inner][vc_row_inner css=\u00a0\u00bb.vc_custom_1636488585050{margin-bottom: 45px !important;}\u00a0\u00bb][vc_column_inner el_class=\u00a0\u00bbsy-donation-page-section-3-box5&Prime; width=\u00a0\u00bb1\/2&Prime;][vc_single_image image=\u00a0\u00bb156737&Prime; img_size=\u00a0\u00bbfull\u00a0\u00bb alignment=\u00a0\u00bbcenter\u00a0\u00bb css_animation=\u00a0\u00bbfadeIn\u00a0\u00bb][vc_custom_heading text=\u00a0\u00bbAide aux personnes<br \/>\nsinistr\u00e9es\u00a0\u00bb font_container=\u00a0\u00bbtag:h6|font_size:25|text_align:center|color:%23000000&Prime; google_fonts=\u00a0\u00bbfont_family:Montserrat%20UltraLight%3Aregular|font_style:400%20regular%3A400%3Anormal\u00a0\u00bb css_animation=\u00a0\u00bbfadeIn\u00a0\u00bb][\/vc_column_inner][vc_column_inner el_class=\u00a0\u00bbsy-donation-page-section-3-box6&Prime; width=\u00a0\u00bb1\/2&Prime;][vc_single_image image=\u00a0\u00bb156733&Prime; img_size=\u00a0\u00bbfull\u00a0\u00bb alignment=\u00a0\u00bbcenter\u00a0\u00bb css_animation=\u00a0\u00bbfadeIn\u00a0\u00bb][vc_custom_heading text=\u00a0\u00bbAide aux victimes<br \/>\nde crime\u00a0\u00bb font_container=\u00a0\u00bbtag:h6|font_size:25|text_align:center|color:%23000000&Prime; google_fonts=\u00a0\u00bbfont_family:Montserrat%20UltraLight%3Aregular|font_style:400%20regular%3A400%3Anormal\u00a0\u00bb css_animation=\u00a0\u00bbfadeIn\u00a0\u00bb][\/vc_column_inner][\/vc_row_inner][vc_row_inner css=\u00a0\u00bb.vc_custom_1636488592151{margin-bottom: 45px !important;}\u00a0\u00bb][vc_column_inner el_class=\u00a0\u00bbsy-donation-page-section-3-box7&Prime; width=\u00a0\u00bb1\/2&Prime;][vc_single_image image=\u00a0\u00bb156727&Prime; img_size=\u00a0\u00bbfull\u00a0\u00bb alignment=\u00a0\u00bbcenter\u00a0\u00bb css=\u00a0\u00bb.vc_custom_1627119133076{margin-top: 17px !important;}\u00a0\u00bb css_animation=\u00a0\u00bbfadeIn\u00a0\u00bb][vc_custom_heading text=\u00a0\u00bbProgramme<br \/>\nm\u00e9dicaments\u00a0\u00bb font_container=\u00a0\u00bbtag:h6|font_size:25|text_align:center|color:%23000000&Prime; google_fonts=\u00a0\u00bbfont_family:Montserrat%20UltraLight%3Aregular|font_style:400%20regular%3A400%3Anormal\u00a0\u00bb css_animation=\u00a0\u00bbfadeIn\u00a0\u00bb][\/vc_column_inner][vc_column_inner el_class=\u00a0\u00bbsy-donation-page-section-3-box8&Prime; width=\u00a0\u00bb1\/2&Prime;][vc_single_image image=\u00a0\u00bb156729&Prime; img_size=\u00a0\u00bbfull\u00a0\u00bb alignment=\u00a0\u00bbcenter\u00a0\u00bb css_animation=\u00a0\u00bbfadeIn\u00a0\u00bb][vc_custom_heading text=\u00a0\u00bbPatrouille<br \/>\n\u00e0 v\u00e9lo\u00a0\u00bb font_container=\u00a0\u00bbtag:h6|font_size:25|text_align:center|color:%23000000&Prime; google_fonts=\u00a0\u00bbfont_family:Montserrat%20UltraLight%3Aregular|font_style:400%20regular%3A400%3Anormal\u00a0\u00bb css_animation=\u00a0\u00bbfadeIn\u00a0\u00bb][\/vc_column_inner][\/vc_row_inner][vc_row_inner][vc_column_inner width=\u00a0\u00bb1\/3&Prime;][\/vc_column_inner][vc_column_inner el_class=\u00a0\u00bbsy-donation-page-section-3-box9&Prime; width=\u00a0\u00bb1\/3&Prime;][vc_single_image image=\u00a0\u00bb156731&Prime; img_size=\u00a0\u00bbfull\u00a0\u00bb alignment=\u00a0\u00bbcenter\u00a0\u00bb css_animation=\u00a0\u00bbfadeIn\u00a0\u00bb][vc_custom_heading text=\u00a0\u00bbPotagers<br \/>\nurbains\u00a0\u00bb font_container=\u00a0\u00bbtag:h6|font_size:25|text_align:center|color:%23000000&Prime; google_fonts=\u00a0\u00bbfont_family:Montserrat%20UltraLight%3Aregular|font_style:400%20regular%3A400%3Anormal\u00a0\u00bb css_animation=\u00a0\u00bbfadeIn\u00a0\u00bb][\/vc_column_inner][vc_column_inner width=\u00a0\u00bb1\/3&Prime;][\/vc_column_inner][\/vc_row_inner][\/vc_column][\/vc_row][vc_row full_width=\u00a0\u00bbstretch_row\u00a0\u00bb css=\u00a0\u00bb.vc_custom_1636473006234{margin-bottom: 0px !important;padding-top: 200px !important;padding-bottom: 200px !important;background-color: #fedc2a !important;}\u00a0\u00bb el_class=\u00a0\u00bbsy-donation-page-section-6&Prime;][vc_column][vc_single_image image=\u00a0\u00bb156717&Prime; img_size=\u00a0\u00bbfull\u00a0\u00bb alignment=\u00a0\u00bbright\u00a0\u00bb el_class=\u00a0\u00bbsy-down-arrow-for-mobile-right\u00a0\u00bb][vc_custom_heading text=\u00a0\u00bbC&rsquo;est ici que\u00a0\u00bb font_container=\u00a0\u00bbtag:h4|font_size:55|text_align:center|color:%23000000&Prime; google_fonts=\u00a0\u00bbfont_family:Montserrat%20UltraLight%3Aregular|font_style:400%20regular%3A400%3Anormal\u00a0\u00bb css_animation=\u00a0\u00bbfadeIn\u00a0\u00bb][vc_custom_heading text=\u00a0\u00bbVOUS<br \/>\nPOUVEZ<br \/>\nAIDER\u00a0\u00bb font_container=\u00a0\u00bbtag:h3|font_size:130|text_align:center|color:%23000000|line_height:122px\u00a0\u00bb google_fonts=\u00a0\u00bbfont_family:Montserrat%20UltraLight%3Aregular|font_style:400%20regular%3A400%3Anormal\u00a0\u00bb css_animation=\u00a0\u00bbfadeIn\u00a0\u00bb][vc_empty_space][vc_single_image image=\u00a0\u00bb156753&Prime; img_size=\u00a0\u00bbfull\u00a0\u00bb alignment=\u00a0\u00bbcenter\u00a0\u00bb css_animation=\u00a0\u00bbfadeIn\u00a0\u00bb][vc_empty_space][vc_row_inner el_class=\u00a0\u00bbsy-donation-come-in-btns\u00a0\u00bb][vc_column_inner width=\u00a0\u00bb1\/3&Prime;][vc_btn title=\u00a0\u00bbFAIRE UN DON\u00a0\u00bb shape=\u00a0\u00bbround\u00a0\u00bb align=\u00a0\u00bbright\u00a0\u00bb css_animation=\u00a0\u00bbfadeIn\u00a0\u00bb link=\u00a0\u00bburl:https%3A%2F%2Fwww.imakeanonlinedonation.org%2Fjeunesseausoleil-sunyouth%2FXMASDON%2F|\u00a0\u00bb][\/vc_column_inner][vc_column_inner width=\u00a0\u00bb1\/3&Prime;][vc_btn title=\u00a0\u00bbFAIRE DU B\u00c9N\u00c9VOLAT\u00a0\u00bb shape=\u00a0\u00bbround\u00a0\u00bb align=\u00a0\u00bbcenter\u00a0\u00bb css_animation=\u00a0\u00bbfadeIn\u00a0\u00bb link=\u00a0\u00bburl:https%3A%2F%2Fsunyouth.org%2Ffr%2Fdevenir-benevole%2F|\u00a0\u00bb][\/vc_column_inner][vc_column_inner width=\u00a0\u00bb1\/3&Prime;][vc_btn title=\u00a0\u00bbSUIVEZ-NOUS\u00a0\u00bb shape=\u00a0\u00bbround\u00a0\u00bb align=\u00a0\u00bbleft\u00a0\u00bb css_animation=\u00a0\u00bbfadeIn\u00a0\u00bb link=\u00a0\u00bburl:%23|\u00a0\u00bb el_class=\u00a0\u00bbsy-share-this-btn\u00a0\u00bb][\/vc_column_inner][\/vc_row_inner][\/vc_column][\/vc_row]<\/p>\n<\/div>","protected":false},"excerpt":{"rendered":"<p>[vc_row full_width=\u00a0\u00bbstretch_row\u00a0\u00bb full_height=\u00a0\u00bbyes\u00a0\u00bb content_placement=\u00a0\u00bbmiddle\u00a0\u00bb el_class=\u00a0\u00bbdonation-section give-away-section home-sec-slide winter-2021-header\u00a0\u00bb css=\u00a0\u00bb.vc_custom_1701194279408{margin-bottom: 0px !important;background-image: url(https:\/\/sunyouth.org\/wp-content\/uploads\/2023\/11\/Anna-web-page.jpeg?id=162184) !important;background-position: center !important;background-repeat: no-repeat !important;background-size: cover !important;}\u00a0\u00bb background_image_mobile=\u00a0\u00bb162433&Prime; mobile_padding_top=\u00a0\u00bb175&Prime;][vc_column width=\u00a0\u00bb1\/2&Prime;&#8230;<\/p>\n","protected":false},"author":34,"featured_media":162184,"parent":0,"menu_order":0,"comment_status":"closed","ping_status":"closed","template":"","meta":{"_acf_changed":false,"_monsterinsights_skip_tracking":false,"_monsterinsights_sitenote_active":false,"_monsterinsights_sitenote_note":"","_monsterinsights_sitenote_category":0,"footnotes":""},"class_list":["post-162354","page","type-page","status-publish","has-post-thumbnail"],"acf":[],"yoast_head":"<!-- This site is optimized with the Yoast SEO plugin v27.4 - https:\/\/yoast.com\/product\/yoast-seo-wordpress\/ -->\n<title>B\u00e2tir l&#039;Esprit des F\u00eates - Jeunesse au soleil<\/title>\n<meta name=\"robots\" content=\"index, follow, max-snippet:-1, max-image-preview:large, max-video-preview:-1\" \/>\n<link rel=\"canonical\" href=\"https:\/\/sunyouth.org\/fr\/esprit-des-fetes\/\" \/>\n<meta property=\"og:locale\" content=\"fr_FR\" \/>\n<meta property=\"og:type\" content=\"article\" \/>\n<meta property=\"og:title\" content=\"B\u00e2tir l&#039;Esprit des F\u00eates - Jeunesse au soleil\" \/>\n<meta property=\"og:description\" content=\"[vc_row full_width=\u00a0\u00bbstretch_row\u00a0\u00bb full_height=\u00a0\u00bbyes\u00a0\u00bb content_placement=\u00a0\u00bbmiddle\u00a0\u00bb el_class=\u00a0\u00bbdonation-section give-away-section home-sec-slide winter-2021-header\u00a0\u00bb css=\u00a0\u00bb.vc_custom_1701194279408{margin-bottom: 0px !important;background-image: url(https:\/\/sunyouth.org\/wp-content\/uploads\/2023\/11\/Anna-web-page.jpeg?id=162184) !important;background-position: center !important;background-repeat: no-repeat !important;background-size: cover !important;}\u00a0\u00bb background_image_mobile=\u00a0\u00bb162433&Prime; mobile_padding_top=\u00a0\u00bb175&Prime;][vc_column width=\u00a0\u00bb1\/2&Prime;...\" \/>\n<meta property=\"og:url\" content=\"https:\/\/sunyouth.org\/fr\/esprit-des-fetes\/\" \/>\n<meta property=\"og:site_name\" content=\"Jeunesse au soleil\" \/>\n<meta property=\"article:modified_time\" content=\"2024-11-21T16:10:13+00:00\" \/>\n<meta property=\"og:image\" content=\"https:\/\/sunyouth.org\/wp-content\/uploads\/2022\/05\/Jason_header.jpg\" \/>\n<meta name=\"twitter:card\" content=\"summary_large_image\" \/>\n<meta name=\"twitter:image\" content=\"https:\/\/sunyouth.org\/wp-content\/uploads\/2022\/05\/Jason_header.jpg\" \/>\n<meta name=\"twitter:label1\" content=\"Dur\u00e9e de lecture estim\u00e9e\" \/>\n\t<meta name=\"twitter:data1\" content=\"7 minutes\" \/>\n<script type=\"application\/ld+json\" class=\"yoast-schema-graph\">{\"@context\":\"https:\\\/\\\/schema.org\",\"@graph\":[{\"@type\":\"WebPage\",\"@id\":\"https:\\\/\\\/sunyouth.org\\\/fr\\\/esprit-des-fetes\\\/\",\"url\":\"https:\\\/\\\/sunyouth.org\\\/fr\\\/esprit-des-fetes\\\/\",\"name\":\"B\u00e2tir l'Esprit des F\u00eates - Jeunesse au soleil\",\"isPartOf\":{\"@id\":\"https:\\\/\\\/sunyouth.org\\\/#website\"},\"primaryImageOfPage\":{\"@id\":\"https:\\\/\\\/sunyouth.org\\\/fr\\\/esprit-des-fetes\\\/#primaryimage\"},\"image\":{\"@id\":\"https:\\\/\\\/sunyouth.org\\\/fr\\\/esprit-des-fetes\\\/#primaryimage\"},\"thumbnailUrl\":\"https:\\\/\\\/sunyouth.org\\\/wp-content\\\/uploads\\\/2023\\\/11\\\/Anna-web-page.jpeg\",\"datePublished\":\"2023-11-22T15:03:11+00:00\",\"dateModified\":\"2024-11-21T16:10:13+00:00\",\"breadcrumb\":{\"@id\":\"https:\\\/\\\/sunyouth.org\\\/fr\\\/esprit-des-fetes\\\/#breadcrumb\"},\"inLanguage\":\"fr-FR\",\"potentialAction\":[{\"@type\":\"ReadAction\",\"target\":[\"https:\\\/\\\/sunyouth.org\\\/fr\\\/esprit-des-fetes\\\/\"]}]},{\"@type\":\"ImageObject\",\"inLanguage\":\"fr-FR\",\"@id\":\"https:\\\/\\\/sunyouth.org\\\/fr\\\/esprit-des-fetes\\\/#primaryimage\",\"url\":\"https:\\\/\\\/sunyouth.org\\\/wp-content\\\/uploads\\\/2023\\\/11\\\/Anna-web-page.jpeg\",\"contentUrl\":\"https:\\\/\\\/sunyouth.org\\\/wp-content\\\/uploads\\\/2023\\\/11\\\/Anna-web-page.jpeg\",\"width\":2500,\"height\":1382},{\"@type\":\"BreadcrumbList\",\"@id\":\"https:\\\/\\\/sunyouth.org\\\/fr\\\/esprit-des-fetes\\\/#breadcrumb\",\"itemListElement\":[{\"@type\":\"ListItem\",\"position\":1,\"name\":\"Home\",\"item\":\"https:\\\/\\\/sunyouth.org\\\/fr\\\/\"},{\"@type\":\"ListItem\",\"position\":2,\"name\":\"B\u00e2tir l&#8217;Esprit des F\u00eates\"}]},{\"@type\":\"WebSite\",\"@id\":\"https:\\\/\\\/sunyouth.org\\\/#website\",\"url\":\"https:\\\/\\\/sunyouth.org\\\/\",\"name\":\"Jeunesse au soleil\",\"description\":\"Dedicated since 1954!\",\"publisher\":{\"@id\":\"https:\\\/\\\/sunyouth.org\\\/#organization\"},\"potentialAction\":[{\"@type\":\"SearchAction\",\"target\":{\"@type\":\"EntryPoint\",\"urlTemplate\":\"https:\\\/\\\/sunyouth.org\\\/?s={search_term_string}\"},\"query-input\":{\"@type\":\"PropertyValueSpecification\",\"valueRequired\":true,\"valueName\":\"search_term_string\"}}],\"inLanguage\":\"fr-FR\"},{\"@type\":\"Organization\",\"@id\":\"https:\\\/\\\/sunyouth.org\\\/#organization\",\"name\":\"SUN YOUTH\",\"url\":\"https:\\\/\\\/sunyouth.org\\\/\",\"logo\":{\"@type\":\"ImageObject\",\"inLanguage\":\"fr-FR\",\"@id\":\"https:\\\/\\\/sunyouth.org\\\/#\\\/schema\\\/logo\\\/image\\\/\",\"url\":\"https:\\\/\\\/sunyouth.org\\\/wp-content\\\/uploads\\\/2018\\\/11\\\/LOGO-SUNYOUTH.png\",\"contentUrl\":\"https:\\\/\\\/sunyouth.org\\\/wp-content\\\/uploads\\\/2018\\\/11\\\/LOGO-SUNYOUTH.png\",\"width\":251,\"height\":251,\"caption\":\"SUN YOUTH\"},\"image\":{\"@id\":\"https:\\\/\\\/sunyouth.org\\\/#\\\/schema\\\/logo\\\/image\\\/\"}}]}<\/script>\n<!-- \/ Yoast SEO plugin. -->","yoast_head_json":{"title":"B\u00e2tir l'Esprit des F\u00eates - Jeunesse au soleil","robots":{"index":"index","follow":"follow","max-snippet":"max-snippet:-1","max-image-preview":"max-image-preview:large","max-video-preview":"max-video-preview:-1"},"canonical":"https:\/\/sunyouth.org\/fr\/esprit-des-fetes\/","og_locale":"fr_FR","og_type":"article","og_title":"B\u00e2tir l'Esprit des F\u00eates - Jeunesse au soleil","og_description":"[vc_row full_width=\u00a0\u00bbstretch_row\u00a0\u00bb full_height=\u00a0\u00bbyes\u00a0\u00bb content_placement=\u00a0\u00bbmiddle\u00a0\u00bb el_class=\u00a0\u00bbdonation-section give-away-section home-sec-slide winter-2021-header\u00a0\u00bb css=\u00a0\u00bb.vc_custom_1701194279408{margin-bottom: 0px !important;background-image: url(https:\/\/sunyouth.org\/wp-content\/uploads\/2023\/11\/Anna-web-page.jpeg?id=162184) !important;background-position: center !important;background-repeat: no-repeat !important;background-size: cover !important;}\u00a0\u00bb background_image_mobile=\u00a0\u00bb162433&Prime; mobile_padding_top=\u00a0\u00bb175&Prime;][vc_column width=\u00a0\u00bb1\/2&Prime;...","og_url":"https:\/\/sunyouth.org\/fr\/esprit-des-fetes\/","og_site_name":"Jeunesse au soleil","article_modified_time":"2024-11-21T16:10:13+00:00","og_image":[{"url":"https:\/\/sunyouth.org\/wp-content\/uploads\/2022\/05\/Jason_header.jpg","type":"","width":"","height":""}],"twitter_card":"summary_large_image","twitter_image":"https:\/\/sunyouth.org\/wp-content\/uploads\/2022\/05\/Jason_header.jpg","twitter_misc":{"Dur\u00e9e de lecture estim\u00e9e":"7 minutes"},"schema":{"@context":"https:\/\/schema.org","@graph":[{"@type":"WebPage","@id":"https:\/\/sunyouth.org\/fr\/esprit-des-fetes\/","url":"https:\/\/sunyouth.org\/fr\/esprit-des-fetes\/","name":"B\u00e2tir l'Esprit des F\u00eates - Jeunesse au soleil","isPartOf":{"@id":"https:\/\/sunyouth.org\/#website"},"primaryImageOfPage":{"@id":"https:\/\/sunyouth.org\/fr\/esprit-des-fetes\/#primaryimage"},"image":{"@id":"https:\/\/sunyouth.org\/fr\/esprit-des-fetes\/#primaryimage"},"thumbnailUrl":"https:\/\/sunyouth.org\/wp-content\/uploads\/2023\/11\/Anna-web-page.jpeg","datePublished":"2023-11-22T15:03:11+00:00","dateModified":"2024-11-21T16:10:13+00:00","breadcrumb":{"@id":"https:\/\/sunyouth.org\/fr\/esprit-des-fetes\/#breadcrumb"},"inLanguage":"fr-FR","potentialAction":[{"@type":"ReadAction","target":["https:\/\/sunyouth.org\/fr\/esprit-des-fetes\/"]}]},{"@type":"ImageObject","inLanguage":"fr-FR","@id":"https:\/\/sunyouth.org\/fr\/esprit-des-fetes\/#primaryimage","url":"https:\/\/sunyouth.org\/wp-content\/uploads\/2023\/11\/Anna-web-page.jpeg","contentUrl":"https:\/\/sunyouth.org\/wp-content\/uploads\/2023\/11\/Anna-web-page.jpeg","width":2500,"height":1382},{"@type":"BreadcrumbList","@id":"https:\/\/sunyouth.org\/fr\/esprit-des-fetes\/#breadcrumb","itemListElement":[{"@type":"ListItem","position":1,"name":"Home","item":"https:\/\/sunyouth.org\/fr\/"},{"@type":"ListItem","position":2,"name":"B\u00e2tir l&#8217;Esprit des F\u00eates"}]},{"@type":"WebSite","@id":"https:\/\/sunyouth.org\/#website","url":"https:\/\/sunyouth.org\/","name":"Jeunesse au soleil","description":"Dedicated since 1954!","publisher":{"@id":"https:\/\/sunyouth.org\/#organization"},"potentialAction":[{"@type":"SearchAction","target":{"@type":"EntryPoint","urlTemplate":"https:\/\/sunyouth.org\/?s={search_term_string}"},"query-input":{"@type":"PropertyValueSpecification","valueRequired":true,"valueName":"search_term_string"}}],"inLanguage":"fr-FR"},{"@type":"Organization","@id":"https:\/\/sunyouth.org\/#organization","name":"SUN YOUTH","url":"https:\/\/sunyouth.org\/","logo":{"@type":"ImageObject","inLanguage":"fr-FR","@id":"https:\/\/sunyouth.org\/#\/schema\/logo\/image\/","url":"https:\/\/sunyouth.org\/wp-content\/uploads\/2018\/11\/LOGO-SUNYOUTH.png","contentUrl":"https:\/\/sunyouth.org\/wp-content\/uploads\/2018\/11\/LOGO-SUNYOUTH.png","width":251,"height":251,"caption":"SUN YOUTH"},"image":{"@id":"https:\/\/sunyouth.org\/#\/schema\/logo\/image\/"}}]}},"_links":{"self":[{"href":"https:\/\/sunyouth.org\/fr\/wp-json\/wp\/v2\/pages\/162354","targetHints":{"allow":["GET"]}}],"collection":[{"href":"https:\/\/sunyouth.org\/fr\/wp-json\/wp\/v2\/pages"}],"about":[{"href":"https:\/\/sunyouth.org\/fr\/wp-json\/wp\/v2\/types\/page"}],"author":[{"embeddable":true,"href":"https:\/\/sunyouth.org\/fr\/wp-json\/wp\/v2\/users\/34"}],"replies":[{"embeddable":true,"href":"https:\/\/sunyouth.org\/fr\/wp-json\/wp\/v2\/comments?post=162354"}],"version-history":[{"count":27,"href":"https:\/\/sunyouth.org\/fr\/wp-json\/wp\/v2\/pages\/162354\/revisions"}],"predecessor-version":[{"id":162424,"href":"https:\/\/sunyouth.org\/fr\/wp-json\/wp\/v2\/pages\/162354\/revisions\/162424"}],"wp:featuredmedia":[{"embeddable":true,"href":"https:\/\/sunyouth.org\/fr\/wp-json\/wp\/v2\/media\/162184"}],"wp:attachment":[{"href":"https:\/\/sunyouth.org\/fr\/wp-json\/wp\/v2\/media?parent=162354"}],"curies":[{"name":"wp","href":"https:\/\/api.w.org\/{rel}","templated":true}]}}