{"id":159814,"date":"2022-12-07T13:27:03","date_gmt":"2022-12-07T13:27:03","guid":{"rendered":"https:\/\/sunyouth.org\/?page_id=159814"},"modified":"2026-03-25T10:24:58","modified_gmt":"2026-03-25T15:24:58","slug":"winter-campaign-2022-fernando","status":"publish","type":"page","link":"https:\/\/sunyouth.org\/fr\/winter-campaign-2022-fernando\/","title":{"rendered":"Winter Campaign 2022-Fernando"},"content":{"rendered":"<div class=\"wpb-content-wrapper\"><p>[vc_row full_width=\u00a0\u00bbstretch_row\u00a0\u00bb full_height=\u00a0\u00bbyes\u00a0\u00bb content_placement=\u00a0\u00bbmiddle\u00a0\u00bb thegem_shadow_color=\u00a0\u00bb#000000&Prime; thegem_enable_shadow=\u00a0\u00bbtrue\u00a0\u00bb el_class=\u00a0\u00bbdonation-section give-away-section home-sec-slide winter-2021-header\u00a0\u00bb css=\u00a0\u00bb.vc_custom_1774452285446{margin-bottom: 0px !important;background-image: url(https:\/\/sunyouth.org\/wp-content\/uploads\/2026\/03\/Fern-new2-1.jpg?id=173618) !important;background-position: center !important;background-repeat: no-repeat !important;background-size: cover !important;}\u00a0\u00bb][vc_column width=\u00a0\u00bb1\/2&Prime; css_animation=\u00a0\u00bbnone\u00a0\u00bb el_class=\u00a0\u00bbhome-section3-column\u00a0\u00bb][\/vc_column][vc_column width=\u00a0\u00bb1\/2&Prime;][vc_custom_heading text=\u00a0\u00bbOn conna\u00eet tous\u00a0\u00bb font_container=\u00a0\u00bbtag:h2|font_size:70|text_align:left|color:%23ffffff|line_height:90px\u00a0\u00bb google_fonts=\u00a0\u00bbfont_family:Open%20Sans%3A300%2C300italic%2Cregular%2Citalic%2C600%2C600italic%2C700%2C700italic%2C800%2C800italic|font_style:600%20bold%20regular%3A600%3Anormal\u00a0\u00bb css_animation=\u00a0\u00bbnone\u00a0\u00bb el_class=\u00a0\u00bbhome-section3-h2&Prime;][vc_column_text css=\u00a0\u00bb.vc_custom_1670423388221{margin-bottom: 30px !important;}\u00a0\u00bb el_class=\u00a0\u00bbtino-p header-t-u-txt\u00a0\u00bb]<span style=\"color: #ffffff;\">Ce qui a commenc\u00e9 comme une simple fa\u00e7on pour Fernando Nobrega de redonner \u00e0 l&rsquo;organisme de son enfance, s&rsquo;est transform\u00e9 en une tradition annuelle qui mobilise une arm\u00e9e de b\u00e9n\u00e9voles qui livrent des milliers de paniers de No\u00ebl aux familles les plus d\u00e9munies de la ville.<br \/>\n<\/span>[\/vc_column_text][\/vc_column][\/vc_row][vc_row full_width=\u00a0\u00bbstretch_row\u00a0\u00bb css=\u00a0\u00bb.vc_custom_1637860800653{margin-bottom: 0px !important;padding-top: 60px !important;padding-bottom: 60px !important;background-color: #f5f5f5 !important;background-position: center !important;background-repeat: no-repeat !important;background-size: cover !important;}\u00a0\u00bb][vc_column width=\u00a0\u00bb1\/4&Prime;][\/vc_column][vc_column width=\u00a0\u00bb1\/2&Prime;][vc_column_text css_animation=\u00a0\u00bbfadeIn\u00a0\u00bb]<span style=\"color: #000000; font-size: 18px; line-height: 25px;\"><strong>Il y a neuf ans, lorsqu&rsquo;est venu le temps de choisir un organisme \u00e0 qui remettre un don en esp\u00e8ce de la part de ses coll\u00e8gues et de lui-m\u00eame, Fernando a sugg\u00e9r\u00e9 Jeunesse au Soleil.<br \/>\n<\/strong><\/span><\/p>\n<p><span style=\"color: #000000; font-size: 18px; line-height: 25px;\"> \u00ab J\u2019ai re\u00e7u de l\u2019aide de Jeunesse au Soleil quand j\u2019\u00e9tais plus jeune, et j\u2019ai voulu rendre la pareille \u00e0 l\u2019organisme \u00bb, se souvient Fernando Nobrega, b\u00e9n\u00e9vole et employ\u00e9 de l\u2019Agence de mobilit\u00e9 durable. <\/span><\/p>\n<p><span style=\"color: #000000; font-size: 18px; line-height: 25px;\">Lorsqu\u2019il a remis l&rsquo;argent r\u00e9colt\u00e9, les organisateurs de Jeunesse au Soleil ont appris que Fernando travaillait pour une agence municipale qui poss\u00e8de un parc de v\u00e9hicules, et lui ont demand\u00e9 si cette \u00e9quipe pouvait aussi aider en livrant des paniers de nourriture \u00e0 certains des clients de Jeunesse au Soleil.<\/span>[\/vc_column_text][vc_empty_space][\/vc_column][vc_column width=\u00a0\u00bb1\/4&Prime;][\/vc_column][\/vc_row][vc_row full_width=\u00a0\u00bbstretch_row\u00a0\u00bb css=\u00a0\u00bb.vc_custom_1670434843543{padding-top: 160px !important;padding-bottom: 160px !important;background-image: url(https:\/\/sunyouth.org\/wp-content\/uploads\/2022\/12\/Fernando-sun-youth-1-scaled.jpg?id=159891) !important;background-position: center !important;background-repeat: no-repeat !important;background-size: cover !important;}\u00a0\u00bb el_class=\u00a0\u00bbsy-do-beta-scroll\u00a0\u00bb][vc_column width=\u00a0\u00bb2\/3&Prime;][vc_column_text css_animation=\u00a0\u00bbfadeIn\u00a0\u00bb]<span style=\"color: #000000; font-size: 30px; line-height: 43px;\"><em>\u00ab Nous avons donc commenc\u00e9 \u00e0 les aider \u00e0 effectuer les livraisons. La premi\u00e8re ann\u00e9e, nous avons aid\u00e9 \u00e0 livrer un peu moins de 100 paniers. Quelques ann\u00e9es plus tard, nous livrons plus de 2 000 paniers. \u00bb<br \/>\n<\/em><\/span><\/p>\n<p>&nbsp;<\/p>\n<p><span style=\"color: #000000; font-size: 30px; line-height: 43px;\"><em><strong>&#8211; Fernando Nobrega<\/strong><\/em><\/span>[\/vc_column_text][\/vc_column][vc_column width=\u00a0\u00bb1\/3&Prime;][\/vc_column][\/vc_row][vc_row css=\u00a0\u00bb.vc_custom_1637860818330{margin-bottom: 0px !important;padding-top: 60px !important;padding-bottom: 60px !important;}\u00a0\u00bb][vc_column width=\u00a0\u00bb1\/4&Prime;][\/vc_column][vc_column width=\u00a0\u00bb1\/2&Prime;][vc_column_text css_animation=\u00a0\u00bbfadeIn\u00a0\u00bb]<span style=\"color: #000000; font-size: 18px; line-height: 25px;\"><strong>Aujourd\u2019hui r\u00e9sidant du West Island, Fernando Nobrega, 53 ans, a grandi sur le Plateau Mont-Royal. Il se souvient avec \u00e9motion de l\u2019aide que lui a apport\u00e9e Jeunesse au Soleil lorsqu\u2019il \u00e9tait plus jeune, notamment par le biais de leurs nombreux programmes sportifs subventionn\u00e9s. Il se souvient \u00e9galement des paniers de nourriture que l\u2019organisme lui a donn\u00e9s.<br \/>\n<\/strong> <\/span><\/p>\n<p><span style=\"color: #000000; font-size: 18px; line-height: 25px;\">\u00ab Quand j\u2019\u00e9tais enfant, Jeunesse au Soleil m\u2019a donn\u00e9 des choses auxquelles je n\u2019aurais pu acc\u00e9der autrement. Aujourd\u2019hui, en tant qu\u2019adulte et p\u00e8re, je r\u00e9alise que ce j\u2019ai re\u00e7u d\u2019eux, c\u2019est \u00e9norme. Je me r\u00e9jouis de savoir qu\u2019ils sont toujours l\u00e0. J\u2019essaie de rendre ce qu\u2019ils m\u2019ont donn\u00e9, c\u2019est-\u00e0-dire de merveilleux souvenirs d\u2019enfance. \u00bb<\/span><\/p>\n<p><span style=\"color: #000000; font-size: 18px; line-height: 25px;\">Fernando Nobrega aime rencontrer les gens \u00e0 qui il livre des paniers \u00e0 cette p\u00e9riode de l\u2019ann\u00e9e. Chaque famille qu\u2019il rencontre lui rappelle le chemin parcouru et le nombre de ses concitoyens qui ont d\u00e9sesp\u00e9r\u00e9ment besoin de l\u2019aide d\u2019organisations comme Jeunesse au Soleil.<br \/>\n<\/span>[\/vc_column_text][\/vc_column][vc_column width=\u00a0\u00bb1\/4&Prime;][\/vc_column][\/vc_row][vc_row full_width=\u00a0\u00bbstretch_row\u00a0\u00bb css=\u00a0\u00bb.vc_custom_1670434901593{margin-bottom: 0px !important;padding-top: 160px !important;padding-bottom: 160px !important;background-image: url(https:\/\/sunyouth.org\/wp-content\/uploads\/2022\/12\/fernan-ok-scaled.jpg?id=159901) !important;background-position: center !important;background-repeat: no-repeat !important;background-size: cover !important;}\u00a0\u00bb el_class=\u00a0\u00bbsy-do-beta-scroll\u00a0\u00bb][vc_column width=\u00a0\u00bb1\/3&Prime;][\/vc_column][vc_column width=\u00a0\u00bb2\/3&Prime;][vc_column_text css_animation=\u00a0\u00bbfadeIn\u00a0\u00bb]<span style=\"color: #000000; font-size: 30px; line-height: 43px;\"><em>\u00ab Quand vous rencontrez les personnes qui viennent chercher de l\u2019aide \u00e0 Jeunesse au Soleil, quand nous faites des livraisons chez eux, vous r\u00e9alisez la chance que vous avez et combien certaines personnes sont vraiment dans le besoin. \u00bb<br \/>\n<\/em><\/span><\/p>\n<p><span style=\"color: #000000; font-size: 30px; line-height: 43px;\"><em><strong>&#8211; Fernando Nobrega<\/strong><\/em><\/span>[\/vc_column_text][\/vc_column][\/vc_row][vc_row css=\u00a0\u00bb.vc_custom_1637860828934{margin-bottom: 0px !important;padding-top: 60px !important;padding-bottom: 60px !important;}\u00a0\u00bb][vc_column width=\u00a0\u00bb1\/4&Prime;][\/vc_column][vc_column width=\u00a0\u00bb1\/2&Prime;][vc_column_text css_animation=\u00a0\u00bbfadeIn\u00a0\u00bb]<span style=\"color: #000000; font-size: 18px; line-height: 25px;\"><strong>Fernando se souvient d\u2019une famille r\u00e9cemment arriv\u00e9e du Pakistan rencontr\u00e9e \u00e0 Jeunesse au Soleil alors qu&rsquo;il revenait tard d&rsquo;une journ\u00e9e de livraisons. Malheureusement, l\u2019organisme \u00e9tait ferm\u00e9 et les denr\u00e9es leur seraient livr\u00e9es \u00e0 domicile \u00e0 une date ult\u00e9rieure. Lorsque Fernando a vu \u00e0 quel point la m\u00e8re et ses deux enfants \u00e9taient mal habill\u00e9s pour l\u2019hiver, il a pris l\u2019initiative d\u2019aller chercher un panier pour eux et de ramener la famille \u00e0 la maison.<br \/>\n<\/strong> <\/span><\/p>\n<p><span style=\"color: #000000; font-size: 18px; line-height: 25px;\">\u00ab Quand je les ai vus, j\u2019ai compris que je ne pouvais pas les laisser rentrer chez eux sans les aider \u00bb, se souvient Fernando. Lorsqu\u2019il a parl\u00e9 de la situation critique de la famille \u00e0 son cercle d\u2019amis, tous ont d\u00e9cid\u00e9 de fouiller leurs maisons ce week-end-l\u00e0 pour trouver des objets dont ils n\u2019avaient pas besoin et dont cette famille pourrait se servir.<br \/>\n<\/span><\/p>\n<p><span style=\"color: #000000; font-size: 18px; line-height: 25px;\">\u00ab Nous sommes all\u00e9s livrer des v\u00eatements, des bottes, des jeux, toutes sortes de choses. Cela ne faisait pas partie de Jeunesse au Soleil, mais nous avons quand m\u00eame pris sur nous d\u2019aller aider et de donner \u00e0 une famille qui \u00e9tait dans le besoin. \u00bb<\/span><\/p>\n<p>[\/vc_column_text]<div class=\"gem-youtube gem-wrapbox gem-wrapbox-style-no-style rounded-corners gem-wrapbox-position-below\" style=\"width: 100%;\"><div class=\"gem-wrapbox-inner gem-ratio-style\" style=\"padding-top: 56.25%\"><iframe class=\"gem-wrapbox-element img-responsive\" width=\"100%\" height=\"300\" allowfullscreen=\"allowfullscreen\" frameborder=\"0\" scrolling=\"no\" marginheight=\"0\" marginwidth=\"0\" src=\"\/\/www.youtube.com\/embed\/AayYPiOYIso?rel=0&amp;wmode=opaque\"><\/iframe><\/div><\/div>[\/vc_column][vc_column width=\u00a0\u00bb1\/4&Prime;][\/vc_column][\/vc_row][vc_row full_width=\u00a0\u00bbstretch_row\u00a0\u00bb css=\u00a0\u00bb.vc_custom_1637860873215{margin-bottom: 0px !important;padding-top: 60px !important;padding-bottom: 60px !important;background-color: #f5f5f5 !important;}\u00a0\u00bb][vc_column width=\u00a0\u00bb1\/4&Prime;][\/vc_column][vc_column width=\u00a0\u00bb1\/2&Prime;][vc_column_text css_animation=\u00a0\u00bbfadeIn\u00a0\u00bb]<span style=\"color: #000000; font-size: 18px; line-height: 25px;\"><strong>\u00ab Fernando a mis tout un syst\u00e8me en place, ce qui a facilit\u00e9 les choses pour nous. C\u2019est un excellent organisateur, d\u00e9vou\u00e9 et enthousiaste! Son engagement repr\u00e9sente une \u00e9norme contribution \u00bb, explique Eric Kingsley, directeur des services d\u2019urgence de Jeunesse au Soleil. \u00ab Nous sommes tr\u00e8s reconnaissants envers l\u2019Agence de mobilit\u00e9 durable et toutes les personnes qui assurent le succ\u00e8s de cette merveilleuse op\u00e9ration.\u00bb<br \/>\n<\/strong><\/span><\/p>\n<p><span style=\"color: #000000; font-size: 18px; line-height: 25px;\"> Eric pr\u00e9cise que Jeunesse au Soleil esp\u00e8re distribuer 5 000 paniers de No\u00ebl cette ann\u00e9e, soit plus du double des 2 000 paniers alimentaires distribu\u00e9s au cours d\u2019un mois normal. Mais elle a encore besoin de l\u2019aide de donateurs pour r\u00e9pondre \u00e0 la demande.<br \/>\n<\/span><\/p>\n<p><span style=\"color: #000000; font-size: 18px; line-height: 25px;\">Les paniers de No\u00ebl de Jeunesse au Soleil sont compos\u00e9s non seulement d\u2019articles donn\u00e9s, mais aussi d\u2019articles achet\u00e9s par l\u2019organisme, comme du poulet et de la dinde. L\u2019inflation rend l\u2019acquisition de ces biens plus co\u00fbteuse, indique Eric Kingsley.<\/span><\/p>\n<p>[\/vc_column_text][\/vc_column][vc_column width=\u00a0\u00bb1\/4&Prime;][\/vc_column][\/vc_row][vc_row css=\u00a0\u00bb.vc_custom_1637860818330{margin-bottom: 0px !important;padding-top: 60px !important;padding-bottom: 60px !important;}\u00a0\u00bb][vc_column width=\u00a0\u00bb1\/4&Prime;][\/vc_column][vc_column width=\u00a0\u00bb1\/2&Prime;][vc_column_text css_animation=\u00a0\u00bbfadeIn\u00a0\u00bb]<span style=\"color: #000000; font-size: 18px; line-height: 25px;\"><strong>\u00ab Nous traitons beaucoup avec les distributeurs, nous avons \u00e9tabli des ententes avec eux au fil du temps, donc nous ne sommes pas touch\u00e9s aussi durement que les autres. Mais le contexte \u00e9conomique actuel nous affecte, et nous devons faire des choix parfois difficiles. \u00bb<br \/>\n<\/strong> <\/span><\/p>\n<p><span style=\"color: #000000; font-size: 18px; line-height: 25px;\">Pour sa part, M. Nobrega tient \u00e0 rappeler que m\u00eame si vous n\u2019avez pas d\u2019argent ou de biens \u00e0 donner \u00e0 Jeunesse au Soleil, vous pouvez toujours leur donner de votre temps<\/span><\/p>\n<p><span style=\"color: #000000; font-size: 18px; line-height: 25px;\">\u00ab Je ne demande pas votre argent. Je ne demande rien. Je donne simplement du temps \u00bb, a-t-il d\u00e9clar\u00e9, ajoutant qu\u2019il est fier de voir ses propres enfants participer, et les enfants d\u2019autres parents faire ce qu\u2019ils peuvent pour rendre la vie des autres meilleure.<br \/>\n<\/span><\/p>\n<p><span style=\"color: #000000; font-size: 18px; line-height: 25px;\">\u00ab C\u2019est de cela qu\u2019il s\u2019agit : enseigner des valeurs et donner en retour. \u00bb<br \/>\n<\/span>[\/vc_column_text][\/vc_column][vc_column width=\u00a0\u00bb1\/4&Prime;][\/vc_column][\/vc_row][vc_row][vc_column][vc_row_inner][vc_column_inner width=\u00a0\u00bb1\/3&Prime;][\/vc_column_inner][vc_column_inner width=\u00a0\u00bb1\/3&Prime;][vc_column_text css=\u00a0\u00bb\u00a0\u00bb]<span style=\"color: #000000;\"><strong>Lire l&rsquo;histoire de Tony\u00a0<\/strong><\/span>[\/vc_column_text][\/vc_column_inner][vc_column_inner width=\u00a0\u00bb1\/3&Prime;][\/vc_column_inner][\/vc_row_inner][vc_single_image image=\u00a0\u00bb167065&Prime; img_size=\u00a0\u00bb970&#215;250&Prime; alignment=\u00a0\u00bbcenter\u00a0\u00bb onclick=\u00a0\u00bbcustom_link\u00a0\u00bb css=\u00a0\u00bb\u00a0\u00bb link=\u00a0\u00bbhttps:\/\/sunyouth.org\/fr\/tony-mohammed\/\u00a0\u00bb][\/vc_column][\/vc_row][vc_row css=\u00a0\u00bb.vc_custom_1638210545164{padding-top: 40px !important;padding-bottom: 0px !important;}\u00a0\u00bb][vc_column][vc_row_inner][vc_column_inner width=\u00a0\u00bb1\/4&Prime;][\/vc_column_inner][vc_column_inner width=\u00a0\u00bb1\/2&Prime;][vc_column_text]<span style=\"color: #000000;\"><strong>Lire l\u2019histoire d&rsquo;Dimitri<\/strong><\/span>[\/vc_column_text][\/vc_column_inner][vc_column_inner width=\u00a0\u00bb1\/4&Prime;][\/vc_column_inner][\/vc_row_inner][vc_single_image image=\u00a0\u00bb162222&Prime; img_size=\u00a0\u00bbfull\u00a0\u00bb alignment=\u00a0\u00bbcenter\u00a0\u00bb onclick=\u00a0\u00bbcustom_link\u00a0\u00bb link=\u00a0\u00bbhttps:\/\/sunyouth.org\/fr\/campagne-automnale-2023-dimitri\/\u00a0\u00bb][vc_row_inner][vc_column_inner width=\u00a0\u00bb1\/4&Prime;][\/vc_column_inner][vc_column_inner width=\u00a0\u00bb1\/2&Prime;][vc_column_text]<span style=\"color: #000000;\"><strong>Lire l&rsquo;histoire de Lucy<\/strong><\/span>[\/vc_column_text][\/vc_column_inner][vc_column_inner width=\u00a0\u00bb1\/4&Prime;][\/vc_column_inner][\/vc_row_inner][vc_single_image image=\u00a0\u00bb162114&Prime; img_size=\u00a0\u00bbfull\u00a0\u00bb alignment=\u00a0\u00bbcenter\u00a0\u00bb onclick=\u00a0\u00bbcustom_link\u00a0\u00bb img_link_target=\u00a0\u00bb_blank\u00a0\u00bb link=\u00a0\u00bbhttps:\/\/sunyouth.org\/fr\/campagne-estivale-2023\/\u00a0\u00bb][vc_row_inner][vc_column_inner width=\u00a0\u00bb1\/4&Prime;][\/vc_column_inner][vc_column_inner width=\u00a0\u00bb1\/2&Prime;][vc_column_text]<span style=\"color: #000000;\"><strong>Lire l\u2019histoire d&rsquo;Alexandre<\/strong><\/span>[\/vc_column_text][\/vc_column_inner][vc_column_inner width=\u00a0\u00bb1\/4&Prime;][\/vc_column_inner][\/vc_row_inner][vc_single_image image=\u00a0\u00bb159854&Prime; img_size=\u00a0\u00bbfull\u00a0\u00bb alignment=\u00a0\u00bbcenter\u00a0\u00bb onclick=\u00a0\u00bbcustom_link\u00a0\u00bb link=\u00a0\u00bbhttps:\/\/sunyouth.org\/fr\/winter-campaign-2022-alex\/\u00a0\u00bb][vc_row_inner][vc_column_inner width=\u00a0\u00bb1\/4&Prime;][\/vc_column_inner][vc_column_inner width=\u00a0\u00bb1\/2&Prime;][vc_column_text]<span style=\"color: #000000;\"><strong>Lire l\u2019histoire de Jason<\/strong><\/span>[\/vc_column_text][\/vc_column_inner][vc_column_inner width=\u00a0\u00bb1\/4&Prime;][\/vc_column_inner][\/vc_row_inner][vc_single_image image=\u00a0\u00bb159046&Prime; img_size=\u00a0\u00bbfull\u00a0\u00bb alignment=\u00a0\u00bbcenter\u00a0\u00bb onclick=\u00a0\u00bbcustom_link\u00a0\u00bb link=\u00a0\u00bbhttps:\/\/sunyouth.org\/fr\/jason-sandie\/\u00a0\u00bb][vc_row_inner][vc_column_inner width=\u00a0\u00bb1\/4&Prime;][\/vc_column_inner][vc_column_inner width=\u00a0\u00bb1\/2&Prime;][vc_column_text]<span style=\"color: #000000;\"><strong>Lire l\u2019histoire de Fran\u00e7ois <\/strong><\/span>[\/vc_column_text][\/vc_column_inner][vc_column_inner width=\u00a0\u00bb1\/4&Prime;][\/vc_column_inner][\/vc_row_inner][vc_single_image image=\u00a0\u00bb158366&Prime; img_size=\u00a0\u00bbfull\u00a0\u00bb alignment=\u00a0\u00bbcenter\u00a0\u00bb onclick=\u00a0\u00bbcustom_link\u00a0\u00bb link=\u00a0\u00bbhttps:\/\/sunyouth.org\/fr\/campagne-des-fetes-2021-francois\/\u00a0\u00bb][vc_row_inner][vc_column_inner width=\u00a0\u00bb1\/4&Prime;][\/vc_column_inner][vc_column_inner width=\u00a0\u00bb1\/2&Prime;][vc_column_text]<span style=\"color: #000000;\"><strong>Lire l\u2019histoire de Charles <\/strong><\/span>[\/vc_column_text][\/vc_column_inner][vc_column_inner width=\u00a0\u00bb1\/4&Prime;][\/vc_column_inner][\/vc_row_inner][vc_single_image image=\u00a0\u00bb159038&Prime; img_size=\u00a0\u00bbfull\u00a0\u00bb alignment=\u00a0\u00bbcenter\u00a0\u00bb onclick=\u00a0\u00bbcustom_link\u00a0\u00bb link=\u00a0\u00bbhttps:\/\/sunyouth.org\/fr\/campagne-des-fetes-2021-charles\/\u00a0\u00bb][vc_row_inner][vc_column_inner width=\u00a0\u00bb1\/4&Prime;][\/vc_column_inner][vc_column_inner width=\u00a0\u00bb1\/2&Prime;][vc_column_text]<span style=\"color: #000000;\"><strong>Lire l\u2019histoire de Lisa-M\u00e9lanie<\/strong><\/span>[\/vc_column_text][\/vc_column_inner][vc_column_inner width=\u00a0\u00bb1\/4&Prime;][\/vc_column_inner][\/vc_row_inner][vc_single_image image=\u00a0\u00bb157944&Prime; img_size=\u00a0\u00bbfull\u00a0\u00bb alignment=\u00a0\u00bbcenter\u00a0\u00bb onclick=\u00a0\u00bbcustom_link\u00a0\u00bb link=\u00a0\u00bbhttps:\/\/sunyouth.org\/fr\/lisa-mel\/\u00a0\u00bb][\/vc_column][\/vc_row][vc_row css=\u00a0\u00bb.vc_custom_1637860910739{margin-bottom: 0px !important;padding-top: 80px !important;padding-bottom: 170px !important;}\u00a0\u00bb el_class=\u00a0\u00bbsy-donation-page-section-3 winter-2021-section-3&Prime;][vc_column][vc_custom_heading text=\u00a0\u00bbPourquoi donner \u00e0<br \/>\nJeunesse au Soleil\u00a0\u00bb font_container=\u00a0\u00bbtag:h3|font_size:40|text_align:center|color:%23000000|line_height:50px\u00a0\u00bb google_fonts=\u00a0\u00bbfont_family:Open%20Sans%3A300%2C300italic%2Cregular%2Citalic%2C600%2C600italic%2C700%2C700italic%2C800%2C800italic|font_style:800%20bold%20regular%3A800%3Anormal\u00a0\u00bb css_animation=\u00a0\u00bbfadeIn\u00a0\u00bb][vc_empty_space][vc_row_inner css=\u00a0\u00bb.vc_custom_1636488573027{margin-bottom: 45px !important;}\u00a0\u00bb][vc_column_inner el_class=\u00a0\u00bbsy-donation-page-section-3-box1&Prime; width=\u00a0\u00bb1\/2&Prime;][vc_single_image image=\u00a0\u00bb156741&Prime; img_size=\u00a0\u00bbfull\u00a0\u00bb alignment=\u00a0\u00bbcenter\u00a0\u00bb css_animation=\u00a0\u00bbfadeIn\u00a0\u00bb][vc_custom_heading text=\u00a0\u00bbProgrammes sportifs\u00a0\u00bb font_container=\u00a0\u00bbtag:h6|font_size:25|text_align:center|color:%23000000&Prime; google_fonts=\u00a0\u00bbfont_family:Open%20Sans%3A300%2C300italic%2Cregular%2Citalic%2C600%2C600italic%2C700%2C700italic%2C800%2C800italic|font_style:400%20regular%3A400%3Anormal\u00a0\u00bb css_animation=\u00a0\u00bbfadeIn\u00a0\u00bb][\/vc_column_inner][vc_column_inner el_class=\u00a0\u00bbsy-donation-page-section-3-box2&Prime; width=\u00a0\u00bb1\/2&Prime;][vc_single_image image=\u00a0\u00bb156739&Prime; img_size=\u00a0\u00bbfull\u00a0\u00bb alignment=\u00a0\u00bbcenter\u00a0\u00bb css_animation=\u00a0\u00bbfadeIn\u00a0\u00bb][vc_custom_heading text=\u00a0\u00bbTutorat\u00a0\u00bb font_container=\u00a0\u00bbtag:h6|font_size:25|text_align:center|color:%23000000&Prime; google_fonts=\u00a0\u00bbfont_family:Open%20Sans%3A300%2C300italic%2Cregular%2Citalic%2C600%2C600italic%2C700%2C700italic%2C800%2C800italic|font_style:400%20regular%3A400%3Anormal\u00a0\u00bb css_animation=\u00a0\u00bbfadeIn\u00a0\u00bb][\/vc_column_inner][\/vc_row_inner][vc_row_inner css=\u00a0\u00bb.vc_custom_1636488579828{margin-bottom: 45px !important;}\u00a0\u00bb][vc_column_inner el_class=\u00a0\u00bbsy-donation-page-section-3-box3&Prime; width=\u00a0\u00bb1\/2&Prime;][vc_single_image image=\u00a0\u00bb156743&Prime; img_size=\u00a0\u00bbfull\u00a0\u00bb alignment=\u00a0\u00bbcenter\u00a0\u00bb css_animation=\u00a0\u00bbfadeIn\u00a0\u00bb][vc_custom_heading text=\u00a0\u00bbCamps de jour\u00a0\u00bb font_container=\u00a0\u00bbtag:h6|font_size:25|text_align:center|color:%23000000&Prime; google_fonts=\u00a0\u00bbfont_family:Open%20Sans%3A300%2C300italic%2Cregular%2Citalic%2C600%2C600italic%2C700%2C700italic%2C800%2C800italic|font_style:400%20regular%3A400%3Anormal\u00a0\u00bb css_animation=\u00a0\u00bbfadeIn\u00a0\u00bb][\/vc_column_inner][vc_column_inner el_class=\u00a0\u00bbsy-donation-page-section-3-box4&Prime; width=\u00a0\u00bb1\/2&Prime;][vc_single_image image=\u00a0\u00bb156735&Prime; img_size=\u00a0\u00bbfull\u00a0\u00bb alignment=\u00a0\u00bbcenter\u00a0\u00bb css=\u00a0\u00bb.vc_custom_1627119107168{margin-top: 17px !important;}\u00a0\u00bb css_animation=\u00a0\u00bbfadeIn\u00a0\u00bb][vc_custom_heading text=\u00a0\u00bbMentorat social\u00a0\u00bb font_container=\u00a0\u00bbtag:h6|font_size:25|text_align:center|color:%23000000&Prime; google_fonts=\u00a0\u00bbfont_family:Open%20Sans%3A300%2C300italic%2Cregular%2Citalic%2C600%2C600italic%2C700%2C700italic%2C800%2C800italic|font_style:400%20regular%3A400%3Anormal\u00a0\u00bb css_animation=\u00a0\u00bbfadeIn\u00a0\u00bb][\/vc_column_inner][\/vc_row_inner][vc_row_inner css=\u00a0\u00bb.vc_custom_1636488585050{margin-bottom: 45px !important;}\u00a0\u00bb][vc_column_inner el_class=\u00a0\u00bbsy-donation-page-section-3-box5&Prime; width=\u00a0\u00bb1\/2&Prime;][vc_single_image image=\u00a0\u00bb156737&Prime; img_size=\u00a0\u00bbfull\u00a0\u00bb alignment=\u00a0\u00bbcenter\u00a0\u00bb css_animation=\u00a0\u00bbfadeIn\u00a0\u00bb][vc_custom_heading text=\u00a0\u00bbAide aux victimes<br \/>\nd&rsquo;incendie\u00a0\u00bb font_container=\u00a0\u00bbtag:h6|font_size:25|text_align:center|color:%23000000&Prime; google_fonts=\u00a0\u00bbfont_family:Open%20Sans%3A300%2C300italic%2Cregular%2Citalic%2C600%2C600italic%2C700%2C700italic%2C800%2C800italic|font_style:400%20regular%3A400%3Anormal\u00a0\u00bb css_animation=\u00a0\u00bbfadeIn\u00a0\u00bb][\/vc_column_inner][vc_column_inner el_class=\u00a0\u00bbsy-donation-page-section-3-box6&Prime; width=\u00a0\u00bb1\/2&Prime;][vc_single_image image=\u00a0\u00bb156733&Prime; img_size=\u00a0\u00bbfull\u00a0\u00bb alignment=\u00a0\u00bbcenter\u00a0\u00bb css_animation=\u00a0\u00bbfadeIn\u00a0\u00bb][vc_custom_heading text=\u00a0\u00bbAide aux victimes<br \/>\nde la criminalit\u00e9\u00a0\u00bb font_container=\u00a0\u00bbtag:h6|font_size:25|text_align:center|color:%23000000&Prime; google_fonts=\u00a0\u00bbfont_family:Open%20Sans%3A300%2C300italic%2Cregular%2Citalic%2C600%2C600italic%2C700%2C700italic%2C800%2C800italic|font_style:400%20regular%3A400%3Anormal\u00a0\u00bb css_animation=\u00a0\u00bbfadeIn\u00a0\u00bb][\/vc_column_inner][\/vc_row_inner][vc_row_inner css=\u00a0\u00bb.vc_custom_1636488592151{margin-bottom: 45px !important;}\u00a0\u00bb][vc_column_inner el_class=\u00a0\u00bbsy-donation-page-section-3-box7&Prime; width=\u00a0\u00bb1\/2&Prime;][vc_single_image image=\u00a0\u00bb156727&Prime; img_size=\u00a0\u00bbfull\u00a0\u00bb alignment=\u00a0\u00bbcenter\u00a0\u00bb css=\u00a0\u00bb.vc_custom_1627119133076{margin-top: 17px !important;}\u00a0\u00bb css_animation=\u00a0\u00bbfadeIn\u00a0\u00bb][vc_custom_heading text=\u00a0\u00bbProgramme<br \/>\nM\u00e9dicaments\u00a0\u00bb font_container=\u00a0\u00bbtag:h6|font_size:25|text_align:center|color:%23000000&Prime; google_fonts=\u00a0\u00bbfont_family:Open%20Sans%3A300%2C300italic%2Cregular%2Citalic%2C600%2C600italic%2C700%2C700italic%2C800%2C800italic|font_style:400%20regular%3A400%3Anormal\u00a0\u00bb css_animation=\u00a0\u00bbfadeIn\u00a0\u00bb][\/vc_column_inner][vc_column_inner el_class=\u00a0\u00bbsy-donation-page-section-3-box8&Prime; width=\u00a0\u00bb1\/2&Prime;][vc_single_image image=\u00a0\u00bb156729&Prime; img_size=\u00a0\u00bbfull\u00a0\u00bb alignment=\u00a0\u00bbcenter\u00a0\u00bb css_animation=\u00a0\u00bbfadeIn\u00a0\u00bb][vc_custom_heading text=\u00a0\u00bbPatrouille<br \/>\n\u00e0 v\u00e9lo\u00a0\u00bb font_container=\u00a0\u00bbtag:h6|font_size:25|text_align:center|color:%23000000&Prime; google_fonts=\u00a0\u00bbfont_family:Open%20Sans%3A300%2C300italic%2Cregular%2Citalic%2C600%2C600italic%2C700%2C700italic%2C800%2C800italic|font_style:400%20regular%3A400%3Anormal\u00a0\u00bb css_animation=\u00a0\u00bbfadeIn\u00a0\u00bb][\/vc_column_inner][\/vc_row_inner][vc_row_inner][vc_column_inner width=\u00a0\u00bb1\/3&Prime;][\/vc_column_inner][vc_column_inner el_class=\u00a0\u00bbsy-donation-page-section-3-box9&Prime; width=\u00a0\u00bb1\/3&Prime;][vc_single_image image=\u00a0\u00bb156731&Prime; img_size=\u00a0\u00bbfull\u00a0\u00bb alignment=\u00a0\u00bbcenter\u00a0\u00bb css_animation=\u00a0\u00bbfadeIn\u00a0\u00bb][vc_custom_heading text=\u00a0\u00bbPotagers<br \/>\nurbains\u00a0\u00bb font_container=\u00a0\u00bbtag:h6|font_size:25|text_align:center|color:%23000000&Prime; google_fonts=\u00a0\u00bbfont_family:Open%20Sans%3A300%2C300italic%2Cregular%2Citalic%2C600%2C600italic%2C700%2C700italic%2C800%2C800italic|font_style:400%20regular%3A400%3Anormal\u00a0\u00bb css_animation=\u00a0\u00bbfadeIn\u00a0\u00bb][\/vc_column_inner][vc_column_inner width=\u00a0\u00bb1\/3&Prime;][\/vc_column_inner][\/vc_row_inner][\/vc_column][\/vc_row][vc_row full_width=\u00a0\u00bbstretch_row\u00a0\u00bb css=\u00a0\u00bb.vc_custom_1636473006234{margin-bottom: 0px !important;padding-top: 200px !important;padding-bottom: 200px !important;background-color: #fedc2a !important;}\u00a0\u00bb el_class=\u00a0\u00bbsy-donation-page-section-6&Prime;][vc_column][vc_single_image image=\u00a0\u00bb156717&Prime; img_size=\u00a0\u00bbfull\u00a0\u00bb alignment=\u00a0\u00bbright\u00a0\u00bb el_class=\u00a0\u00bbsy-down-arrow-for-mobile-right\u00a0\u00bb][vc_custom_heading text=\u00a0\u00bbC&rsquo;EST ICI QUE\u00a0\u00bb font_container=\u00a0\u00bbtag:h4|font_size:55|text_align:center|color:%23000000&Prime; google_fonts=\u00a0\u00bbfont_family:Open%20Sans%3A300%2C300italic%2Cregular%2Citalic%2C600%2C600italic%2C700%2C700italic%2C800%2C800italic|font_style:600%20bold%20regular%3A600%3Anormal\u00a0\u00bb css_animation=\u00a0\u00bbfadeIn\u00a0\u00bb][vc_custom_heading text=\u00a0\u00bbVOUS<br \/>\nPOUVEZ<br \/>\nAIDER\u00a0\u00bb font_container=\u00a0\u00bbtag:h3|font_size:130|text_align:center|color:%23000000|line_height:122px\u00a0\u00bb google_fonts=\u00a0\u00bbfont_family:Open%20Sans%3A300%2C300italic%2Cregular%2Citalic%2C600%2C600italic%2C700%2C700italic%2C800%2C800italic|font_style:800%20bold%20regular%3A800%3Anormal\u00a0\u00bb css_animation=\u00a0\u00bbfadeIn\u00a0\u00bb][vc_empty_space][vc_single_image image=\u00a0\u00bb156753&Prime; img_size=\u00a0\u00bbfull\u00a0\u00bb alignment=\u00a0\u00bbcenter\u00a0\u00bb css_animation=\u00a0\u00bbfadeIn\u00a0\u00bb][vc_empty_space][vc_row_inner el_class=\u00a0\u00bbsy-donation-come-in-btns\u00a0\u00bb][vc_column_inner width=\u00a0\u00bb1\/3&Prime;][vc_btn title=\u00a0\u00bbFAIRE UN DON\u00a0\u00bb shape=\u00a0\u00bbround\u00a0\u00bb align=\u00a0\u00bbright\u00a0\u00bb css_animation=\u00a0\u00bbfadeIn\u00a0\u00bb link=\u00a0\u00bburl:https%3A%2F%2Fwww.imakeanonlinedonation.org%2Fjeunesseausoleil-sunyouth%2FXMASDON%2F\u00a0\u00bb][\/vc_column_inner][vc_column_inner width=\u00a0\u00bb1\/3&Prime;][vc_btn title=\u00a0\u00bbFAIRE DU B\u00c9N\u00c9VOLAT\u00a0\u00bb shape=\u00a0\u00bbround\u00a0\u00bb align=\u00a0\u00bbcenter\u00a0\u00bb css_animation=\u00a0\u00bbfadeIn\u00a0\u00bb link=\u00a0\u00bburl:https%3A%2F%2Fsunyouth.org%2Fbecome-a-volunteer%2F\u00a0\u00bb][\/vc_column_inner][vc_column_inner width=\u00a0\u00bb1\/3&Prime;][vc_btn title=\u00a0\u00bbNOUS SUIVRE\u00a0\u00bb shape=\u00a0\u00bbround\u00a0\u00bb align=\u00a0\u00bbleft\u00a0\u00bb css_animation=\u00a0\u00bbfadeIn\u00a0\u00bb link=\u00a0\u00bburl:%23|||\u00a0\u00bb el_class=\u00a0\u00bbsy-share-this-btn\u00a0\u00bb][\/vc_column_inner][\/vc_row_inner][\/vc_column][\/vc_row]<\/p>\n<\/div>","protected":false},"excerpt":{"rendered":"<p>[vc_row full_width=\u00a0\u00bbstretch_row\u00a0\u00bb full_height=\u00a0\u00bbyes\u00a0\u00bb content_placement=\u00a0\u00bbmiddle\u00a0\u00bb thegem_shadow_color=\u00a0\u00bb#000000&Prime; thegem_enable_shadow=\u00a0\u00bbtrue\u00a0\u00bb el_class=\u00a0\u00bbdonation-section give-away-section home-sec-slide winter-2021-header\u00a0\u00bb css=\u00a0\u00bb.vc_custom_1774452285446{margin-bottom: 0px !important;background-image: url(https:\/\/sunyouth.org\/wp-content\/uploads\/2026\/03\/Fern-new2-1.jpg?id=173618) !important;background-position: center !important;background-repeat: no-repeat !important;background-size: cover !important;}\u00a0\u00bb][vc_column width=\u00a0\u00bb1\/2&Prime;&#8230;<\/p>\n","protected":false},"author":12,"featured_media":159896,"parent":0,"menu_order":0,"comment_status":"closed","ping_status":"closed","template":"","meta":{"_acf_changed":false,"_monsterinsights_skip_tracking":false,"_monsterinsights_sitenote_active":false,"_monsterinsights_sitenote_note":"","_monsterinsights_sitenote_category":0,"footnotes":""},"class_list":["post-159814","page","type-page","status-publish","has-post-thumbnail"],"acf":[],"yoast_head":"<!-- This site is optimized with the Yoast SEO plugin v27.4 - https:\/\/yoast.com\/product\/yoast-seo-wordpress\/ -->\n<title>Winter Campaign 2022-Fernando - Jeunesse au soleil<\/title>\n<meta name=\"description\" content=\"Your donation will allow us to provide healthy food as well as a variety of services to disadvantaged individuals and families.\" \/>\n<meta name=\"robots\" content=\"index, follow, max-snippet:-1, max-image-preview:large, max-video-preview:-1\" \/>\n<link rel=\"canonical\" href=\"https:\/\/sunyouth.org\/fr\/winter-campaign-2022-fernando\/\" \/>\n<meta property=\"og:locale\" content=\"fr_FR\" \/>\n<meta property=\"og:type\" content=\"article\" \/>\n<meta property=\"og:title\" content=\"Winter Campaign 2022-Fernando - Jeunesse au soleil\" \/>\n<meta property=\"og:description\" content=\"Your donation will allow us to provide healthy food as well as a variety of services to disadvantaged individuals and families.\" \/>\n<meta property=\"og:url\" content=\"https:\/\/sunyouth.org\/fr\/winter-campaign-2022-fernando\/\" \/>\n<meta property=\"og:site_name\" content=\"Jeunesse au soleil\" \/>\n<meta property=\"article:modified_time\" content=\"2026-03-25T15:24:58+00:00\" \/>\n<meta property=\"og:image\" content=\"https:\/\/sunyouth.org\/wp-content\/uploads\/2022\/12\/Sun-youth-2022-ok-scaled.jpg\" \/>\n\t<meta property=\"og:image:width\" content=\"2560\" \/>\n\t<meta property=\"og:image:height\" content=\"1600\" \/>\n\t<meta property=\"og:image:type\" content=\"image\/jpeg\" \/>\n<meta name=\"twitter:card\" content=\"summary_large_image\" \/>\n<meta name=\"twitter:image\" content=\"https:\/\/sunyouth.org\/wp-content\/uploads\/2022\/12\/Sun-youth-2022-ok-scaled.jpg\" \/>\n<meta name=\"twitter:label1\" content=\"Dur\u00e9e de lecture estim\u00e9e\" \/>\n\t<meta name=\"twitter:data1\" content=\"10 minutes\" \/>\n<script type=\"application\/ld+json\" class=\"yoast-schema-graph\">{\"@context\":\"https:\\\/\\\/schema.org\",\"@graph\":[{\"@type\":\"WebPage\",\"@id\":\"https:\\\/\\\/sunyouth.org\\\/fr\\\/winter-campaign-2022-fernando\\\/\",\"url\":\"https:\\\/\\\/sunyouth.org\\\/fr\\\/winter-campaign-2022-fernando\\\/\",\"name\":\"Winter Campaign 2022-Fernando - Jeunesse au soleil\",\"isPartOf\":{\"@id\":\"https:\\\/\\\/sunyouth.org\\\/#website\"},\"primaryImageOfPage\":{\"@id\":\"https:\\\/\\\/sunyouth.org\\\/fr\\\/winter-campaign-2022-fernando\\\/#primaryimage\"},\"image\":{\"@id\":\"https:\\\/\\\/sunyouth.org\\\/fr\\\/winter-campaign-2022-fernando\\\/#primaryimage\"},\"thumbnailUrl\":\"https:\\\/\\\/sunyouth.org\\\/wp-content\\\/uploads\\\/2022\\\/12\\\/Sun-youth-2022-ok-scaled.jpg\",\"datePublished\":\"2022-12-07T13:27:03+00:00\",\"dateModified\":\"2026-03-25T15:24:58+00:00\",\"description\":\"Your donation will allow us to provide healthy food as well as a variety of services to disadvantaged individuals and families.\",\"breadcrumb\":{\"@id\":\"https:\\\/\\\/sunyouth.org\\\/fr\\\/winter-campaign-2022-fernando\\\/#breadcrumb\"},\"inLanguage\":\"fr-FR\",\"potentialAction\":[{\"@type\":\"ReadAction\",\"target\":[\"https:\\\/\\\/sunyouth.org\\\/fr\\\/winter-campaign-2022-fernando\\\/\"]}]},{\"@type\":\"ImageObject\",\"inLanguage\":\"fr-FR\",\"@id\":\"https:\\\/\\\/sunyouth.org\\\/fr\\\/winter-campaign-2022-fernando\\\/#primaryimage\",\"url\":\"https:\\\/\\\/sunyouth.org\\\/wp-content\\\/uploads\\\/2022\\\/12\\\/Sun-youth-2022-ok-scaled.jpg\",\"contentUrl\":\"https:\\\/\\\/sunyouth.org\\\/wp-content\\\/uploads\\\/2022\\\/12\\\/Sun-youth-2022-ok-scaled.jpg\",\"width\":2560,\"height\":1600},{\"@type\":\"BreadcrumbList\",\"@id\":\"https:\\\/\\\/sunyouth.org\\\/fr\\\/winter-campaign-2022-fernando\\\/#breadcrumb\",\"itemListElement\":[{\"@type\":\"ListItem\",\"position\":1,\"name\":\"Home\",\"item\":\"https:\\\/\\\/sunyouth.org\\\/fr\\\/\"},{\"@type\":\"ListItem\",\"position\":2,\"name\":\"Winter Campaign 2022-Fernando\"}]},{\"@type\":\"WebSite\",\"@id\":\"https:\\\/\\\/sunyouth.org\\\/#website\",\"url\":\"https:\\\/\\\/sunyouth.org\\\/\",\"name\":\"Jeunesse au soleil\",\"description\":\"Dedicated since 1954!\",\"publisher\":{\"@id\":\"https:\\\/\\\/sunyouth.org\\\/#organization\"},\"potentialAction\":[{\"@type\":\"SearchAction\",\"target\":{\"@type\":\"EntryPoint\",\"urlTemplate\":\"https:\\\/\\\/sunyouth.org\\\/?s={search_term_string}\"},\"query-input\":{\"@type\":\"PropertyValueSpecification\",\"valueRequired\":true,\"valueName\":\"search_term_string\"}}],\"inLanguage\":\"fr-FR\"},{\"@type\":\"Organization\",\"@id\":\"https:\\\/\\\/sunyouth.org\\\/#organization\",\"name\":\"SUN YOUTH\",\"url\":\"https:\\\/\\\/sunyouth.org\\\/\",\"logo\":{\"@type\":\"ImageObject\",\"inLanguage\":\"fr-FR\",\"@id\":\"https:\\\/\\\/sunyouth.org\\\/#\\\/schema\\\/logo\\\/image\\\/\",\"url\":\"https:\\\/\\\/sunyouth.org\\\/wp-content\\\/uploads\\\/2018\\\/11\\\/LOGO-SUNYOUTH.png\",\"contentUrl\":\"https:\\\/\\\/sunyouth.org\\\/wp-content\\\/uploads\\\/2018\\\/11\\\/LOGO-SUNYOUTH.png\",\"width\":251,\"height\":251,\"caption\":\"SUN YOUTH\"},\"image\":{\"@id\":\"https:\\\/\\\/sunyouth.org\\\/#\\\/schema\\\/logo\\\/image\\\/\"}}]}<\/script>\n<!-- \/ Yoast SEO plugin. -->","yoast_head_json":{"title":"Winter Campaign 2022-Fernando - Jeunesse au soleil","description":"Your donation will allow us to provide healthy food as well as a variety of services to disadvantaged individuals and families.","robots":{"index":"index","follow":"follow","max-snippet":"max-snippet:-1","max-image-preview":"max-image-preview:large","max-video-preview":"max-video-preview:-1"},"canonical":"https:\/\/sunyouth.org\/fr\/winter-campaign-2022-fernando\/","og_locale":"fr_FR","og_type":"article","og_title":"Winter Campaign 2022-Fernando - Jeunesse au soleil","og_description":"Your donation will allow us to provide healthy food as well as a variety of services to disadvantaged individuals and families.","og_url":"https:\/\/sunyouth.org\/fr\/winter-campaign-2022-fernando\/","og_site_name":"Jeunesse au soleil","article_modified_time":"2026-03-25T15:24:58+00:00","og_image":[{"width":2560,"height":1600,"url":"https:\/\/sunyouth.org\/wp-content\/uploads\/2022\/12\/Sun-youth-2022-ok-scaled.jpg","type":"image\/jpeg"}],"twitter_card":"summary_large_image","twitter_image":"https:\/\/sunyouth.org\/wp-content\/uploads\/2022\/12\/Sun-youth-2022-ok-scaled.jpg","twitter_misc":{"Dur\u00e9e de lecture estim\u00e9e":"10 minutes"},"schema":{"@context":"https:\/\/schema.org","@graph":[{"@type":"WebPage","@id":"https:\/\/sunyouth.org\/fr\/winter-campaign-2022-fernando\/","url":"https:\/\/sunyouth.org\/fr\/winter-campaign-2022-fernando\/","name":"Winter Campaign 2022-Fernando - Jeunesse au soleil","isPartOf":{"@id":"https:\/\/sunyouth.org\/#website"},"primaryImageOfPage":{"@id":"https:\/\/sunyouth.org\/fr\/winter-campaign-2022-fernando\/#primaryimage"},"image":{"@id":"https:\/\/sunyouth.org\/fr\/winter-campaign-2022-fernando\/#primaryimage"},"thumbnailUrl":"https:\/\/sunyouth.org\/wp-content\/uploads\/2022\/12\/Sun-youth-2022-ok-scaled.jpg","datePublished":"2022-12-07T13:27:03+00:00","dateModified":"2026-03-25T15:24:58+00:00","description":"Your donation will allow us to provide healthy food as well as a variety of services to disadvantaged individuals and families.","breadcrumb":{"@id":"https:\/\/sunyouth.org\/fr\/winter-campaign-2022-fernando\/#breadcrumb"},"inLanguage":"fr-FR","potentialAction":[{"@type":"ReadAction","target":["https:\/\/sunyouth.org\/fr\/winter-campaign-2022-fernando\/"]}]},{"@type":"ImageObject","inLanguage":"fr-FR","@id":"https:\/\/sunyouth.org\/fr\/winter-campaign-2022-fernando\/#primaryimage","url":"https:\/\/sunyouth.org\/wp-content\/uploads\/2022\/12\/Sun-youth-2022-ok-scaled.jpg","contentUrl":"https:\/\/sunyouth.org\/wp-content\/uploads\/2022\/12\/Sun-youth-2022-ok-scaled.jpg","width":2560,"height":1600},{"@type":"BreadcrumbList","@id":"https:\/\/sunyouth.org\/fr\/winter-campaign-2022-fernando\/#breadcrumb","itemListElement":[{"@type":"ListItem","position":1,"name":"Home","item":"https:\/\/sunyouth.org\/fr\/"},{"@type":"ListItem","position":2,"name":"Winter Campaign 2022-Fernando"}]},{"@type":"WebSite","@id":"https:\/\/sunyouth.org\/#website","url":"https:\/\/sunyouth.org\/","name":"Jeunesse au soleil","description":"Dedicated since 1954!","publisher":{"@id":"https:\/\/sunyouth.org\/#organization"},"potentialAction":[{"@type":"SearchAction","target":{"@type":"EntryPoint","urlTemplate":"https:\/\/sunyouth.org\/?s={search_term_string}"},"query-input":{"@type":"PropertyValueSpecification","valueRequired":true,"valueName":"search_term_string"}}],"inLanguage":"fr-FR"},{"@type":"Organization","@id":"https:\/\/sunyouth.org\/#organization","name":"SUN YOUTH","url":"https:\/\/sunyouth.org\/","logo":{"@type":"ImageObject","inLanguage":"fr-FR","@id":"https:\/\/sunyouth.org\/#\/schema\/logo\/image\/","url":"https:\/\/sunyouth.org\/wp-content\/uploads\/2018\/11\/LOGO-SUNYOUTH.png","contentUrl":"https:\/\/sunyouth.org\/wp-content\/uploads\/2018\/11\/LOGO-SUNYOUTH.png","width":251,"height":251,"caption":"SUN YOUTH"},"image":{"@id":"https:\/\/sunyouth.org\/#\/schema\/logo\/image\/"}}]}},"_links":{"self":[{"href":"https:\/\/sunyouth.org\/fr\/wp-json\/wp\/v2\/pages\/159814","targetHints":{"allow":["GET"]}}],"collection":[{"href":"https:\/\/sunyouth.org\/fr\/wp-json\/wp\/v2\/pages"}],"about":[{"href":"https:\/\/sunyouth.org\/fr\/wp-json\/wp\/v2\/types\/page"}],"author":[{"embeddable":true,"href":"https:\/\/sunyouth.org\/fr\/wp-json\/wp\/v2\/users\/12"}],"replies":[{"embeddable":true,"href":"https:\/\/sunyouth.org\/fr\/wp-json\/wp\/v2\/comments?post=159814"}],"version-history":[{"count":17,"href":"https:\/\/sunyouth.org\/fr\/wp-json\/wp\/v2\/pages\/159814\/revisions"}],"predecessor-version":[{"id":173620,"href":"https:\/\/sunyouth.org\/fr\/wp-json\/wp\/v2\/pages\/159814\/revisions\/173620"}],"wp:featuredmedia":[{"embeddable":true,"href":"https:\/\/sunyouth.org\/fr\/wp-json\/wp\/v2\/media\/159896"}],"wp:attachment":[{"href":"https:\/\/sunyouth.org\/fr\/wp-json\/wp\/v2\/media?parent=159814"}],"curies":[{"name":"wp","href":"https:\/\/api.w.org\/{rel}","templated":true}]}}