{"id":157997,"date":"2021-12-06T17:55:47","date_gmt":"2021-12-06T17:55:47","guid":{"rendered":"https:\/\/sunyouth.org\/?page_id=157997"},"modified":"2025-11-13T15:31:04","modified_gmt":"2025-11-13T20:31:04","slug":"campagne-des-fetes-2021-francois","status":"publish","type":"page","link":"https:\/\/sunyouth.org\/fr\/campagne-des-fetes-2021-francois\/","title":{"rendered":"Campagne des F\u00eates 2021- Francois"},"content":{"rendered":"<div class=\"wpb-content-wrapper\"><p>[vc_row full_width=\u00a0\u00bbstretch_row\u00a0\u00bb full_height=\u00a0\u00bbyes\u00a0\u00bb content_placement=\u00a0\u00bbmiddle\u00a0\u00bb el_class=\u00a0\u00bbdonation-section give-away-section home-sec-slide winter-2021-header\u00a0\u00bb css=\u00a0\u00bb.vc_custom_1638813218460{margin-bottom: 0px !important;background-image: url(https:\/\/sunyouth.org\/wp-content\/uploads\/2021\/12\/Sun-Youth-_U0A9835-Edit-DH.jpg?id=158001) !important;background-position: center !important;background-repeat: no-repeat !important;background-size: cover !important;}\u00a0\u00bb][vc_column width=\u00a0\u00bb1\/2&Prime; css_animation=\u00a0\u00bbnone\u00a0\u00bb el_class=\u00a0\u00bbhome-section3-column\u00a0\u00bb][\/vc_column][vc_column width=\u00a0\u00bb1\/2&Prime;][vc_custom_heading text=\u00a0\u00bbOn conna\u00eet tous\u00a0\u00bb font_container=\u00a0\u00bbtag:h2|font_size:70|text_align:left|color:%23ffffff|line_height:90px\u00a0\u00bb google_fonts=\u00a0\u00bbfont_family:Open%20Sans%3A300%2C300italic%2Cregular%2Citalic%2C600%2C600italic%2C700%2C700italic%2C800%2C800italic|font_style:600%20bold%20regular%3A600%3Anormal\u00a0\u00bb css_animation=\u00a0\u00bbnone\u00a0\u00bb el_class=\u00a0\u00bbhome-section3-h2&Prime;][vc_column_text css=\u00a0\u00bb.vc_custom_1639068015773{margin-bottom: 30px !important;}\u00a0\u00bb el_class=\u00a0\u00bbtino-p header-t-u-txt\u00a0\u00bb]<span style=\"color: #ffffff;\">Le jour o\u00f9 Kim Naraine a rencontr\u00e9 Fran\u00e7ois Turgeon au Parc Jeanne-Mance Park alors qu\u2019elle vendait des hot-dogs afin de r\u00e9colter des fonds pour le programme de football de Jeunesse au Soleil, elle n\u2019avait aucune id\u00e9e que cette rencontre changerait sa vie. Tout ce qu\u2019elle savait c\u2019est qu\u2019il achetait beaucoup de ses hot-dogs.<br \/>\n<\/span>[\/vc_column_text][\/vc_column][\/vc_row][vc_row full_width=\u00a0\u00bbstretch_row\u00a0\u00bb css=\u00a0\u00bb.vc_custom_1637861111136{margin-bottom: 0px !important;padding-top: 60px !important;padding-bottom: 60px !important;background-color: #f5f5f5 !important;}\u00a0\u00bb][vc_column width=\u00a0\u00bb1\/4&Prime;][\/vc_column][vc_column width=\u00a0\u00bb1\/2&Prime;][vc_column_text css_animation=\u00a0\u00bbfadeIn\u00a0\u00bb]<span style=\"color: #000000; font-size: 18px; line-height: 25px;\"><strong>\u00ab Il ne cessait de revenir.<\/strong> Il a amen\u00e9 sa m\u00e8re\u2026 Je ne savais toujours pas qui il \u00e9tait mais j\u2019ai rencontr\u00e9 sa m\u00e8re et ensuite il m\u2019a demand\u00e9 s\u2019il pouvait m\u2019aider \u00e0 ramasser les choses et les rapporter \u00e0 Jeunesse au Soleil, \u00bb se souvient Naraine.<br \/>\n<\/span><\/p>\n<p><span style=\"color: #000000; font-size: 18px; line-height: 25px;\">Ce qu\u2019elle ne savait pas c\u2019est que Fran\u00e7ois \u00e9tait sans le sou. Pire encore, il souffrait de d\u00e9pression \u00e0 cause du deuil apport\u00e9 par le r\u00e9cent d\u00e9c\u00e8s de sa s\u0153ur Emmanuelle Turgeon, une auteure publi\u00e9e et po\u00e8te, en raison d\u2019une d\u00e9pendance aux drogues. En plus de cela, il avait perdu sa propre compagnie \u00e0 cause d&rsquo;une prise de contr\u00f4le hostile le jour m\u00eame du d\u00e9c\u00e8s de sa s\u0153ur.<br \/>\n<\/span><\/p>\n<p><span style=\"color: #000000; font-size: 18px; line-height: 25px;\">Fran\u00e7ois se souvient de l&rsquo;importance de ce jour pour lui alors qu\u2019il tentait de se remettre de ces deuils insoutenables. <\/span>[\/vc_column_text][\/vc_column][vc_column width=\u00a0\u00bb1\/4&Prime;][\/vc_column][\/vc_row][vc_row full_width=\u00a0\u00bbstretch_row\u00a0\u00bb css=\u00a0\u00bb.vc_custom_1638813269279{margin-bottom: 0px !important;padding-top: 160px !important;padding-bottom: 160px !important;background-image: url(https:\/\/sunyouth.org\/wp-content\/uploads\/2021\/12\/NB-Sun-Youth-_U0A9852-Edit-DH-copy.jpg?id=158003) !important;background-position: center !important;background-repeat: no-repeat !important;background-size: cover !important;}\u00a0\u00bb el_class=\u00a0\u00bbsy-do-beta-scroll eug-sec-bg\u00a0\u00bb][vc_column width=\u00a0\u00bb1\/3&Prime;][\/vc_column][vc_column width=\u00a0\u00bb2\/3&Prime;][vc_column_text css_animation=\u00a0\u00bbfadeIn\u00a0\u00bb]<span style=\"color: #000000; font-size: 30px; line-height: 43px;\"><em>\u00ab Quand vous passez \u00e0 travers le deuil et soudainement vous voyez un peu de lumi\u00e8re, vous voyez un peu de sourires. Vous voyez tous ces enfants avoir du plaisir \u00e0 jouer au football. \u00c7a vous sort du cercle vicieux dans votre t\u00eate et de toute la mis\u00e8re par laquelle vous passez. C\u2019est ainsi que je l\u2019ai rencontr\u00e9e. Cette journ\u00e9e \u00e9tait vraiment sp\u00e9ciale pour moi. \u00bb<br \/>\n<\/em><\/span><\/p>\n<p style=\"text-align: right;\"><span style=\"color: #000000; font-size: 30px; line-height: 43px;\"><em><strong>&#8211; Fran\u00e7ois Turgeon<br \/>\n<\/strong><\/em><\/span><\/p>\n<p>[\/vc_column_text][\/vc_column][\/vc_row][vc_row css=\u00a0\u00bb.vc_custom_1637861128357{margin-bottom: 0px !important;padding-top: 60px !important;padding-bottom: 60px !important;}\u00a0\u00bb][vc_column width=\u00a0\u00bb1\/4&Prime;][\/vc_column][vc_column width=\u00a0\u00bb1\/2&Prime;][vc_column_text css_animation=\u00a0\u00bbfadeIn\u00a0\u00bb]<span style=\"color: #000000; font-size: 18px; line-height: 25px;\"><strong>Kim \u00e9tait une b\u00e9n\u00e9vole de longue date<\/strong> de Jeunesse au Soleil et a amen\u00e9 Fran\u00e7ois avec elle afin de pr\u00e9parer des paniers de nourriture pour les gens les plus n\u00e9cessiteux de la ville. Il s\u2019est souvenu de comment faire du b\u00e9n\u00e9volat l\u2019a aid\u00e9 \u00e0 r\u00e9aliser que d\u2019autres passaient par des moments tout aussi difficiles et qu\u2019en les aidant il pouvait s\u2019aider lui-m\u00eame.<br \/>\n<\/span><\/p>\n<p><span style=\"color: #000000; font-size: 18px; line-height: 25px;\">\u00ab Nous avons commenc\u00e9 \u00e0 faire de plus en plus de b\u00e9n\u00e9volat, \u00bb se souvient Fran\u00e7ois Turgeon. \u00ab En toute honn\u00eatet\u00e9, j\u2019y allais quand je n\u2019avais pas d\u2019argent. Je n\u2019avais pas de nourriture, pas d\u2019argent et le stress que vous avez quand le traumatisme frappe. C\u2019est comme si Jeunesse au Soleil \u00e9tait en mesure de ramener mon attention vers le fait d\u2019aider les autres\u2026 \u00c7a a fait une \u00e9norme diff\u00e9rence pour moi dans mon monde. \u00bb<br \/>\n<\/span><\/p>\n<p><span style=\"color: #000000; font-size: 18px; line-height: 25px;\">En plus de lui donner une raison d\u2019\u00eatre, Jeunesse au Soleil a jet\u00e9 les bases de ce dont il avait besoin pour passer \u00e0 travers cette p\u00e9riode difficile, incluant de la nourriture et des v\u00eatements. Il porte encore la paire de jeans que Jeunesse au Soleil lui a donn\u00e9 la premi\u00e8re journ\u00e9e o\u00f9 il a aid\u00e9 l\u2019organisme \u00e0 son entrep\u00f4t.<br \/>\n<\/span>[\/vc_column_text][\/vc_column][vc_column width=\u00a0\u00bb1\/4&Prime;][\/vc_column][\/vc_row][vc_row full_width=\u00a0\u00bbstretch_row\u00a0\u00bb css=\u00a0\u00bb.vc_custom_1638813320507{margin-bottom: 0px !important;padding-top: 160px !important;padding-bottom: 160px !important;background-image: url(https:\/\/sunyouth.org\/wp-content\/uploads\/2021\/12\/NB-Sun-Youth-_U0A9852-Edit-DH-copy.jpg?id=158003) !important;background-position: center !important;background-repeat: no-repeat !important;background-size: cover !important;}\u00a0\u00bb el_class=\u00a0\u00bbsy-do-beta-scroll eug-sec-bg\u00a0\u00bb][vc_column width=\u00a0\u00bb2\/3&Prime;][vc_column_text css_animation=\u00a0\u00bbfadeIn\u00a0\u00bb]<span style=\"color: #000000; font-size: 30px; line-height: 43px;\"><em>\u00ab C\u2019est une belle histoire parce qu\u2019\u00e0 la fin, on change. Vous savez, Jeunesse au Soleil est aussi synonyme de changement. C\u2019est aussi \u00e0 propos d\u2019accepter quelques choses mais aussi d\u2019avoir le pouvoir de tendre la main afin d\u2019obtenir de l\u2019aide. \u00bb<br \/>\n<\/em><\/span><\/p>\n<p>&nbsp;<\/p>\n<p style=\"text-align: right;\"><span style=\"color: #000000; font-size: 30px; line-height: 43px;\"><em><strong>&#8211; Fran\u00e7ois Turgeon<\/strong><\/em><\/span><\/p>\n<p>[\/vc_column_text][\/vc_column][vc_column width=\u00a0\u00bb1\/3&Prime;][\/vc_column][\/vc_row][vc_row css=\u00a0\u00bb.vc_custom_1637861144548{margin-bottom: 0px !important;padding-top: 60px !important;padding-bottom: 60px !important;}\u00a0\u00bb][vc_column width=\u00a0\u00bb1\/4&Prime;][\/vc_column][vc_column width=\u00a0\u00bb1\/2&Prime;][vc_column_text]<span style=\"color: #000000; font-size: 18px; line-height: 25px;\"><strong>Aujourd\u2019hui, Fran\u00e7ois Turgeon et Kim Naraine sont en couple<\/strong> et il travaille \u00e0 Jeunesse au Soleil en tant que producteur multim\u00e9dia. Il est \u00e9ternellement reconnaissant de la gentillesse que le personnel de Jeunesse au Soleil lui a d\u00e9montr\u00e9 pendant qu\u2019il \u00e9tait dans le besoin.<br \/>\n<\/span><\/p>\n<p><span style=\"color: #000000; font-size: 18px; line-height: 25px;\"><br \/>\n\u00ab Jeunesse au Soleil fait partie de la bienveillance des Montr\u00e9alais, \u00bb dit Fran\u00e7ois. \u00ab Je pense que Jeunesse au Soleil existe parce que les Montr\u00e9alais sont bienveillants et au courant de la mis\u00e8re qui existe. Ils savent qu\u2019il y a des gens dans le besoin et cela doit se poursuivre. \u00bb<br \/>\n<\/span><\/p>\n<p><span style=\"color: #000000; font-size: 18px; line-height: 25px;\">Kim a partag\u00e9 un message similaire afin d\u2019encourager les Montr\u00e9alais \u00e0 donner autant qu\u2019ils le peuvent \u00e0 Jeunesse au Soleil et m\u00eame s\u2019ils ne le peuvent mon\u00e9tairement, ils devraient plut\u00f4t envisager de donner de leur temps.<br \/>\n<\/span>[\/vc_column_text]<div class=\"gem-youtube gem-wrapbox gem-wrapbox-style-no-style rounded-corners gem-wrapbox-position-below\" style=\"width: 100%;\"><div class=\"gem-wrapbox-inner gem-ratio-style\" style=\"padding-top: 56.25%\"><iframe class=\"gem-wrapbox-element img-responsive\" width=\"100%\" height=\"300\" allowfullscreen=\"allowfullscreen\" frameborder=\"0\" scrolling=\"no\" marginheight=\"0\" marginwidth=\"0\" src=\"\/\/www.youtube.com\/embed\/RQ_07FAgkvo?rel=0&amp;wmode=opaque\"><\/iframe><\/div><\/div>[\/vc_column][vc_column width=\u00a0\u00bb1\/4&Prime;][\/vc_column][\/vc_row][vc_row full_width=\u00a0\u00bbstretch_row\u00a0\u00bb css=\u00a0\u00bb.vc_custom_1637861153374{margin-bottom: 0px !important;padding-top: 60px !important;padding-bottom: 60px !important;background-color: #f5f5f5 !important;}\u00a0\u00bb][vc_column width=\u00a0\u00bb1\/4&Prime;][\/vc_column][vc_column width=\u00a0\u00bb1\/2&Prime;][vc_column_text css_animation=\u00a0\u00bbfadeIn\u00a0\u00bb]<span style=\"color: #000000; font-size: 18px; line-height: 25px;\"><strong>\u00ab Je pense que faire du b\u00e9n\u00e9volat est toujours une excellente id\u00e9e,\u00bb <\/strong> dit Kim. \u00ab Je n\u2019ai pas toujours \u00e9t\u00e9 en mesure de donner et il y a des moments dans ma vie o\u00f9 je n\u2019avais pas d\u2019argent mais j\u2019ai toujours \u00e9t\u00e9 capable de donner de mon temps. \u00bb<br \/>\n<\/span><\/p>\n<p><span style=\"color: #000000; font-size: 18px; line-height: 25px;\"><br \/>\nLe b\u00e9n\u00e9volat est encore plus important pour elle apr\u00e8s l\u2019exp\u00e9rience que les Montr\u00e9alais ont eu durant la pand\u00e9mie.<br \/>\n<\/span><\/p>\n<p><span style=\"color: #000000; font-size: 18px; line-height: 25px;\">\u00ab Je pense que nous sommes pass\u00e9s \u00e0 travers cette p\u00e9riode o\u00f9 les gens ont \u00e9t\u00e9 si d\u00e9connect\u00e9s et je pense que de faire du b\u00e9n\u00e9volat aupr\u00e8s d\u2019un organisme comme Jeunesse au Soleil est une excellente fa\u00e7on de se sentir impliqu\u00e9 et pour nous en tant que soci\u00e9t\u00e9 de se rassembler. \u00bb<br \/>\n<\/span>[\/vc_column_text][\/vc_column][vc_column width=\u00a0\u00bb1\/4&Prime;][\/vc_column][\/vc_row][vc_row css=\u00a0\u00bb.vc_custom_1637861162830{margin-bottom: 0px !important;padding-top: 60px !important;padding-bottom: 60px !important;}\u00a0\u00bb][vc_column width=\u00a0\u00bb1\/4&Prime;][\/vc_column][vc_column width=\u00a0\u00bb1\/2&Prime;][vc_column_text]<span style=\"color: #000000; font-size: 18px; line-height: 25px;\"><strong>Aujourd\u2019hui, Jeunesse au Soleil<\/strong> est mieux connue pour les paniers de No\u00ebl que l\u2019organisme distribue durant la p\u00e9riode des F\u00eates mais on y fournit aussi de l\u2019aide alimentaire en cours d\u2019ann\u00e9e. Moins bien connus sont ses autres programmes d\u2019aide tels que celui qui aide les gens dans le besoin \u00e0 payer leur facture de chauffage ou leurs m\u00e9dicaments de m\u00eame que pour ses services d\u2019urgence qui fournissent de l\u2019aide aux victimes d\u2019incendie, d&rsquo;inondation ou d\u2019autres d\u00e9sastres, quelques fois venant en aide aux gens bien au del\u00e0 des fronti\u00e8res de Montr\u00e9al.<br \/>\n<\/span><\/p>\n<p><span style=\"color: #000000; font-size: 18px; line-height: 25px;\">Le jour o\u00f9 Fran\u00e7ois a rencontr\u00e9 Kim, elle aidait \u00e0 amasser des fonds pour les \u00e9quipes de football de Jeunesse au Soleil. Les programmes de sports et loisirs ont \u00e9t\u00e9 au coeur de la mission de Jeunesse au Soleil pour des g\u00e9n\u00e9rations. Quand Sid Stevens et le d\u00e9funt Earl De La Perralle ont fond\u00e9 l\u2019organisme il y a 67 ans, c\u2019\u00e9tait pour fournir \u00e0 la jeunesse montr\u00e9alaise l\u2019acc\u00e8s \u00e0 des activit\u00e9s sportives tout en redonnant \u00e0 la communaut\u00e9.<\/span><\/p>\n<p><span style=\"color: #000000; font-size: 18px; line-height: 25px;\">\u00ab Jeunesse au Soleil repr\u00e9sente tant de choses, \u00bb dit Kim Naraine. \u00ab C\u2019est une \u00e9quipe de football, ce sont des paniers de nourriture et c\u2019est tout simplement des gens qui se rassemblent et qui sont confortables les uns avec les autres et qui sont soutenus. Je pense que c\u2019est une merveilleuse organisation et je suis heureuse d\u2019y \u00eatre attach\u00e9e. \u00bb<br \/>\n<\/span>[\/vc_column_text][\/vc_column][vc_column width=\u00a0\u00bb1\/4&Prime;][\/vc_column][\/vc_row][vc_row][vc_column][vc_row_inner][vc_column_inner width=\u00a0\u00bb1\/3&Prime;][\/vc_column_inner][vc_column_inner width=\u00a0\u00bb1\/3&Prime;][vc_column_text css=\u00a0\u00bb\u00a0\u00bb]<span style=\"color: #000000;\"><strong>Lire l&rsquo;histoire de Tony\u00a0<\/strong><\/span>[\/vc_column_text][\/vc_column_inner][vc_column_inner width=\u00a0\u00bb1\/3&Prime;][\/vc_column_inner][\/vc_row_inner][vc_single_image image=\u00a0\u00bb167065&Prime; img_size=\u00a0\u00bb970&#215;250&Prime; alignment=\u00a0\u00bbcenter\u00a0\u00bb onclick=\u00a0\u00bbcustom_link\u00a0\u00bb css=\u00a0\u00bb\u00a0\u00bb link=\u00a0\u00bbhttps:\/\/sunyouth.org\/fr\/tony-mohammed\/\u00a0\u00bb][\/vc_column][\/vc_row][vc_row][vc_column][vc_row_inner][vc_column_inner width=\u00a0\u00bb1\/4&Prime;][\/vc_column_inner][vc_column_inner width=\u00a0\u00bb1\/2&Prime;][vc_column_text]<span style=\"color: #000000;\"><strong>Lire l&rsquo;histoire de Dimitri<br \/>\n<\/strong><\/span>[\/vc_column_text][\/vc_column_inner][vc_column_inner width=\u00a0\u00bb1\/4&Prime;][\/vc_column_inner][\/vc_row_inner][vc_single_image image=\u00a0\u00bb162222&Prime; img_size=\u00a0\u00bbfull\u00a0\u00bb alignment=\u00a0\u00bbcenter\u00a0\u00bb onclick=\u00a0\u00bbcustom_link\u00a0\u00bb link=\u00a0\u00bbhttps:\/\/sunyouth.org\/fr\/winter-campaign-2022-fernando\/\u00a0\u00bb][vc_row_inner][vc_column_inner width=\u00a0\u00bb1\/4&Prime;][\/vc_column_inner][vc_column_inner width=\u00a0\u00bb1\/2&Prime;][vc_column_text]<span style=\"color: #000000;\"><strong>Lire l&rsquo;histoire de Fernando<\/strong><\/span>[\/vc_column_text][\/vc_column_inner][vc_column_inner width=\u00a0\u00bb1\/4&Prime;][\/vc_column_inner][\/vc_row_inner][vc_single_image image=\u00a0\u00bb159864&Prime; img_size=\u00a0\u00bbfull\u00a0\u00bb alignment=\u00a0\u00bbcenter\u00a0\u00bb onclick=\u00a0\u00bbcustom_link\u00a0\u00bb link=\u00a0\u00bbhttps:\/\/sunyouth.org\/fr\/winter-campaign-2022-fernando\/\u00a0\u00bb][vc_row_inner][vc_column_inner width=\u00a0\u00bb1\/4&Prime;][\/vc_column_inner][vc_column_inner width=\u00a0\u00bb1\/2&Prime;][vc_column_text]<span style=\"color: #000000;\"><strong>Lire l&rsquo;histoire d&rsquo;Alexandre<\/strong><\/span>[\/vc_column_text][\/vc_column_inner][vc_column_inner width=\u00a0\u00bb1\/4&Prime;][\/vc_column_inner][\/vc_row_inner][vc_single_image image=\u00a0\u00bb159854&Prime; img_size=\u00a0\u00bbfull\u00a0\u00bb alignment=\u00a0\u00bbcenter\u00a0\u00bb onclick=\u00a0\u00bbcustom_link\u00a0\u00bb link=\u00a0\u00bbhttps:\/\/sunyouth.org\/fr\/winter-campaign-2022-alex\/\u00a0\u00bb][vc_row_inner][vc_column_inner width=\u00a0\u00bb1\/4&Prime;][\/vc_column_inner][vc_column_inner width=\u00a0\u00bb1\/2&Prime;][vc_column_text]<span style=\"color: #000000;\"><strong>Lire l&rsquo;histoire de Lisa-Melanie<\/strong><\/span>[\/vc_column_text][\/vc_column_inner][vc_column_inner width=\u00a0\u00bb1\/4&Prime;][\/vc_column_inner][\/vc_row_inner][vc_single_image image=\u00a0\u00bb157944&Prime; img_size=\u00a0\u00bbfull\u00a0\u00bb alignment=\u00a0\u00bbcenter\u00a0\u00bb onclick=\u00a0\u00bbcustom_link\u00a0\u00bb link=\u00a0\u00bbhttps:\/\/sunyouth.org\/fr\/lisa-mel\/\u00a0\u00bb][\/vc_column][\/vc_row][vc_row][vc_column][vc_row_inner][vc_column_inner width=\u00a0\u00bb1\/4&Prime;][\/vc_column_inner][vc_column_inner width=\u00a0\u00bb1\/2&Prime;][vc_column_text]<span style=\"color: #000000;\"><strong>Lire l\u2019histoire de Charles<\/strong><\/span>[\/vc_column_text][\/vc_column_inner][vc_column_inner width=\u00a0\u00bb1\/4&Prime;][\/vc_column_inner][\/vc_row_inner][vc_single_image image=\u00a0\u00bb159038&Prime; img_size=\u00a0\u00bbfull\u00a0\u00bb alignment=\u00a0\u00bbcenter\u00a0\u00bb onclick=\u00a0\u00bbcustom_link\u00a0\u00bb link=\u00a0\u00bbhttps:\/\/sunyouth.org\/fr\/campagne-des-fetes-2021-charles\/\u00a0\u00bb][vc_row_inner][vc_column_inner width=\u00a0\u00bb1\/4&Prime;][\/vc_column_inner][vc_column_inner width=\u00a0\u00bb1\/2&Prime;][vc_column_text]<span style=\"color: #000000;\"><strong>Lire l\u2019histoire de Jason et Sandie<\/strong><\/span>[\/vc_column_text][\/vc_column_inner][vc_column_inner width=\u00a0\u00bb1\/4&Prime;][\/vc_column_inner][\/vc_row_inner][vc_single_image image=\u00a0\u00bb159046&Prime; img_size=\u00a0\u00bbfull\u00a0\u00bb alignment=\u00a0\u00bbcenter\u00a0\u00bb onclick=\u00a0\u00bbcustom_link\u00a0\u00bb link=\u00a0\u00bbhttps:\/\/sunyouth.org\/fr\/jason-sandie\/\u00a0\u00bb][\/vc_column][\/vc_row][vc_row css=\u00a0\u00bb.vc_custom_1637861170282{margin-bottom: 0px !important;padding-top: 80px !important;padding-bottom: 170px !important;}\u00a0\u00bb el_class=\u00a0\u00bbsy-donation-page-section-3 winter-2021-section-3&Prime;][vc_column][vc_custom_heading text=\u00a0\u00bbPourquoi donner<br \/>\n\u00e0 Jeunesse au Soleil\u00a0\u00bb font_container=\u00a0\u00bbtag:h3|font_size:46|text_align:center|color:%23000000|line_height:50px\u00a0\u00bb google_fonts=\u00a0\u00bbfont_family:Open%20Sans%3A300%2C300italic%2Cregular%2Citalic%2C600%2C600italic%2C700%2C700italic%2C800%2C800italic|font_style:800%20bold%20regular%3A800%3Anormal\u00a0\u00bb css_animation=\u00a0\u00bbfadeIn\u00a0\u00bb][vc_empty_space][vc_row_inner css=\u00a0\u00bb.vc_custom_1636488573027{margin-bottom: 45px !important;}\u00a0\u00bb][vc_column_inner el_class=\u00a0\u00bbsy-donation-page-section-3-box1&Prime; width=\u00a0\u00bb1\/2&Prime;][vc_single_image image=\u00a0\u00bb156741&Prime; img_size=\u00a0\u00bbfull\u00a0\u00bb alignment=\u00a0\u00bbcenter\u00a0\u00bb css_animation=\u00a0\u00bbfadeIn\u00a0\u00bb][vc_custom_heading text=\u00a0\u00bbProgrammes sportifs\u00a0\u00bb font_container=\u00a0\u00bbtag:h6|font_size:25|text_align:center|color:%23000000&Prime; google_fonts=\u00a0\u00bbfont_family:Open%20Sans%3A300%2C300italic%2Cregular%2Citalic%2C600%2C600italic%2C700%2C700italic%2C800%2C800italic|font_style:400%20regular%3A400%3Anormal\u00a0\u00bb css_animation=\u00a0\u00bbfadeIn\u00a0\u00bb][\/vc_column_inner][vc_column_inner el_class=\u00a0\u00bbsy-donation-page-section-3-box2&Prime; width=\u00a0\u00bb1\/2&Prime;][vc_single_image image=\u00a0\u00bb156739&Prime; img_size=\u00a0\u00bbfull\u00a0\u00bb alignment=\u00a0\u00bbcenter\u00a0\u00bb css_animation=\u00a0\u00bbfadeIn\u00a0\u00bb][vc_custom_heading text=\u00a0\u00bbTutorat\u00a0\u00bb font_container=\u00a0\u00bbtag:h6|font_size:25|text_align:center|color:%23000000&Prime; google_fonts=\u00a0\u00bbfont_family:Open%20Sans%3A300%2C300italic%2Cregular%2Citalic%2C600%2C600italic%2C700%2C700italic%2C800%2C800italic|font_style:400%20regular%3A400%3Anormal\u00a0\u00bb css_animation=\u00a0\u00bbfadeIn\u00a0\u00bb][\/vc_column_inner][\/vc_row_inner][vc_row_inner css=\u00a0\u00bb.vc_custom_1636488579828{margin-bottom: 45px !important;}\u00a0\u00bb][vc_column_inner el_class=\u00a0\u00bbsy-donation-page-section-3-box3&Prime; width=\u00a0\u00bb1\/2&Prime;][vc_single_image image=\u00a0\u00bb156743&Prime; img_size=\u00a0\u00bbfull\u00a0\u00bb alignment=\u00a0\u00bbcenter\u00a0\u00bb css_animation=\u00a0\u00bbfadeIn\u00a0\u00bb][vc_custom_heading text=\u00a0\u00bbCamp de jour\u00a0\u00bb font_container=\u00a0\u00bbtag:h6|font_size:25|text_align:center|color:%23000000&Prime; google_fonts=\u00a0\u00bbfont_family:Open%20Sans%3A300%2C300italic%2Cregular%2Citalic%2C600%2C600italic%2C700%2C700italic%2C800%2C800italic|font_style:400%20regular%3A400%3Anormal\u00a0\u00bb css_animation=\u00a0\u00bbfadeIn\u00a0\u00bb][\/vc_column_inner][vc_column_inner el_class=\u00a0\u00bbsy-donation-page-section-3-box4&Prime; width=\u00a0\u00bb1\/2&Prime;][vc_single_image image=\u00a0\u00bb156735&Prime; img_size=\u00a0\u00bbfull\u00a0\u00bb alignment=\u00a0\u00bbcenter\u00a0\u00bb css=\u00a0\u00bb.vc_custom_1627119107168{margin-top: 17px !important;}\u00a0\u00bb css_animation=\u00a0\u00bbfadeIn\u00a0\u00bb][vc_custom_heading text=\u00a0\u00bbMentorat social\u00a0\u00bb font_container=\u00a0\u00bbtag:h6|font_size:25|text_align:center|color:%23000000&Prime; google_fonts=\u00a0\u00bbfont_family:Open%20Sans%3A300%2C300italic%2Cregular%2Citalic%2C600%2C600italic%2C700%2C700italic%2C800%2C800italic|font_style:400%20regular%3A400%3Anormal\u00a0\u00bb css_animation=\u00a0\u00bbfadeIn\u00a0\u00bb][\/vc_column_inner][\/vc_row_inner][vc_row_inner css=\u00a0\u00bb.vc_custom_1636488585050{margin-bottom: 45px !important;}\u00a0\u00bb][vc_column_inner el_class=\u00a0\u00bbsy-donation-page-section-3-box5&Prime; width=\u00a0\u00bb1\/2&Prime;][vc_single_image image=\u00a0\u00bb156737&Prime; img_size=\u00a0\u00bbfull\u00a0\u00bb alignment=\u00a0\u00bbcenter\u00a0\u00bb css_animation=\u00a0\u00bbfadeIn\u00a0\u00bb][vc_custom_heading text=\u00a0\u00bbAide aux<br \/>\nsinistr\u00e9s\u00a0\u00bb font_container=\u00a0\u00bbtag:h6|font_size:25|text_align:center|color:%23000000&Prime; google_fonts=\u00a0\u00bbfont_family:Open%20Sans%3A300%2C300italic%2Cregular%2Citalic%2C600%2C600italic%2C700%2C700italic%2C800%2C800italic|font_style:400%20regular%3A400%3Anormal\u00a0\u00bb css_animation=\u00a0\u00bbfadeIn\u00a0\u00bb][\/vc_column_inner][vc_column_inner el_class=\u00a0\u00bbsy-donation-page-section-3-box6&Prime; width=\u00a0\u00bb1\/2&Prime;][vc_single_image image=\u00a0\u00bb156733&Prime; img_size=\u00a0\u00bbfull\u00a0\u00bb alignment=\u00a0\u00bbcenter\u00a0\u00bb css_animation=\u00a0\u00bbfadeIn\u00a0\u00bb][vc_custom_heading text=\u00a0\u00bbAide aux victimes<br \/>\nd\u2019actes criminels\u00a0\u00bb font_container=\u00a0\u00bbtag:h6|font_size:25|text_align:center|color:%23000000&Prime; google_fonts=\u00a0\u00bbfont_family:Open%20Sans%3A300%2C300italic%2Cregular%2Citalic%2C600%2C600italic%2C700%2C700italic%2C800%2C800italic|font_style:400%20regular%3A400%3Anormal\u00a0\u00bb css_animation=\u00a0\u00bbfadeIn\u00a0\u00bb][\/vc_column_inner][\/vc_row_inner][vc_row_inner css=\u00a0\u00bb.vc_custom_1636488592151{margin-bottom: 45px !important;}\u00a0\u00bb][vc_column_inner el_class=\u00a0\u00bbsy-donation-page-section-3-box7&Prime; width=\u00a0\u00bb1\/2&Prime;][vc_single_image image=\u00a0\u00bb156727&Prime; img_size=\u00a0\u00bbfull\u00a0\u00bb alignment=\u00a0\u00bbcenter\u00a0\u00bb css=\u00a0\u00bb.vc_custom_1627119133076{margin-top: 17px !important;}\u00a0\u00bb css_animation=\u00a0\u00bbfadeIn\u00a0\u00bb][vc_custom_heading text=\u00a0\u00bbProgrammes<br \/>\nde m\u00e9dicaments\u00a0\u00bb font_container=\u00a0\u00bbtag:h6|font_size:25|text_align:center|color:%23000000&Prime; google_fonts=\u00a0\u00bbfont_family:Open%20Sans%3A300%2C300italic%2Cregular%2Citalic%2C600%2C600italic%2C700%2C700italic%2C800%2C800italic|font_style:400%20regular%3A400%3Anormal\u00a0\u00bb css_animation=\u00a0\u00bbfadeIn\u00a0\u00bb][\/vc_column_inner][vc_column_inner el_class=\u00a0\u00bbsy-donation-page-section-3-box8&Prime; width=\u00a0\u00bb1\/2&Prime;][vc_single_image image=\u00a0\u00bb156729&Prime; img_size=\u00a0\u00bbfull\u00a0\u00bb alignment=\u00a0\u00bbcenter\u00a0\u00bb css_animation=\u00a0\u00bbfadeIn\u00a0\u00bb][vc_custom_heading text=\u00a0\u00bbPatrouille \u00e0 v\u00e9lo\u00a0\u00bb font_container=\u00a0\u00bbtag:h6|font_size:25|text_align:center|color:%23000000&Prime; google_fonts=\u00a0\u00bbfont_family:Open%20Sans%3A300%2C300italic%2Cregular%2Citalic%2C600%2C600italic%2C700%2C700italic%2C800%2C800italic|font_style:400%20regular%3A400%3Anormal\u00a0\u00bb css_animation=\u00a0\u00bbfadeIn\u00a0\u00bb][\/vc_column_inner][\/vc_row_inner][vc_row_inner][vc_column_inner width=\u00a0\u00bb1\/3&Prime;][\/vc_column_inner][vc_column_inner el_class=\u00a0\u00bbsy-donation-page-section-3-box9&Prime; width=\u00a0\u00bb1\/3&Prime;][vc_single_image image=\u00a0\u00bb156731&Prime; img_size=\u00a0\u00bbfull\u00a0\u00bb alignment=\u00a0\u00bbcenter\u00a0\u00bb css_animation=\u00a0\u00bbfadeIn\u00a0\u00bb][vc_custom_heading text=\u00a0\u00bbJardins<br \/>\ncommunautaires\u00a0\u00bb font_container=\u00a0\u00bbtag:h6|font_size:25|text_align:center|color:%23000000&Prime; google_fonts=\u00a0\u00bbfont_family:Open%20Sans%3A300%2C300italic%2Cregular%2Citalic%2C600%2C600italic%2C700%2C700italic%2C800%2C800italic|font_style:400%20regular%3A400%3Anormal\u00a0\u00bb css_animation=\u00a0\u00bbfadeIn\u00a0\u00bb][\/vc_column_inner][vc_column_inner width=\u00a0\u00bb1\/3&Prime;][\/vc_column_inner][\/vc_row_inner][\/vc_column][\/vc_row][vc_row full_width=\u00a0\u00bbstretch_row\u00a0\u00bb css=\u00a0\u00bb.vc_custom_1636473006234{margin-bottom: 0px !important;padding-top: 200px !important;padding-bottom: 200px !important;background-color: #fedc2a !important;}\u00a0\u00bb el_class=\u00a0\u00bbsy-donation-page-section-6&Prime;][vc_column][vc_single_image image=\u00a0\u00bb156717&Prime; img_size=\u00a0\u00bbfull\u00a0\u00bb alignment=\u00a0\u00bbright\u00a0\u00bb el_class=\u00a0\u00bbsy-down-arrow-for-mobile-right\u00a0\u00bb][vc_custom_heading text=\u00a0\u00bbC\u2019EST ICI QUE\u00a0\u00bb font_container=\u00a0\u00bbtag:h4|font_size:55|text_align:center|color:%23000000&Prime; google_fonts=\u00a0\u00bbfont_family:Open%20Sans%3A300%2C300italic%2Cregular%2Citalic%2C600%2C600italic%2C700%2C700italic%2C800%2C800italic|font_style:600%20bold%20regular%3A600%3Anormal\u00a0\u00bb css_animation=\u00a0\u00bbfadeIn\u00a0\u00bb][vc_custom_heading text=\u00a0\u00bbVOUS<br \/>\nPOUVEZ<br \/>\nAIDER\u00a0\u00bb font_container=\u00a0\u00bbtag:h3|font_size:130|text_align:center|color:%23000000|line_height:122px\u00a0\u00bb google_fonts=\u00a0\u00bbfont_family:Open%20Sans%3A300%2C300italic%2Cregular%2Citalic%2C600%2C600italic%2C700%2C700italic%2C800%2C800italic|font_style:800%20bold%20regular%3A800%3Anormal\u00a0\u00bb css_animation=\u00a0\u00bbfadeIn\u00a0\u00bb][vc_empty_space][vc_single_image image=\u00a0\u00bb156753&Prime; img_size=\u00a0\u00bbfull\u00a0\u00bb alignment=\u00a0\u00bbcenter\u00a0\u00bb css_animation=\u00a0\u00bbfadeIn\u00a0\u00bb][vc_empty_space][vc_row_inner el_class=\u00a0\u00bbsy-donation-come-in-btns\u00a0\u00bb][vc_column_inner width=\u00a0\u00bb1\/3&Prime;][vc_btn title=\u00a0\u00bbFaites un don\u00a0\u00bb shape=\u00a0\u00bbround\u00a0\u00bb align=\u00a0\u00bbright\u00a0\u00bb css_animation=\u00a0\u00bbfadeIn\u00a0\u00bb link=\u00a0\u00bburl:https%3A%2F%2Fwww.jedonneenligne.org%2Fjeunesseausoleil-sunyouth%2FDG%2F|||\u00a0\u00bb][\/vc_column_inner][vc_column_inner width=\u00a0\u00bb1\/3&Prime;][vc_btn title=\u00a0\u00bbDevenez b\u00e9n\u00e9vole\u00a0\u00bb shape=\u00a0\u00bbround\u00a0\u00bb align=\u00a0\u00bbcenter\u00a0\u00bb css_animation=\u00a0\u00bbfadeIn\u00a0\u00bb link=\u00a0\u00bburl:https%3A%2F%2Fsunyouthorg.com%2Ffr%2Fdevenir-benevole%2F|||\u00a0\u00bb][\/vc_column_inner][vc_column_inner width=\u00a0\u00bb1\/3&Prime;][vc_btn title=\u00a0\u00bbSuivez- nous\u00a0\u00bb shape=\u00a0\u00bbround\u00a0\u00bb align=\u00a0\u00bbleft\u00a0\u00bb css_animation=\u00a0\u00bbfadeIn\u00a0\u00bb link=\u00a0\u00bburl:https%3A%2F%2Fwww.facebook.com%2FSunYouthOrg%2F|target:_blank\u00a0\u00bb el_class=\u00a0\u00bbsy-share-this-btn\u00a0\u00bb][\/vc_column_inner][\/vc_row_inner][\/vc_column][\/vc_row]<\/p>\n<\/div>","protected":false},"excerpt":{"rendered":"<p>[vc_row full_width=\u00a0\u00bbstretch_row\u00a0\u00bb full_height=\u00a0\u00bbyes\u00a0\u00bb content_placement=\u00a0\u00bbmiddle\u00a0\u00bb el_class=\u00a0\u00bbdonation-section give-away-section home-sec-slide winter-2021-header\u00a0\u00bb css=\u00a0\u00bb.vc_custom_1638813218460{margin-bottom: 0px !important;background-image: url(https:\/\/sunyouth.org\/wp-content\/uploads\/2021\/12\/Sun-Youth-_U0A9835-Edit-DH.jpg?id=158001) !important;background-position: center !important;background-repeat: no-repeat !important;background-size: cover !important;}\u00a0\u00bb][vc_column width=\u00a0\u00bb1\/2&Prime; css_animation=\u00a0\u00bbnone\u00a0\u00bb el_class=\u00a0\u00bbhome-section3-column\u00a0\u00bb][\/vc_column][vc_column&#8230;<\/p>\n","protected":false},"author":23,"featured_media":158001,"parent":0,"menu_order":0,"comment_status":"closed","ping_status":"closed","template":"","meta":{"_acf_changed":false,"_monsterinsights_skip_tracking":false,"_monsterinsights_sitenote_active":false,"_monsterinsights_sitenote_note":"","_monsterinsights_sitenote_category":0,"footnotes":""},"class_list":["post-157997","page","type-page","status-publish","has-post-thumbnail"],"acf":[],"yoast_head":"<!-- This site is optimized with the Yoast SEO plugin v27.4 - https:\/\/yoast.com\/product\/yoast-seo-wordpress\/ -->\n<title>Campagne des F\u00eates 2021- Francois - Jeunesse au soleil<\/title>\n<meta name=\"description\" content=\"Votre don nous permettra d\u2019offrir une nourriture saine ainsi que des services vari\u00e9s aux familles et individus d\u00e9favoris\u00e9s.\" \/>\n<meta name=\"robots\" content=\"index, follow, max-snippet:-1, max-image-preview:large, max-video-preview:-1\" \/>\n<link rel=\"canonical\" href=\"https:\/\/sunyouth.org\/fr\/campagne-des-fetes-2021-francois\/\" \/>\n<meta property=\"og:locale\" content=\"fr_FR\" \/>\n<meta property=\"og:type\" content=\"article\" \/>\n<meta property=\"og:title\" content=\"Campagne des F\u00eates 2021- Francois - Jeunesse au soleil\" \/>\n<meta property=\"og:description\" content=\"Votre don nous permettra d\u2019offrir une nourriture saine ainsi que des services vari\u00e9s aux familles et individus d\u00e9favoris\u00e9s.\" \/>\n<meta property=\"og:url\" content=\"https:\/\/sunyouth.org\/fr\/campagne-des-fetes-2021-francois\/\" \/>\n<meta property=\"og:site_name\" content=\"Jeunesse au soleil\" \/>\n<meta property=\"article:modified_time\" content=\"2025-11-13T20:31:04+00:00\" \/>\n<meta property=\"og:image\" content=\"https:\/\/sunyouth.org\/wp-content\/uploads\/2021\/12\/Sun-Youth-_U0A9835-Edit-DH.jpg\" \/>\n\t<meta property=\"og:image:width\" content=\"1816\" \/>\n\t<meta property=\"og:image:height\" content=\"1211\" \/>\n\t<meta property=\"og:image:type\" content=\"image\/jpeg\" \/>\n<meta name=\"twitter:card\" content=\"summary_large_image\" \/>\n<meta name=\"twitter:label1\" content=\"Dur\u00e9e de lecture estim\u00e9e\" \/>\n\t<meta name=\"twitter:data1\" content=\"7 minutes\" \/>\n<script type=\"application\/ld+json\" class=\"yoast-schema-graph\">{\"@context\":\"https:\\\/\\\/schema.org\",\"@graph\":[{\"@type\":\"WebPage\",\"@id\":\"https:\\\/\\\/sunyouth.org\\\/fr\\\/campagne-des-fetes-2021-francois\\\/\",\"url\":\"https:\\\/\\\/sunyouth.org\\\/fr\\\/campagne-des-fetes-2021-francois\\\/\",\"name\":\"Campagne des F\u00eates 2021- Francois - Jeunesse au soleil\",\"isPartOf\":{\"@id\":\"https:\\\/\\\/sunyouth.org\\\/#website\"},\"primaryImageOfPage\":{\"@id\":\"https:\\\/\\\/sunyouth.org\\\/fr\\\/campagne-des-fetes-2021-francois\\\/#primaryimage\"},\"image\":{\"@id\":\"https:\\\/\\\/sunyouth.org\\\/fr\\\/campagne-des-fetes-2021-francois\\\/#primaryimage\"},\"thumbnailUrl\":\"https:\\\/\\\/sunyouth.org\\\/wp-content\\\/uploads\\\/2021\\\/12\\\/Sun-Youth-_U0A9835-Edit-DH.jpg\",\"datePublished\":\"2021-12-06T17:55:47+00:00\",\"dateModified\":\"2025-11-13T20:31:04+00:00\",\"description\":\"Votre don nous permettra d\u2019offrir une nourriture saine ainsi que des services vari\u00e9s aux familles et individus d\u00e9favoris\u00e9s.\",\"breadcrumb\":{\"@id\":\"https:\\\/\\\/sunyouth.org\\\/fr\\\/campagne-des-fetes-2021-francois\\\/#breadcrumb\"},\"inLanguage\":\"fr-FR\",\"potentialAction\":[{\"@type\":\"ReadAction\",\"target\":[\"https:\\\/\\\/sunyouth.org\\\/fr\\\/campagne-des-fetes-2021-francois\\\/\"]}]},{\"@type\":\"ImageObject\",\"inLanguage\":\"fr-FR\",\"@id\":\"https:\\\/\\\/sunyouth.org\\\/fr\\\/campagne-des-fetes-2021-francois\\\/#primaryimage\",\"url\":\"https:\\\/\\\/sunyouth.org\\\/wp-content\\\/uploads\\\/2021\\\/12\\\/Sun-Youth-_U0A9835-Edit-DH.jpg\",\"contentUrl\":\"https:\\\/\\\/sunyouth.org\\\/wp-content\\\/uploads\\\/2021\\\/12\\\/Sun-Youth-_U0A9835-Edit-DH.jpg\",\"width\":1816,\"height\":1211},{\"@type\":\"BreadcrumbList\",\"@id\":\"https:\\\/\\\/sunyouth.org\\\/fr\\\/campagne-des-fetes-2021-francois\\\/#breadcrumb\",\"itemListElement\":[{\"@type\":\"ListItem\",\"position\":1,\"name\":\"Home\",\"item\":\"https:\\\/\\\/sunyouth.org\\\/fr\\\/\"},{\"@type\":\"ListItem\",\"position\":2,\"name\":\"Campagne des F\u00eates 2021- Francois\"}]},{\"@type\":\"WebSite\",\"@id\":\"https:\\\/\\\/sunyouth.org\\\/#website\",\"url\":\"https:\\\/\\\/sunyouth.org\\\/\",\"name\":\"Jeunesse au soleil\",\"description\":\"Dedicated since 1954!\",\"publisher\":{\"@id\":\"https:\\\/\\\/sunyouth.org\\\/#organization\"},\"potentialAction\":[{\"@type\":\"SearchAction\",\"target\":{\"@type\":\"EntryPoint\",\"urlTemplate\":\"https:\\\/\\\/sunyouth.org\\\/?s={search_term_string}\"},\"query-input\":{\"@type\":\"PropertyValueSpecification\",\"valueRequired\":true,\"valueName\":\"search_term_string\"}}],\"inLanguage\":\"fr-FR\"},{\"@type\":\"Organization\",\"@id\":\"https:\\\/\\\/sunyouth.org\\\/#organization\",\"name\":\"SUN YOUTH\",\"url\":\"https:\\\/\\\/sunyouth.org\\\/\",\"logo\":{\"@type\":\"ImageObject\",\"inLanguage\":\"fr-FR\",\"@id\":\"https:\\\/\\\/sunyouth.org\\\/#\\\/schema\\\/logo\\\/image\\\/\",\"url\":\"https:\\\/\\\/sunyouth.org\\\/wp-content\\\/uploads\\\/2018\\\/11\\\/LOGO-SUNYOUTH.png\",\"contentUrl\":\"https:\\\/\\\/sunyouth.org\\\/wp-content\\\/uploads\\\/2018\\\/11\\\/LOGO-SUNYOUTH.png\",\"width\":251,\"height\":251,\"caption\":\"SUN YOUTH\"},\"image\":{\"@id\":\"https:\\\/\\\/sunyouth.org\\\/#\\\/schema\\\/logo\\\/image\\\/\"}}]}<\/script>\n<!-- \/ Yoast SEO plugin. -->","yoast_head_json":{"title":"Campagne des F\u00eates 2021- Francois - Jeunesse au soleil","description":"Votre don nous permettra d\u2019offrir une nourriture saine ainsi que des services vari\u00e9s aux familles et individus d\u00e9favoris\u00e9s.","robots":{"index":"index","follow":"follow","max-snippet":"max-snippet:-1","max-image-preview":"max-image-preview:large","max-video-preview":"max-video-preview:-1"},"canonical":"https:\/\/sunyouth.org\/fr\/campagne-des-fetes-2021-francois\/","og_locale":"fr_FR","og_type":"article","og_title":"Campagne des F\u00eates 2021- Francois - Jeunesse au soleil","og_description":"Votre don nous permettra d\u2019offrir une nourriture saine ainsi que des services vari\u00e9s aux familles et individus d\u00e9favoris\u00e9s.","og_url":"https:\/\/sunyouth.org\/fr\/campagne-des-fetes-2021-francois\/","og_site_name":"Jeunesse au soleil","article_modified_time":"2025-11-13T20:31:04+00:00","og_image":[{"width":1816,"height":1211,"url":"https:\/\/sunyouth.org\/wp-content\/uploads\/2021\/12\/Sun-Youth-_U0A9835-Edit-DH.jpg","type":"image\/jpeg"}],"twitter_card":"summary_large_image","twitter_misc":{"Dur\u00e9e de lecture estim\u00e9e":"7 minutes"},"schema":{"@context":"https:\/\/schema.org","@graph":[{"@type":"WebPage","@id":"https:\/\/sunyouth.org\/fr\/campagne-des-fetes-2021-francois\/","url":"https:\/\/sunyouth.org\/fr\/campagne-des-fetes-2021-francois\/","name":"Campagne des F\u00eates 2021- Francois - Jeunesse au soleil","isPartOf":{"@id":"https:\/\/sunyouth.org\/#website"},"primaryImageOfPage":{"@id":"https:\/\/sunyouth.org\/fr\/campagne-des-fetes-2021-francois\/#primaryimage"},"image":{"@id":"https:\/\/sunyouth.org\/fr\/campagne-des-fetes-2021-francois\/#primaryimage"},"thumbnailUrl":"https:\/\/sunyouth.org\/wp-content\/uploads\/2021\/12\/Sun-Youth-_U0A9835-Edit-DH.jpg","datePublished":"2021-12-06T17:55:47+00:00","dateModified":"2025-11-13T20:31:04+00:00","description":"Votre don nous permettra d\u2019offrir une nourriture saine ainsi que des services vari\u00e9s aux familles et individus d\u00e9favoris\u00e9s.","breadcrumb":{"@id":"https:\/\/sunyouth.org\/fr\/campagne-des-fetes-2021-francois\/#breadcrumb"},"inLanguage":"fr-FR","potentialAction":[{"@type":"ReadAction","target":["https:\/\/sunyouth.org\/fr\/campagne-des-fetes-2021-francois\/"]}]},{"@type":"ImageObject","inLanguage":"fr-FR","@id":"https:\/\/sunyouth.org\/fr\/campagne-des-fetes-2021-francois\/#primaryimage","url":"https:\/\/sunyouth.org\/wp-content\/uploads\/2021\/12\/Sun-Youth-_U0A9835-Edit-DH.jpg","contentUrl":"https:\/\/sunyouth.org\/wp-content\/uploads\/2021\/12\/Sun-Youth-_U0A9835-Edit-DH.jpg","width":1816,"height":1211},{"@type":"BreadcrumbList","@id":"https:\/\/sunyouth.org\/fr\/campagne-des-fetes-2021-francois\/#breadcrumb","itemListElement":[{"@type":"ListItem","position":1,"name":"Home","item":"https:\/\/sunyouth.org\/fr\/"},{"@type":"ListItem","position":2,"name":"Campagne des F\u00eates 2021- Francois"}]},{"@type":"WebSite","@id":"https:\/\/sunyouth.org\/#website","url":"https:\/\/sunyouth.org\/","name":"Jeunesse au soleil","description":"Dedicated since 1954!","publisher":{"@id":"https:\/\/sunyouth.org\/#organization"},"potentialAction":[{"@type":"SearchAction","target":{"@type":"EntryPoint","urlTemplate":"https:\/\/sunyouth.org\/?s={search_term_string}"},"query-input":{"@type":"PropertyValueSpecification","valueRequired":true,"valueName":"search_term_string"}}],"inLanguage":"fr-FR"},{"@type":"Organization","@id":"https:\/\/sunyouth.org\/#organization","name":"SUN YOUTH","url":"https:\/\/sunyouth.org\/","logo":{"@type":"ImageObject","inLanguage":"fr-FR","@id":"https:\/\/sunyouth.org\/#\/schema\/logo\/image\/","url":"https:\/\/sunyouth.org\/wp-content\/uploads\/2018\/11\/LOGO-SUNYOUTH.png","contentUrl":"https:\/\/sunyouth.org\/wp-content\/uploads\/2018\/11\/LOGO-SUNYOUTH.png","width":251,"height":251,"caption":"SUN YOUTH"},"image":{"@id":"https:\/\/sunyouth.org\/#\/schema\/logo\/image\/"}}]}},"_links":{"self":[{"href":"https:\/\/sunyouth.org\/fr\/wp-json\/wp\/v2\/pages\/157997","targetHints":{"allow":["GET"]}}],"collection":[{"href":"https:\/\/sunyouth.org\/fr\/wp-json\/wp\/v2\/pages"}],"about":[{"href":"https:\/\/sunyouth.org\/fr\/wp-json\/wp\/v2\/types\/page"}],"author":[{"embeddable":true,"href":"https:\/\/sunyouth.org\/fr\/wp-json\/wp\/v2\/users\/23"}],"replies":[{"embeddable":true,"href":"https:\/\/sunyouth.org\/fr\/wp-json\/wp\/v2\/comments?post=157997"}],"version-history":[{"count":18,"href":"https:\/\/sunyouth.org\/fr\/wp-json\/wp\/v2\/pages\/157997\/revisions"}],"predecessor-version":[{"id":172601,"href":"https:\/\/sunyouth.org\/fr\/wp-json\/wp\/v2\/pages\/157997\/revisions\/172601"}],"wp:featuredmedia":[{"embeddable":true,"href":"https:\/\/sunyouth.org\/fr\/wp-json\/wp\/v2\/media\/158001"}],"wp:attachment":[{"href":"https:\/\/sunyouth.org\/fr\/wp-json\/wp\/v2\/media?parent=157997"}],"curies":[{"name":"wp","href":"https:\/\/api.w.org\/{rel}","templated":true}]}}