{"id":151733,"date":"2019-02-24T16:38:40","date_gmt":"2019-02-24T16:38:40","guid":{"rendered":"https:\/\/sunyouth.org\/golf-cyclothon-2019-backup\/?lang=fr"},"modified":"2019-02-24T16:38:40","modified_gmt":"2019-02-24T16:38:40","slug":"golf-cyclothon-2019-backup","status":"publish","type":"page","link":"https:\/\/sunyouth.org\/fr\/golf-cyclothon-2019-backup\/","title":{"rendered":"Golf &#8211; Cyclothon 2019 backup"},"content":{"rendered":"<div class=\"wpb-content-wrapper\"><p>[vc_row full_width=\u00a0\u00bbstretch_row\u00a0\u00bb content_placement=\u00a0\u00bbmiddle\u00a0\u00bb video_bg=\u00a0\u00bbyes\u00a0\u00bb video_bg_url=\u00a0\u00bbhttps:\/\/youtu.be\/bc65AHFioas\u00a0\u00bb css=\u00a0\u00bb.vc_custom_1550862840271{margin-bottom: 0px !important;background-image: url(https:\/\/sunyouth.org\/wp-content\/uploads\/2019\/02\/First-Image2.jpg?id=148873) !important;background-position: center !important;background-repeat: no-repeat !important;background-size: cover !important;}\u00a0\u00bb el_class=\u00a0\u00bbabout-page-header\u00a0\u00bb][vc_column css_animation=\u00a0\u00bbnone\u00a0\u00bb][vc_empty_space height=\u00a0\u00bb40px\u00a0\u00bb][vc_custom_heading text=\u00a0\u00bbTournoi de golf<br \/>\nCyclothon 2019&Prime; font_container=\u00a0\u00bbtag:h1|font_size:72|text_align:center|color:%23ffffff\u00a0\u00bb google_fonts=\u00a0\u00bbfont_family:Open%20Sans%3A300%2C300italic%2Cregular%2Citalic%2C600%2C600italic%2C700%2C700italic%2C800%2C800italic|font_style:700%20bold%20regular%3A700%3Anormal\u00a0\u00bb css_animation=\u00a0\u00bbfadeInUp\u00a0\u00bb][vc_custom_heading text=\u00a0\u00bbPrenez part au tournoi de golf et<br \/>\ncyclothon annuel Mordy Gordon\u00a0\u00bb font_container=\u00a0\u00bbtag:h3|font_size:32px|text_align:center|color:%23ffffff\u00a0\u00bb google_fonts=\u00a0\u00bbfont_family:Open%20Sans%3A300%2C300italic%2Cregular%2Citalic%2C600%2C600italic%2C700%2C700italic%2C800%2C800italic|font_style:400%20regular%3A400%3Anormal\u00a0\u00bb css_animation=\u00a0\u00bbfadeInUp\u00a0\u00bb][vc_empty_space height=\u00a0\u00bb60px\u00a0\u00bb][vc_btn title=\u00a0\u00bbINSCRIVEZ-VOUS!\u00a0\u00bb color=\u00a0\u00bborange\u00a0\u00bb size=\u00a0\u00bblg\u00a0\u00bb align=\u00a0\u00bbcenter\u00a0\u00bb css_animation=\u00a0\u00bbfadeIn\u00a0\u00bb link=\u00a0\u00bburl:%23inscrivez-vous|||\u00a0\u00bb][vc_empty_space height=\u00a0\u00bb20px\u00a0\u00bb][\/vc_column][\/vc_row][vc_row full_width=\u00a0\u00bbstretch_row\u00a0\u00bb css_animation=\u00a0\u00bbfadeIn\u00a0\u00bb css=\u00a0\u00bb.vc_custom_1550863280416{padding-top: 180px !important;padding-bottom: 560px !important;background-color: #ffffff !important;background-position: center !important;background-repeat: no-repeat !important;background-size: cover !important;}\u00a0\u00bb el_class=\u00a0\u00bbabout-our-mession\u00a0\u00bb el_id=\u00a0\u00bbabout-fame-1&Prime;][vc_column width=\u00a0\u00bb1\/2&Prime;][vc_custom_heading text=\u00a0\u00bbNotre mission\u00a0\u00bb font_container=\u00a0\u00bbtag:h2|font_size:46|text_align:left|color:%23000000&Prime; google_fonts=\u00a0\u00bbfont_family:Open%20Sans%3A300%2C300italic%2Cregular%2Citalic%2C600%2C600italic%2C700%2C700italic%2C800%2C800italic|font_style:700%20bold%20regular%3A700%3Anormal\u00a0\u00bb css_animation=\u00a0\u00bbfadeInLeft\u00a0\u00bb css=\u00a0\u00bb.vc_custom_1545250272904{margin-bottom: 45px !important;}\u00a0\u00bb][vc_column_text css_animation=\u00a0\u00bbfadeInLeft\u00a0\u00bb]UN ENGAGEMENT DE SOUTIEN<br \/>\nET DE PARTAGE DEPUIS 1954.<\/p>\n<p>Nous prenons soin des gens depuis plus de 60 ans en intervenant aupr\u00e8s des personnes et des familles d\u00e9munies en fournissant une gamme de services d\u2019urgence visant \u00e0 assurer leurs besoins de base et maintenir leur int\u00e9grit\u00e9. Nous contribuons activement \u00e0 la pr\u00e9vention du crime et favorisons le d\u00e9veloppement physique, intellectuel des jeunes par l&rsquo;\u00e9ducation, le sport et les loisirs.<\/p>\n<p>Avec une conscience aig\u00fce des d\u00e9fis engendr\u00e9s par la pauvret\u00e9 et par les situations de crise, nous fournissons une assistance d\u2019urgence sur les plans alimentaire, vestimentaire, m\u00e9dical, mat\u00e9riel ou financier.[\/vc_column_text][\/vc_column][vc_column width=\u00a0\u00bb1\/2&Prime; css=\u00a0\u00bb.vc_custom_1544038210683{margin-top: 95px !important;}\u00a0\u00bb el_class=\u00a0\u00bbabout-our-mession-column-2&Prime;]<div class=\"gem-youtube gem-wrapbox gem-wrapbox-style-no-style rounded-corners gem-wrapbox-position-below\" style=\"width: 100%;\"><div class=\"gem-wrapbox-inner gem-ratio-style\" style=\"padding-top: 56.25%\"><iframe class=\"gem-wrapbox-element img-responsive\" width=\"100%\" height=\"300\" allowfullscreen=\"allowfullscreen\" frameborder=\"0\" scrolling=\"no\" marginheight=\"0\" marginwidth=\"0\" src=\"\/\/www.youtube.com\/embed\/?rel=0&amp;wmode=opaque\"><\/iframe><\/div><\/div>[\/vc_column][\/vc_row][vc_row][vc_column][vc_empty_space height=\u00a0\u00bb125px\u00a0\u00bb][\/vc_column][\/vc_row][vc_row full_width=\u00a0\u00bbstretch_row_content\u00a0\u00bb el_class=\u00a0\u00bbabout-our-history\u00a0\u00bb css=\u00a0\u00bb.vc_custom_1550863207938{background-image: url(https:\/\/sunyouth.org\/wp-content\/uploads\/2019\/02\/1H1A1009-1.jpg?id=148851) !important;background-position: 0 0 !important;background-repeat: no-repeat !important;}\u00a0\u00bb][vc_column width=\u00a0\u00bb1\/2&Prime; el_class=\u00a0\u00bbabout-our-history-col-1&Prime;][\/vc_column][vc_column width=\u00a0\u00bb1\/2&Prime; el_class=\u00a0\u00bbabout-our-history-col-2&Prime;][vc_custom_heading text=\u00a0\u00bbSoyez de la partie!\u00a0\u00bb css_animation=\u00a0\u00bbfadeInRight\u00a0\u00bb][vc_column_text css_animation=\u00a0\u00bbfadeInRight\u00a0\u00bb]Joignez-vous \u00e0 nous pour une journ\u00e9e de golf ou un apr\u00e8s-midi de v\u00e9lo le jeudi 8 ao\u00fbt 2019 au <a href=\"http:\/\/www.elmridgecc.com\/index.php?lang=fr\">CLUB DE GOLF ELM RIDGE<\/a> . Tous les profits iront au financement de nos programmes sportifs et estivaux pour enfants. Venez soutenir nos initiatives jeunesse en profitant du superbe parcours de golf qu\u2019offre le Club Elm Ridge ou encore venez p\u00e9daler pour la bonne cause avec comme toile de fond les pittoresques paysages de l\u2019\u00cele-Bizard. Les cyclistes se verront remettre un maillot de v\u00e9lo aux couleurs de Jeunesse au Soleil en plus de collations tout au long de leur parcours. Ils auront acc\u00e8s au chalet du club et \u00e0 sa piscine o\u00f9 ils pourront siroter un rafra\u00eechissement bien m\u00e9rit\u00e9. Golfeurs et cyclistes se r\u00e9uniront \u00e0 la fin de la journ\u00e9e pour le cocktail bar ouvert, suivi d\u2019un succulent repas agr\u00e9ment\u00e9 d\u2019un encan silencieux et d\u2019une vente aux ench\u00e8res anim\u00e9e par l\u2019humoriste Montr\u00e9alais Joey Elias.[\/vc_column_text][vc_column_text css_animation=\u00a0\u00bbfadeInRight\u00a0\u00bb]<\/p>\n<div class=\"our-history-box\">Sid Stevens + Harry Friedman qui r\u00e9digent le<br \/>\nClark Street Sun \u00e0 la machine \u00e0 \u00e9crire<\/div>\n<p>[\/vc_column_text][\/vc_column][\/vc_row][vc_row][vc_column][vc_empty_space height=\u00a0\u00bb125px\u00a0\u00bb][\/vc_column][\/vc_row][vc_row full_width=\u00a0\u00bbstretch_row_content_no_spaces\u00a0\u00bb content_placement=\u00a0\u00bbmiddle\u00a0\u00bb][vc_column width=\u00a0\u00bb1\/2&Prime; el_class=\u00a0\u00bbabout-frames-col-1 change-order-for-mobile\u00a0\u00bb][vc_custom_heading text=\u00a0\u00bb1954 &#8211; 1967&Prime; css_animation=\u00a0\u00bbfadeInLeft\u00a0\u00bb][vc_custom_heading text=\u00a0\u00bbLes premi\u00e8res ann\u00e9es\u00a0\u00bb font_container=\u00a0\u00bbtag:h3|text_align:left\u00a0\u00bb css_animation=\u00a0\u00bbfadeInLeft\u00a0\u00bb][vc_column_text css_animation=\u00a0\u00bbfadeInLeft\u00a0\u00bb el_class=\u00a0\u00bbabout-frames-col-1-txt\u00a0\u00bb]Le journal The Clark Street Sun prend naissance en 1954 dans la cuisine des parents de Sid Stevens. Quelque temps apr\u00e8s, les jeunes partent \u00e0 la recherche d&rsquo;un local permanent \u00e0 utiliser comme quartier g\u00e9n\u00e9ral. Un cordonnier de la rue Saint-Cuthbert (cordonnerie Weiner) consent \u00e0 pr\u00eater gratuitement l&rsquo;arri\u00e8re-boutique de son commerce afin d&rsquo;offrir aux jeunes un endroit o\u00f9 travailler \u00e0 la r\u00e9daction de leur journal hebdomadaire. D\u00e8s la premi\u00e8re ann\u00e9e, ils amassent 500$! Au fil des ann\u00e9es, les moyens de production du journal augmentent. On passe d&rsquo;une version manuscrite \u00e0 une version imprim\u00e9e avec photos, articles de fond et de la publicit\u00e9 pour les commerces locaux. Les profits sont toujours utilis\u00e9s pour l&rsquo;achat d&rsquo;\u00e9quipements sportifs et aussi pour la location d&rsquo;un gymnase o\u00f9 sont organis\u00e9es les activit\u00e9s sportives et r\u00e9cr\u00e9atives. \u00c0 partir de 1964, le Clark Street Sun est rebaptis\u00e9 The Sun et l&rsquo;organisme jeunesse qui en d\u00e9coule est d\u00e9sormais connu sous le nom de The Sun &#8211; Youth Organization.[\/vc_column_text][\/vc_column][vc_column width=\u00a0\u00bb1\/2&Prime;][vc_single_image image=\u00a0\u00bb52373&Prime; img_size=\u00a0\u00bbfull\u00a0\u00bb alignment=\u00a0\u00bbright\u00a0\u00bb css_animation=\u00a0\u00bbfadeIn\u00a0\u00bb][\/vc_column][\/vc_row][vc_row][vc_column][vc_empty_space height=\u00a0\u00bb125px\u00a0\u00bb][\/vc_column][\/vc_row][vc_row full_width=\u00a0\u00bbstretch_row_content_no_spaces\u00a0\u00bb content_placement=\u00a0\u00bbmiddle\u00a0\u00bb][vc_column width=\u00a0\u00bb1\/2&Prime;][vc_single_image image=\u00a0\u00bb26954&Prime; img_size=\u00a0\u00bbfull\u00a0\u00bb css_animation=\u00a0\u00bbfadeIn\u00a0\u00bb][\/vc_column][vc_column width=\u00a0\u00bb1\/2&Prime; el_class=\u00a0\u00bbabout-frames-col-2&Prime;][vc_custom_heading text=\u00a0\u00bb1967 &#8211; 1981&Prime; css_animation=\u00a0\u00bbfadeInRight\u00a0\u00bb][vc_custom_heading text=\u00a0\u00bbLes ann\u00e9es d&rsquo;\u00e9volution\u00a0\u00bb font_container=\u00a0\u00bbtag:h3|text_align:left\u00a0\u00bb css_animation=\u00a0\u00bbfadeInRight\u00a0\u00bb][vc_column_text css_animation=\u00a0\u00bbfadeInRight\u00a0\u00bb el_class=\u00a0\u00bbabout-frames-col-1-txt\u00a0\u00bb]En 1967, ann\u00e9e de l&rsquo;Exposition Universelle de Montr\u00e9al, les jeunes d\u00e9m\u00e9nagent leurs p\u00e9nates dans le petit chalet au pied du Mont-Royal (\u00e0 l&rsquo;angle des avenues Du Parc et Mont-Royal), gr\u00e2ce \u00e0 l&rsquo;appui de Jean Drapeau, maire de Montr\u00e9al \u00e0 l&rsquo;\u00e9poque. La plus grande superficie des locaux permet de diversifier nos activit\u00e9s. On se penche alors sur les probl\u00e8mes qu&rsquo;\u00e9prouvent les jeunes qui fr\u00e9quentent notre organisme. On offre des d\u00e9pannages alimentaires occasionnels, principalement durant le temps des f\u00eates. C&rsquo;est aussi le d\u00e9but de nos interventions sur les lieux d&rsquo;incendies afin d&rsquo;offrir notre aide aux victimes. Notre programme communautaire de pr\u00e9vention du crime comprenant des \u00e9changes avec la communaut\u00e9 sur des sujets tels la surveillance de quartier, l&rsquo;abus de drogue et d&rsquo;alcool, le vol \u00e0 l&rsquo;\u00e9talage et les dangers entourant les enl\u00e8vements d&rsquo;enfants, est mis en place. On organise des ateliers de s\u00e9curit\u00e9 \u00e0 v\u00e9lo en collaboration avec la police. Durant ces ann\u00e9es, le journal The Sun devient un mensuel, les jeunes pr\u00e9f\u00e9rant concentrer leurs \u00e9nergies et leurs ressources \u00e0 aider la population dans le besoin. En 1978, le journal The Sun, qui aura laiss\u00e9 sa marque dans le paysage communautaire montr\u00e9alais, cesse d&rsquo;\u00eatre publi\u00e9.[\/vc_column_text][\/vc_column][\/vc_row][vc_row][vc_column][vc_empty_space height=\u00a0\u00bb125px\u00a0\u00bb][\/vc_column][\/vc_row][vc_row full_width=\u00a0\u00bbstretch_row_content_no_spaces\u00a0\u00bb content_placement=\u00a0\u00bbmiddle\u00a0\u00bb][vc_column width=\u00a0\u00bb1\/2&Prime; el_class=\u00a0\u00bbabout-frames-col-1 change-order-for-mobile\u00a0\u00bb][vc_custom_heading text=\u00a0\u00bb1981 &#8211; 2004&Prime; css_animation=\u00a0\u00bbfadeInLeft\u00a0\u00bb][vc_custom_heading text=\u00a0\u00bbUn organisme au coeur<br \/>\nde sa communaut\u00e9\u00a0\u00bb font_container=\u00a0\u00bbtag:h3|text_align:left\u00a0\u00bb css_animation=\u00a0\u00bbfadeInLeft\u00a0\u00bb][vc_column_text css_animation=\u00a0\u00bbfadeInLeft\u00a0\u00bb el_class=\u00a0\u00bbabout-frames-col-1-txt\u00a0\u00bb]L&rsquo;ann\u00e9e 1981 am\u00e8ne des transformations. Il y a d&rsquo;abord notre d\u00e9m\u00e9nagement sur la rue St-Urbain, dans l&rsquo;ancienne \u00e9cole secondaire Baron Byng. Puis, c&rsquo;est au cours de cette m\u00eame ann\u00e9e que nous devenons la premi\u00e8re banque alimentaire \u00e0 Montr\u00e9al, la deuxi\u00e8me au pays apr\u00e8s celle cr\u00e9\u00e9e \u00e0 Edmonton l&rsquo;ann\u00e9e pr\u00e9c\u00e9dente. C&rsquo;est aussi en 1981 que nous adoptons la d\u00e9nomination sociale en fran\u00e7ais de \u00ab Jeunesse au Soleil \u00bb. Au fil des ann\u00e9es, nous avons d\u00e9velopp\u00e9 diff\u00e9rents programmes d&rsquo;aide et d&rsquo;assistance aux familles et personnes d\u00e9munies. Depuis le milieu des ann\u00e9es 1990, nous intervenons lors de sinistres majeurs affectant la population montr\u00e9alaise principalement mais aussi celles d&rsquo;ailleurs. Une trentaine de diff\u00e9rents programmes sont maintenant offerts, lesquels sont regroup\u00e9s en trois d\u00e9partements : services d&rsquo;urgence, pr\u00e9vention du crime, sports et loisirs. Enfin, nous exploitons notre propre base de plein air situ\u00e9e \u00e0 Rivi\u00e8re-Rouge (secteur L&rsquo;Annonciation), dans les Laurentides.[\/vc_column_text][\/vc_column][vc_column width=\u00a0\u00bb1\/2&Prime;][vc_single_image image=\u00a0\u00bb26953&Prime; img_size=\u00a0\u00bbfull\u00a0\u00bb alignment=\u00a0\u00bbright\u00a0\u00bb css_animation=\u00a0\u00bbfadeIn\u00a0\u00bb][\/vc_column][\/vc_row][vc_row][vc_column][vc_empty_space height=\u00a0\u00bb125px\u00a0\u00bb][\/vc_column][\/vc_row][vc_row full_width=\u00a0\u00bbstretch_row_content_no_spaces\u00a0\u00bb content_placement=\u00a0\u00bbtop\u00a0\u00bb][vc_column width=\u00a0\u00bb1\/2&Prime;][vc_single_image image=\u00a0\u00bb26952&Prime; img_size=\u00a0\u00bbfull\u00a0\u00bb css_animation=\u00a0\u00bbfadeIn\u00a0\u00bb css=\u00a0\u00bb.vc_custom_1547043079127{padding-left: 60px !important;}\u00a0\u00bb][\/vc_column][vc_column width=\u00a0\u00bb1\/2&Prime; el_class=\u00a0\u00bbabout-frames-col-2&Prime; css=\u00a0\u00bb.vc_custom_1539980236861{padding-top: 100px !important;}\u00a0\u00bb][vc_custom_heading text=\u00a0\u00bb2004&Prime; css_animation=\u00a0\u00bbfadeInRight\u00a0\u00bb][vc_custom_heading text=\u00a0\u00bbUn demi-si\u00e8cle de<br \/>\nservices \u00e0 la<br \/>\ncommunaut\u00e9\u00a0\u00bb font_container=\u00a0\u00bbtag:h3|text_align:left\u00a0\u00bb css_animation=\u00a0\u00bbfadeInRight\u00a0\u00bb][vc_column_text css_animation=\u00a0\u00bbfadeInRight\u00a0\u00bb el_class=\u00a0\u00bbabout-frames-col-1-txt\u00a0\u00bb]Nous avons f\u00eat\u00e9 notre 50e anniversaire en mai 2004. Pour l&rsquo;occasion, nous avons r\u00e9uni nos partenaires et amis au chalet du Mont-Royal. Plusieurs dignitaires se sont pr\u00e9sent\u00e9s afin de c\u00e9l\u00e9brer notre demi-si\u00e8cle de services \u00e0 la population. En amont de cet \u00e9v\u00e9nement, nous avons fait notre entr\u00e9e dans le monde virtuel en mettant en ligne notre premier site Internet. Nous nous sommes ainsi dot\u00e9 d&rsquo;un outil suppl\u00e9mentaire pour informer nos donateurs et notre client\u00e8le sur nos programmes et services ainsi que sur les fa\u00e7ons de servir notre cause. Notre site Internet se voulait \u00eatre un compl\u00e9ment aux brochures et d\u00e9pliants d\u00e9j\u00e0 publi\u00e9s.[\/vc_column_text][\/vc_column][\/vc_row][vc_row full_width=\u00a0\u00bbstretch_row_content_no_spaces\u00a0\u00bb css_animation=\u00a0\u00bbfadeIn\u00a0\u00bb css=\u00a0\u00bb.vc_custom_1547043092148{margin-top: -150px !important;margin-bottom: 0px !important;padding-bottom: 400px !important;background-image: url(https:\/\/sunyouth.org\/wp-content\/uploads\/2018\/10\/about_frame4.jpg?id=26970) !important;background-position: center !important;background-repeat: no-repeat !important;background-size: cover !important;}\u00a0\u00bb][vc_column width=\u00a0\u00bb1\/2&Prime; el_class=\u00a0\u00bbabout-frames-col-3&Prime; css=\u00a0\u00bb.vc_custom_1539980560334{padding-top: 300px !important;}\u00a0\u00bb][vc_custom_heading text=\u00a0\u00bb2018&Prime; css_animation=\u00a0\u00bbfadeInLeft\u00a0\u00bb][vc_custom_heading text=\u00a0\u00bbUn nouveau chapitre\u00a0\u00bb font_container=\u00a0\u00bbtag:h3|text_align:left\u00a0\u00bb css_animation=\u00a0\u00bbfadeInLeft\u00a0\u00bb][vc_column_text css_animation=\u00a0\u00bbfadeInLeft\u00a0\u00bb]Le 9 novembre 2018, un nouveau chapitre d\u00e9bute pour notre organisation. Suite \u00e0 la d\u00e9cision de la Commission scolaire de Montr\u00e9al de reprendre l\u2019\u00e9difice de Baron Byng et de le transformer \u00e0 nouveau en \u00e9cole, nous avons d\u00e9cid\u00e9 de prendre notre avenir en main et de trouver un endroit qui r\u00e9pondra aux besoins de notre communaut\u00e9. M\u00eame si nous n\u2019avons pas encore notre destination finale et que nous d\u00e9sirons rester sur le Plateau Mont-Royal, nous avons toutefois trouv\u00e9 une solution \u00e0 moyen terme tr\u00e8s appropri\u00e9e. Notre si\u00e8ge social et nos programmes de sports et loisirs retourneront dans la petite maison blanche que nous avons occup\u00e9e de 1967 \u00e0 1981 gr\u00e2ce \u00e0 d&rsquo;importantes r\u00e9novations faites par la Ville de Montr\u00e9al. En attendant, nous ouvrirons un centre de services au 6700 Avenue du Parc o\u00f9 les gens pourront avoir acc\u00e8s aux m\u00eames services qu\u2019ils recevaient \u00e0 Baron Byng tels que notre banque alimentaire, notre banque de v\u00eatements, l&rsquo;acc\u00e8s aux m\u00e9dicaments, les services d&rsquo;incendie et de victimes, l&rsquo;aide financi\u00e8re aux familles avec des enfants malades et bien plus encore.[\/vc_column_text][\/vc_column][vc_column width=\u00a0\u00bb1\/2&Prime; el_class=\u00a0\u00bbabout-frames-col-4&Prime; css=\u00a0\u00bb.vc_custom_1539980551384{padding-top: 400px !important;background-image: url(https:\/\/sunyouth.org\/wp-content\/uploads\/2018\/10\/about_fram5.jpg?id=26971) !important;background-position: 0 0 !important;background-repeat: no-repeat !important;}\u00a0\u00bb][vc_column_text css_animation=\u00a0\u00bbfadeInRight\u00a0\u00bb el_class=\u00a0\u00bbabout-frames-col-4-1&Prime;]<strong>Earl De La Perralle<\/strong><\/p>\n<p>En 2018, nous avons v\u00e9cu le d\u00e9c\u00e8s de notre co-fondateur Earl De La Perralle qui a eu un impact consid\u00e9rable sur la vie de milliers de Montr\u00e9alais. Bien que extr\u00eamement triste, nous nous rallierons et continuerons son travail avec fiert\u00e9, d\u00e9vouement, empathie et respect pour que sa vision continue de vivre.[\/vc_column_text][vc_column_text css_animation=\u00a0\u00bbfadeInRight\u00a0\u00bb el_class=\u00a0\u00bbabout-frames-col-4-2&Prime;]Nous aimerions remercier la Ville de Montr\u00e9al pour son appui exceptionnel tout au long de notre existence et da sa confiance renouvel\u00e9e envers notre organisation. Nous aimerions \u00e9galement remercier la communaut\u00e9 montr\u00e9alaise pour son soutien et sa g\u00e9n\u00e9rosit\u00e9 dont nous aurons besoin plus que jamais. Bien que n\u00e9cessaire, le d\u00e9m\u00e9nagement exigera beaucoup de nos ressources et nous aurons besoin de toute l\u2019aide possible pour poursuivre notre mission et ainsi aider la communaut\u00e9 \u00e0 \u00eatre un meilleur endroit pour des milliers de Montr\u00e9alais.[\/vc_column_text][vc_column_text css_animation=\u00a0\u00bbfadeInRight\u00a0\u00bb el_class=\u00a0\u00bbabout-frames-col-4-3&Prime;]<a style=\"color: #000;\" href=\"https:\/\/sunyouth.org\/make-a-donation\/\">Aidez-nous \u00e0 poursuivre notre travail!<\/a>[\/vc_column_text][\/vc_column][\/vc_row]<\/p>\n<\/div>","protected":false},"excerpt":{"rendered":"<p>[vc_row full_width=\u00a0\u00bbstretch_row\u00a0\u00bb content_placement=\u00a0\u00bbmiddle\u00a0\u00bb video_bg=\u00a0\u00bbyes\u00a0\u00bb video_bg_url=\u00a0\u00bbhttps:\/\/youtu.be\/bc65AHFioas\u00a0\u00bb css=\u00a0\u00bb.vc_custom_1550862840271{margin-bottom: 0px !important;background-image: url(https:\/\/sunyouth.org\/wp-content\/uploads\/2019\/02\/First-Image2.jpg?id=148873) !important;background-position: center !important;background-repeat: no-repeat !important;background-size: cover !important;}\u00a0\u00bb el_class=\u00a0\u00bbabout-page-header\u00a0\u00bb][vc_column css_animation=\u00a0\u00bbnone\u00a0\u00bb][vc_empty_space height=\u00a0\u00bb40px\u00a0\u00bb][vc_custom_heading text=\u00a0\u00bbTournoi de golf&#8230;<\/p>\n","protected":false},"author":23,"featured_media":0,"parent":0,"menu_order":0,"comment_status":"closed","ping_status":"closed","template":"","meta":{"_acf_changed":false,"_monsterinsights_skip_tracking":false,"_monsterinsights_sitenote_active":false,"_monsterinsights_sitenote_note":"","_monsterinsights_sitenote_category":0,"footnotes":""},"class_list":["post-151733","page","type-page","status-publish"],"acf":[],"yoast_head":"<!-- This site is optimized with the Yoast SEO plugin v27.4 - https:\/\/yoast.com\/product\/yoast-seo-wordpress\/ -->\n<title>Golf - Cyclothon 2019 backup - Jeunesse au soleil<\/title>\n<meta name=\"robots\" content=\"index, follow, max-snippet:-1, max-image-preview:large, max-video-preview:-1\" \/>\n<link rel=\"canonical\" href=\"https:\/\/sunyouth.org\/fr\/golf-cyclothon-2019-backup\/\" \/>\n<meta property=\"og:locale\" content=\"fr_FR\" \/>\n<meta property=\"og:type\" content=\"article\" \/>\n<meta property=\"og:title\" content=\"Golf - Cyclothon 2019 backup - Jeunesse au soleil\" \/>\n<meta property=\"og:description\" content=\"[vc_row full_width=\u00a0\u00bbstretch_row\u00a0\u00bb content_placement=\u00a0\u00bbmiddle\u00a0\u00bb video_bg=\u00a0\u00bbyes\u00a0\u00bb video_bg_url=\u00a0\u00bbhttps:\/\/youtu.be\/bc65AHFioas\u00a0\u00bb css=\u00a0\u00bb.vc_custom_1550862840271{margin-bottom: 0px !important;background-image: url(https:\/\/sunyouth.org\/wp-content\/uploads\/2019\/02\/First-Image2.jpg?id=148873) !important;background-position: center !important;background-repeat: no-repeat !important;background-size: cover !important;}\u00a0\u00bb el_class=\u00a0\u00bbabout-page-header\u00a0\u00bb][vc_column css_animation=\u00a0\u00bbnone\u00a0\u00bb][vc_empty_space height=\u00a0\u00bb40px\u00a0\u00bb][vc_custom_heading text=\u00a0\u00bbTournoi de golf...\" \/>\n<meta property=\"og:url\" content=\"https:\/\/sunyouth.org\/fr\/golf-cyclothon-2019-backup\/\" \/>\n<meta property=\"og:site_name\" content=\"Jeunesse au soleil\" \/>\n<meta name=\"twitter:card\" content=\"summary_large_image\" \/>\n<meta name=\"twitter:label1\" content=\"Dur\u00e9e de lecture estim\u00e9e\" \/>\n\t<meta name=\"twitter:data1\" content=\"11 minutes\" \/>\n<script type=\"application\/ld+json\" class=\"yoast-schema-graph\">{\"@context\":\"https:\\\/\\\/schema.org\",\"@graph\":[{\"@type\":\"WebPage\",\"@id\":\"https:\\\/\\\/sunyouth.org\\\/fr\\\/golf-cyclothon-2019-backup\\\/\",\"url\":\"https:\\\/\\\/sunyouth.org\\\/fr\\\/golf-cyclothon-2019-backup\\\/\",\"name\":\"Golf - Cyclothon 2019 backup - Jeunesse au soleil\",\"isPartOf\":{\"@id\":\"https:\\\/\\\/sunyouth.org\\\/#website\"},\"datePublished\":\"2019-02-24T16:38:40+00:00\",\"breadcrumb\":{\"@id\":\"https:\\\/\\\/sunyouth.org\\\/fr\\\/golf-cyclothon-2019-backup\\\/#breadcrumb\"},\"inLanguage\":\"fr-FR\",\"potentialAction\":[{\"@type\":\"ReadAction\",\"target\":[\"https:\\\/\\\/sunyouth.org\\\/fr\\\/golf-cyclothon-2019-backup\\\/\"]}]},{\"@type\":\"BreadcrumbList\",\"@id\":\"https:\\\/\\\/sunyouth.org\\\/fr\\\/golf-cyclothon-2019-backup\\\/#breadcrumb\",\"itemListElement\":[{\"@type\":\"ListItem\",\"position\":1,\"name\":\"Home\",\"item\":\"https:\\\/\\\/sunyouth.org\\\/fr\\\/\"},{\"@type\":\"ListItem\",\"position\":2,\"name\":\"Golf &#8211; Cyclothon 2019 backup\"}]},{\"@type\":\"WebSite\",\"@id\":\"https:\\\/\\\/sunyouth.org\\\/#website\",\"url\":\"https:\\\/\\\/sunyouth.org\\\/\",\"name\":\"Jeunesse au soleil\",\"description\":\"Dedicated since 1954!\",\"publisher\":{\"@id\":\"https:\\\/\\\/sunyouth.org\\\/#organization\"},\"potentialAction\":[{\"@type\":\"SearchAction\",\"target\":{\"@type\":\"EntryPoint\",\"urlTemplate\":\"https:\\\/\\\/sunyouth.org\\\/?s={search_term_string}\"},\"query-input\":{\"@type\":\"PropertyValueSpecification\",\"valueRequired\":true,\"valueName\":\"search_term_string\"}}],\"inLanguage\":\"fr-FR\"},{\"@type\":\"Organization\",\"@id\":\"https:\\\/\\\/sunyouth.org\\\/#organization\",\"name\":\"SUN YOUTH\",\"url\":\"https:\\\/\\\/sunyouth.org\\\/\",\"logo\":{\"@type\":\"ImageObject\",\"inLanguage\":\"fr-FR\",\"@id\":\"https:\\\/\\\/sunyouth.org\\\/#\\\/schema\\\/logo\\\/image\\\/\",\"url\":\"https:\\\/\\\/sunyouth.org\\\/wp-content\\\/uploads\\\/2018\\\/11\\\/LOGO-SUNYOUTH.png\",\"contentUrl\":\"https:\\\/\\\/sunyouth.org\\\/wp-content\\\/uploads\\\/2018\\\/11\\\/LOGO-SUNYOUTH.png\",\"width\":251,\"height\":251,\"caption\":\"SUN YOUTH\"},\"image\":{\"@id\":\"https:\\\/\\\/sunyouth.org\\\/#\\\/schema\\\/logo\\\/image\\\/\"}}]}<\/script>\n<!-- \/ Yoast SEO plugin. -->","yoast_head_json":{"title":"Golf - Cyclothon 2019 backup - Jeunesse au soleil","robots":{"index":"index","follow":"follow","max-snippet":"max-snippet:-1","max-image-preview":"max-image-preview:large","max-video-preview":"max-video-preview:-1"},"canonical":"https:\/\/sunyouth.org\/fr\/golf-cyclothon-2019-backup\/","og_locale":"fr_FR","og_type":"article","og_title":"Golf - Cyclothon 2019 backup - Jeunesse au soleil","og_description":"[vc_row full_width=\u00a0\u00bbstretch_row\u00a0\u00bb content_placement=\u00a0\u00bbmiddle\u00a0\u00bb video_bg=\u00a0\u00bbyes\u00a0\u00bb video_bg_url=\u00a0\u00bbhttps:\/\/youtu.be\/bc65AHFioas\u00a0\u00bb css=\u00a0\u00bb.vc_custom_1550862840271{margin-bottom: 0px !important;background-image: url(https:\/\/sunyouth.org\/wp-content\/uploads\/2019\/02\/First-Image2.jpg?id=148873) !important;background-position: center !important;background-repeat: no-repeat !important;background-size: cover !important;}\u00a0\u00bb el_class=\u00a0\u00bbabout-page-header\u00a0\u00bb][vc_column css_animation=\u00a0\u00bbnone\u00a0\u00bb][vc_empty_space height=\u00a0\u00bb40px\u00a0\u00bb][vc_custom_heading text=\u00a0\u00bbTournoi de golf...","og_url":"https:\/\/sunyouth.org\/fr\/golf-cyclothon-2019-backup\/","og_site_name":"Jeunesse au soleil","twitter_card":"summary_large_image","twitter_misc":{"Dur\u00e9e de lecture estim\u00e9e":"11 minutes"},"schema":{"@context":"https:\/\/schema.org","@graph":[{"@type":"WebPage","@id":"https:\/\/sunyouth.org\/fr\/golf-cyclothon-2019-backup\/","url":"https:\/\/sunyouth.org\/fr\/golf-cyclothon-2019-backup\/","name":"Golf - Cyclothon 2019 backup - Jeunesse au soleil","isPartOf":{"@id":"https:\/\/sunyouth.org\/#website"},"datePublished":"2019-02-24T16:38:40+00:00","breadcrumb":{"@id":"https:\/\/sunyouth.org\/fr\/golf-cyclothon-2019-backup\/#breadcrumb"},"inLanguage":"fr-FR","potentialAction":[{"@type":"ReadAction","target":["https:\/\/sunyouth.org\/fr\/golf-cyclothon-2019-backup\/"]}]},{"@type":"BreadcrumbList","@id":"https:\/\/sunyouth.org\/fr\/golf-cyclothon-2019-backup\/#breadcrumb","itemListElement":[{"@type":"ListItem","position":1,"name":"Home","item":"https:\/\/sunyouth.org\/fr\/"},{"@type":"ListItem","position":2,"name":"Golf &#8211; Cyclothon 2019 backup"}]},{"@type":"WebSite","@id":"https:\/\/sunyouth.org\/#website","url":"https:\/\/sunyouth.org\/","name":"Jeunesse au soleil","description":"Dedicated since 1954!","publisher":{"@id":"https:\/\/sunyouth.org\/#organization"},"potentialAction":[{"@type":"SearchAction","target":{"@type":"EntryPoint","urlTemplate":"https:\/\/sunyouth.org\/?s={search_term_string}"},"query-input":{"@type":"PropertyValueSpecification","valueRequired":true,"valueName":"search_term_string"}}],"inLanguage":"fr-FR"},{"@type":"Organization","@id":"https:\/\/sunyouth.org\/#organization","name":"SUN YOUTH","url":"https:\/\/sunyouth.org\/","logo":{"@type":"ImageObject","inLanguage":"fr-FR","@id":"https:\/\/sunyouth.org\/#\/schema\/logo\/image\/","url":"https:\/\/sunyouth.org\/wp-content\/uploads\/2018\/11\/LOGO-SUNYOUTH.png","contentUrl":"https:\/\/sunyouth.org\/wp-content\/uploads\/2018\/11\/LOGO-SUNYOUTH.png","width":251,"height":251,"caption":"SUN YOUTH"},"image":{"@id":"https:\/\/sunyouth.org\/#\/schema\/logo\/image\/"}}]}},"_links":{"self":[{"href":"https:\/\/sunyouth.org\/fr\/wp-json\/wp\/v2\/pages\/151733","targetHints":{"allow":["GET"]}}],"collection":[{"href":"https:\/\/sunyouth.org\/fr\/wp-json\/wp\/v2\/pages"}],"about":[{"href":"https:\/\/sunyouth.org\/fr\/wp-json\/wp\/v2\/types\/page"}],"author":[{"embeddable":true,"href":"https:\/\/sunyouth.org\/fr\/wp-json\/wp\/v2\/users\/23"}],"replies":[{"embeddable":true,"href":"https:\/\/sunyouth.org\/fr\/wp-json\/wp\/v2\/comments?post=151733"}],"version-history":[{"count":0,"href":"https:\/\/sunyouth.org\/fr\/wp-json\/wp\/v2\/pages\/151733\/revisions"}],"wp:attachment":[{"href":"https:\/\/sunyouth.org\/fr\/wp-json\/wp\/v2\/media?parent=151733"}],"curies":[{"name":"wp","href":"https:\/\/api.w.org\/{rel}","templated":true}]}}